{"id":1737,"date":"2018-11-28T14:22:57","date_gmt":"2018-11-28T14:22:57","guid":{"rendered":"https:\/\/www.zoom--in.it\/?page_id=1737"},"modified":"2018-11-28T17:32:17","modified_gmt":"2018-11-28T17:32:17","slug":"mondo","status":"publish","type":"page","link":"https:\/\/www.zoom--in.it\/index.php\/mondo\/","title":{"rendered":"Mondo"},"content":{"rendered":"\t\t<div data-elementor-type=\"wp-post\" data-elementor-id=\"1737\" class=\"elementor elementor-1737 elementor-bc-flex-widget\">\n\t\t\t\t\t\t<div class=\"elementor-inner\">\n\t\t\t\t<div class=\"elementor-section-wrap\">\n\t\t\t\t\t\t\t\t\t<section class=\"elementor-section elementor-top-section elementor-element elementor-element-4bf48a6 elementor-section-boxed elementor-section-height-default elementor-section-height-default\" data-id=\"4bf48a6\" data-element_type=\"section\">\n\t\t\t\t\t\t<div class=\"elementor-container elementor-column-gap-default\">\n\t\t\t\t\t\t\t<div class=\"elementor-row\">\n\t\t\t\t\t<div class=\"elementor-column elementor-col-100 elementor-top-column elementor-element elementor-element-ffa064e\" data-id=\"ffa064e\" data-element_type=\"column\">\n\t\t\t<div class=\"elementor-column-wrap elementor-element-populated\">\n\t\t\t\t\t\t\t<div class=\"elementor-widget-wrap\">\n\t\t\t\t\t\t<div class=\"elementor-element elementor-element-517df92 elementor-widget elementor-widget-heading\" data-id=\"517df92\" data-element_type=\"widget\" data-widget_type=\"heading.default\">\n\t\t\t\t<div class=\"elementor-widget-container\">\n\t\t\t<h1 class=\"elementor-heading-title elementor-size-xxl\">Mondo<\/h1>\t\t<\/div>\n\t\t\t\t<\/div>\n\t\t\t\t\t\t<\/div>\n\t\t\t\t\t<\/div>\n\t\t<\/div>\n\t\t\t\t\t\t\t\t<\/div>\n\t\t\t\t\t<\/div>\n\t\t<\/section>\n\t\t\t\t<section class=\"elementor-section elementor-top-section elementor-element elementor-element-9b13a9f elementor-section-boxed elementor-section-height-default elementor-section-height-default\" data-id=\"9b13a9f\" data-element_type=\"section\">\n\t\t\t\t\t\t<div class=\"elementor-container elementor-column-gap-default\">\n\t\t\t\t\t\t\t<div class=\"elementor-row\">\n\t\t\t\t\t<div class=\"elementor-column elementor-col-100 elementor-top-column elementor-element elementor-element-49fa8a0\" data-id=\"49fa8a0\" data-element_type=\"column\">\n\t\t\t<div class=\"elementor-column-wrap elementor-element-populated\">\n\t\t\t\t\t\t\t<div class=\"elementor-widget-wrap\">\n\t\t\t\t\t\t<div class=\"elementor-element elementor-element-6a5a98f elementor-widget elementor-widget-wp-widget-elegant_magazine_posts_carousel\" data-id=\"6a5a98f\" data-element_type=\"widget\" data-widget_type=\"wp-widget-elegant_magazine_posts_carousel.default\">\n\t\t\t\t<div class=\"elementor-widget-container\">\n\t\t\t                        <h2 class=\"widget-title\">\n                <span>IN EVIDENZA<\/span>\n            <\/h2>\n                                            <div class=\"posts-carousel\">\n                                        <div class=\"slick-item\">\n                            <figure class=\"carousel-image\">\n                                <div class=\"no-gutter-col banner-half\" data-mh=\"carousal-height\">\n                                    <figure class=\"featured-article\">\n                                        <div class=\"featured-article-wrapper\">\n                                            <div class=\"data-bg-hover data-bg-featured read-bg-img\">\n                                                <a class=\"em-figure-link\" href=\"https:\/\/www.zoom--in.it\/index.php\/2022\/07\/18\/stati-generali\/\">\n                                                    <img width=\"463\" height=\"300\" src=\"https:\/\/i0.wp.com\/www.zoom--in.it\/wp-content\/uploads\/2020\/06\/Stati-Generali.jpg?resize=463%2C300&amp;ssl=1\" class=\"attachment-elegant-magazine-medium size-elegant-magazine-medium wp-post-image\" alt=\"\" loading=\"lazy\" data-attachment-id=\"6752\" data-permalink=\"https:\/\/www.zoom--in.it\/index.php\/2022\/07\/18\/stati-generali\/stati-generali\/\" data-orig-file=\"https:\/\/i0.wp.com\/www.zoom--in.it\/wp-content\/uploads\/2020\/06\/Stati-Generali.jpg?fit=463%2C300&amp;ssl=1\" data-orig-size=\"463,300\" data-comments-opened=\"1\" data-image-meta=\"{&quot;aperture&quot;:&quot;0&quot;,&quot;credit&quot;:&quot;&quot;,&quot;camera&quot;:&quot;&quot;,&quot;caption&quot;:&quot;&quot;,&quot;created_timestamp&quot;:&quot;0&quot;,&quot;copyright&quot;:&quot;&quot;,&quot;focal_length&quot;:&quot;0&quot;,&quot;iso&quot;:&quot;0&quot;,&quot;shutter_speed&quot;:&quot;0&quot;,&quot;title&quot;:&quot;&quot;,&quot;orientation&quot;:&quot;0&quot;}\" data-image-title=\"Stati-Generali\" data-image-description=\"\" data-image-caption=\"\" data-medium-file=\"https:\/\/i0.wp.com\/www.zoom--in.it\/wp-content\/uploads\/2020\/06\/Stati-Generali.jpg?fit=300%2C194&amp;ssl=1\" data-large-file=\"https:\/\/i0.wp.com\/www.zoom--in.it\/wp-content\/uploads\/2020\/06\/Stati-Generali.jpg?fit=463%2C300&amp;ssl=1\" \/>                                                <\/a>\n                                                <div class=\"figure-categories figure-categories-1 figure-categories-bg\">\n                                                                                                        <span class=\"cat-links\"> <a href=\"https:\/\/www.zoom--in.it\/index.php\/category\/mondo\/\" rel=\"category tag\">Mondo<\/a><\/span>                                                <\/div>\n                                            <\/div>\n                                        <\/div>\n                                    <\/figure>\n\n                                    <figcaption>\n                                        <div class=\"title-heading\">\n                                            <h3 class=\"article-title article-title-1\">\n                                                <a href=\"https:\/\/www.zoom--in.it\/index.php\/2022\/07\/18\/stati-generali\/\">\n                                                    STATI GENERALI                                                <\/a>\n                                            <\/h3>\n                                        <\/div>\n                                        <div class=\"grid-item-metadata\">\n                                                    <span class=\"item-metadata posts-author\">\n            <span class=\"\">By<\/span>\n            <a href=\"https:\/\/www.zoom--in.it\/index.php\/author\/alois-walden-grassani\/\">\n                Alois Walden Grassani            <\/a>\n        <\/span>\n        <span class=\"\">\/<\/span>\n        <span class=\"item-metadata posts-date\">\n            Luglio 18, 2022        <\/span>\n                                                <\/div>\n                                    <\/figcaption>\n                                <\/div>\n                                <\/figcaption>\n                            <\/figure>\n                        <\/div>\n                                            <div class=\"slick-item\">\n                            <figure class=\"carousel-image\">\n                                <div class=\"no-gutter-col banner-half\" data-mh=\"carousal-height\">\n                                    <figure class=\"featured-article\">\n                                        <div class=\"featured-article-wrapper\">\n                                            <div class=\"data-bg-hover data-bg-featured read-bg-img\">\n                                                <a class=\"em-figure-link\" href=\"https:\/\/www.zoom--in.it\/index.php\/2022\/06\/18\/elementor-6823\/\">\n                                                    <img width=\"720\" height=\"380\" src=\"https:\/\/i0.wp.com\/www.zoom--in.it\/wp-content\/uploads\/2022\/06\/view-earth-from-moon_180633-851-5.webp?resize=720%2C380&amp;ssl=1\" class=\"attachment-elegant-magazine-medium size-elegant-magazine-medium wp-post-image\" alt=\"\" loading=\"lazy\" data-attachment-id=\"6835\" data-permalink=\"https:\/\/www.zoom--in.it\/index.php\/2022\/06\/18\/elementor-6823\/view-earth-from-moon_180633-851-5\/\" data-orig-file=\"https:\/\/i0.wp.com\/www.zoom--in.it\/wp-content\/uploads\/2022\/06\/view-earth-from-moon_180633-851-5.webp?fit=2000%2C1333&amp;ssl=1\" data-orig-size=\"2000,1333\" data-comments-opened=\"1\" data-image-meta=\"{&quot;aperture&quot;:&quot;0&quot;,&quot;credit&quot;:&quot;&quot;,&quot;camera&quot;:&quot;&quot;,&quot;caption&quot;:&quot;&quot;,&quot;created_timestamp&quot;:&quot;0&quot;,&quot;copyright&quot;:&quot;&quot;,&quot;focal_length&quot;:&quot;0&quot;,&quot;iso&quot;:&quot;0&quot;,&quot;shutter_speed&quot;:&quot;0&quot;,&quot;title&quot;:&quot;&quot;,&quot;orientation&quot;:&quot;0&quot;}\" data-image-title=\"Hearth\" data-image-description=\"\" data-image-caption=\"\" data-medium-file=\"https:\/\/i0.wp.com\/www.zoom--in.it\/wp-content\/uploads\/2022\/06\/view-earth-from-moon_180633-851-5.webp?fit=300%2C200&amp;ssl=1\" data-large-file=\"https:\/\/i0.wp.com\/www.zoom--in.it\/wp-content\/uploads\/2022\/06\/view-earth-from-moon_180633-851-5.webp?fit=640%2C426&amp;ssl=1\" \/>                                                <\/a>\n                                                <div class=\"figure-categories figure-categories-1 figure-categories-bg\">\n                                                                                                        <span class=\"cat-links\"> <a href=\"https:\/\/www.zoom--in.it\/index.php\/category\/mondo\/\" rel=\"category tag\">Mondo<\/a><\/span>                                                <\/div>\n                                            <\/div>\n                                        <\/div>\n                                    <\/figure>\n\n                                    <figcaption>\n                                        <div class=\"title-heading\">\n                                            <h3 class=\"article-title article-title-1\">\n                                                <a href=\"https:\/\/www.zoom--in.it\/index.php\/2022\/06\/18\/elementor-6823\/\">\n                                                    Due anni dopo&#8230;                                                <\/a>\n                                            <\/h3>\n                                        <\/div>\n                                        <div class=\"grid-item-metadata\">\n                                                    <span class=\"item-metadata posts-author\">\n            <span class=\"\">By<\/span>\n            <a href=\"https:\/\/www.zoom--in.it\/index.php\/author\/alois-walden-grassani\/\">\n                Alois Walden Grassani            <\/a>\n        <\/span>\n        <span class=\"\">\/<\/span>\n        <span class=\"item-metadata posts-date\">\n            Giugno 18, 2022        <\/span>\n                                                <\/div>\n                                    <\/figcaption>\n                                <\/div>\n                                <\/figcaption>\n                            <\/figure>\n                        <\/div>\n                                            <div class=\"slick-item\">\n                            <figure class=\"carousel-image\">\n                                <div class=\"no-gutter-col banner-half\" data-mh=\"carousal-height\">\n                                    <figure class=\"featured-article\">\n                                        <div class=\"featured-article-wrapper\">\n                                            <div class=\"data-bg-hover data-bg-featured read-bg-img\">\n                                                <a class=\"em-figure-link\" href=\"https:\/\/www.zoom--in.it\/index.php\/2020\/06\/20\/lettera-aperta-al-mondo-politico-e-a-quello-dellinformazione-no-allannessione-dei-territori-palestinesi-occupati\/\">\n                                                    <img width=\"512\" height=\"288\" src=\"https:\/\/i0.wp.com\/www.zoom--in.it\/wp-content\/uploads\/2020\/06\/\u00e0.jpg?resize=512%2C288&amp;ssl=1\" class=\"attachment-elegant-magazine-medium size-elegant-magazine-medium wp-post-image\" alt=\"\" loading=\"lazy\" data-attachment-id=\"6771\" data-permalink=\"https:\/\/www.zoom--in.it\/index.php\/2020\/06\/20\/lettera-aperta-al-mondo-politico-e-a-quello-dellinformazione-no-allannessione-dei-territori-palestinesi-occupati\/a-2\/\" data-orig-file=\"https:\/\/i0.wp.com\/www.zoom--in.it\/wp-content\/uploads\/2020\/06\/\u00e0.jpg?fit=512%2C288&amp;ssl=1\" data-orig-size=\"512,288\" data-comments-opened=\"1\" data-image-meta=\"{&quot;aperture&quot;:&quot;0&quot;,&quot;credit&quot;:&quot;&quot;,&quot;camera&quot;:&quot;&quot;,&quot;caption&quot;:&quot;&quot;,&quot;created_timestamp&quot;:&quot;0&quot;,&quot;copyright&quot;:&quot;&quot;,&quot;focal_length&quot;:&quot;0&quot;,&quot;iso&quot;:&quot;0&quot;,&quot;shutter_speed&quot;:&quot;0&quot;,&quot;title&quot;:&quot;&quot;,&quot;orientation&quot;:&quot;0&quot;}\" data-image-title=\"\u00e0\" data-image-description=\"\" data-image-caption=\"\" data-medium-file=\"https:\/\/i0.wp.com\/www.zoom--in.it\/wp-content\/uploads\/2020\/06\/\u00e0.jpg?fit=300%2C169&amp;ssl=1\" data-large-file=\"https:\/\/i0.wp.com\/www.zoom--in.it\/wp-content\/uploads\/2020\/06\/\u00e0.jpg?fit=512%2C288&amp;ssl=1\" \/>                                                <\/a>\n                                                <div class=\"figure-categories figure-categories-1 figure-categories-bg\">\n                                                                                                        <span class=\"cat-links\"> <a href=\"https:\/\/www.zoom--in.it\/index.php\/category\/mondo\/\" rel=\"category tag\">Mondo<\/a><\/span>                                                <\/div>\n                                            <\/div>\n                                        <\/div>\n                                    <\/figure>\n\n                                    <figcaption>\n                                        <div class=\"title-heading\">\n                                            <h3 class=\"article-title article-title-1\">\n                                                <a href=\"https:\/\/www.zoom--in.it\/index.php\/2020\/06\/20\/lettera-aperta-al-mondo-politico-e-a-quello-dellinformazione-no-allannessione-dei-territori-palestinesi-occupati\/\">\n                                                    LETTERA APERTA AL MONDO POLITICO E A QUELLO DELL\u2019INFORMAZIONE:  NO ALL\u2019ANNESSIONE DEI TERRITORI PALESTINESI OCCUPATI!                                                <\/a>\n                                            <\/h3>\n                                        <\/div>\n                                        <div class=\"grid-item-metadata\">\n                                                    <span class=\"item-metadata posts-author\">\n            <span class=\"\">By<\/span>\n            <a href=\"https:\/\/www.zoom--in.it\/index.php\/author\/zenalois_o704dnqj\/\">\n                Redazione            <\/a>\n        <\/span>\n        <span class=\"\">\/<\/span>\n        <span class=\"item-metadata posts-date\">\n            Giugno 20, 2020        <\/span>\n                                                <\/div>\n                                    <\/figcaption>\n                                <\/div>\n                                <\/figcaption>\n                            <\/figure>\n                        <\/div>\n                                            <div class=\"slick-item\">\n                            <figure class=\"carousel-image\">\n                                <div class=\"no-gutter-col banner-half\" data-mh=\"carousal-height\">\n                                    <figure class=\"featured-article\">\n                                        <div class=\"featured-article-wrapper\">\n                                            <div class=\"data-bg-hover data-bg-featured read-bg-img\">\n                                                <a class=\"em-figure-link\" href=\"https:\/\/www.zoom--in.it\/index.php\/2020\/06\/20\/la-follia-politica-in-brasile\/\">\n                                                    <img width=\"700\" height=\"380\" src=\"https:\/\/i0.wp.com\/www.zoom--in.it\/wp-content\/uploads\/2020\/06\/000568AC-il-presidente-del-brasile-jair-bolsonaro.jpg?resize=700%2C380&amp;ssl=1\" class=\"attachment-elegant-magazine-medium size-elegant-magazine-medium wp-post-image\" alt=\"\" loading=\"lazy\" data-attachment-id=\"6762\" data-permalink=\"https:\/\/www.zoom--in.it\/index.php\/2020\/06\/20\/la-follia-politica-in-brasile\/000568ac-il-presidente-del-brasile-jair-bolsonaro\/\" data-orig-file=\"https:\/\/i0.wp.com\/www.zoom--in.it\/wp-content\/uploads\/2020\/06\/000568AC-il-presidente-del-brasile-jair-bolsonaro.jpg?fit=700%2C410&amp;ssl=1\" data-orig-size=\"700,410\" data-comments-opened=\"1\" data-image-meta=\"{&quot;aperture&quot;:&quot;0&quot;,&quot;credit&quot;:&quot;&quot;,&quot;camera&quot;:&quot;&quot;,&quot;caption&quot;:&quot;&quot;,&quot;created_timestamp&quot;:&quot;0&quot;,&quot;copyright&quot;:&quot;&quot;,&quot;focal_length&quot;:&quot;0&quot;,&quot;iso&quot;:&quot;0&quot;,&quot;shutter_speed&quot;:&quot;0&quot;,&quot;title&quot;:&quot;&quot;,&quot;orientation&quot;:&quot;0&quot;}\" data-image-title=\"000568AC-il-presidente-del-brasile-jair-bolsonaro\" data-image-description=\"\" data-image-caption=\"\" data-medium-file=\"https:\/\/i0.wp.com\/www.zoom--in.it\/wp-content\/uploads\/2020\/06\/000568AC-il-presidente-del-brasile-jair-bolsonaro.jpg?fit=300%2C176&amp;ssl=1\" data-large-file=\"https:\/\/i0.wp.com\/www.zoom--in.it\/wp-content\/uploads\/2020\/06\/000568AC-il-presidente-del-brasile-jair-bolsonaro.jpg?fit=640%2C375&amp;ssl=1\" \/>                                                <\/a>\n                                                <div class=\"figure-categories figure-categories-1 figure-categories-bg\">\n                                                                                                        <span class=\"cat-links\"> <a href=\"https:\/\/www.zoom--in.it\/index.php\/category\/mondo\/\" rel=\"category tag\">Mondo<\/a><\/span>                                                <\/div>\n                                            <\/div>\n                                        <\/div>\n                                    <\/figure>\n\n                                    <figcaption>\n                                        <div class=\"title-heading\">\n                                            <h3 class=\"article-title article-title-1\">\n                                                <a href=\"https:\/\/www.zoom--in.it\/index.php\/2020\/06\/20\/la-follia-politica-in-brasile\/\">\n                                                    La follia politica in Brasile.                                                <\/a>\n                                            <\/h3>\n                                        <\/div>\n                                        <div class=\"grid-item-metadata\">\n                                                    <span class=\"item-metadata posts-author\">\n            <span class=\"\">By<\/span>\n            <a href=\"https:\/\/www.zoom--in.it\/index.php\/author\/silvestro-montanaro\/\">\n                Silvestro Montanaro            <\/a>\n        <\/span>\n        <span class=\"\">\/<\/span>\n        <span class=\"item-metadata posts-date\">\n            Giugno 20, 2020        <\/span>\n                                                <\/div>\n                                    <\/figcaption>\n                                <\/div>\n                                <\/figcaption>\n                            <\/figure>\n                        <\/div>\n                                            <div class=\"slick-item\">\n                            <figure class=\"carousel-image\">\n                                <div class=\"no-gutter-col banner-half\" data-mh=\"carousal-height\">\n                                    <figure class=\"featured-article\">\n                                        <div class=\"featured-article-wrapper\">\n                                            <div class=\"data-bg-hover data-bg-featured read-bg-img\">\n                                                <a class=\"em-figure-link\" href=\"https:\/\/www.zoom--in.it\/index.php\/2019\/12\/17\/ciclismo-bandiera-nera\/\">\n                                                    <img width=\"720\" height=\"380\" src=\"https:\/\/i0.wp.com\/www.zoom--in.it\/wp-content\/uploads\/2019\/12\/Edo-Maas.jpg?resize=720%2C380&amp;ssl=1\" class=\"attachment-elegant-magazine-medium size-elegant-magazine-medium wp-post-image\" alt=\"\" loading=\"lazy\" data-attachment-id=\"6683\" data-permalink=\"https:\/\/www.zoom--in.it\/index.php\/2019\/12\/17\/ciclismo-bandiera-nera\/edo-maas\/\" data-orig-file=\"https:\/\/i0.wp.com\/www.zoom--in.it\/wp-content\/uploads\/2019\/12\/Edo-Maas.jpg?fit=2001%2C1332&amp;ssl=1\" data-orig-size=\"2001,1332\" data-comments-opened=\"1\" data-image-meta=\"{&quot;aperture&quot;:&quot;3.2&quot;,&quot;credit&quot;:&quot;Vincent Riemersma&quot;,&quot;camera&quot;:&quot;NIKON D5&quot;,&quot;caption&quot;:&quot;&quot;,&quot;created_timestamp&quot;:&quot;1550062137&quot;,&quot;copyright&quot;:&quot;Copyright 2017 Vincent Riemersma_&quot;,&quot;focal_length&quot;:&quot;400&quot;,&quot;iso&quot;:&quot;200&quot;,&quot;shutter_speed&quot;:&quot;0.0003125&quot;,&quot;title&quot;:&quot;&quot;,&quot;orientation&quot;:&quot;1&quot;}\" data-image-title=\"Edo-Maas\" data-image-description=\"\" data-image-caption=\"\" data-medium-file=\"https:\/\/i0.wp.com\/www.zoom--in.it\/wp-content\/uploads\/2019\/12\/Edo-Maas.jpg?fit=300%2C200&amp;ssl=1\" data-large-file=\"https:\/\/i0.wp.com\/www.zoom--in.it\/wp-content\/uploads\/2019\/12\/Edo-Maas.jpg?fit=640%2C426&amp;ssl=1\" \/>                                                <\/a>\n                                                <div class=\"figure-categories figure-categories-1 figure-categories-bg\">\n                                                                                                        <span class=\"cat-links\"> <a href=\"https:\/\/www.zoom--in.it\/index.php\/category\/mondo\/\" rel=\"category tag\">Mondo<\/a><\/span>                                                <\/div>\n                                            <\/div>\n                                        <\/div>\n                                    <\/figure>\n\n                                    <figcaption>\n                                        <div class=\"title-heading\">\n                                            <h3 class=\"article-title article-title-1\">\n                                                <a href=\"https:\/\/www.zoom--in.it\/index.php\/2019\/12\/17\/ciclismo-bandiera-nera\/\">\n                                                    CICLISMO BANDIERA  NERA                                                <\/a>\n                                            <\/h3>\n                                        <\/div>\n                                        <div class=\"grid-item-metadata\">\n                                                    <span class=\"item-metadata posts-author\">\n            <span class=\"\">By<\/span>\n            <a href=\"https:\/\/www.zoom--in.it\/index.php\/author\/zenalois_o704dnqj\/\">\n                Redazione            <\/a>\n        <\/span>\n        <span class=\"\">\/<\/span>\n        <span class=\"item-metadata posts-date\">\n            Dicembre 17, 2019        <\/span>\n                                                <\/div>\n                                    <\/figcaption>\n                                <\/div>\n                                <\/figcaption>\n                            <\/figure>\n                        <\/div>\n                                <\/div>\n\n            \t\t<\/div>\n\t\t\t\t<\/div>\n\t\t\t\t\t\t<\/div>\n\t\t\t\t\t<\/div>\n\t\t<\/div>\n\t\t\t\t\t\t\t\t<\/div>\n\t\t\t\t\t<\/div>\n\t\t<\/section>\n\t\t\t\t<section class=\"elementor-section elementor-top-section elementor-element elementor-element-3533fa9 elementor-section-stretched elementor-section-full_width elementor-section-height-default elementor-section-height-default\" data-id=\"3533fa9\" data-element_type=\"section\" data-settings=\"{&quot;stretch_section&quot;:&quot;section-stretched&quot;}\">\n\t\t\t\t\t\t<div class=\"elementor-container elementor-column-gap-default\">\n\t\t\t\t\t\t\t<div class=\"elementor-row\">\n\t\t\t\t\t<div class=\"elementor-column elementor-col-100 elementor-top-column elementor-element elementor-element-5c7577a\" data-id=\"5c7577a\" data-element_type=\"column\">\n\t\t\t<div class=\"elementor-column-wrap elementor-element-populated\">\n\t\t\t\t\t\t\t<div class=\"elementor-widget-wrap\">\n\t\t\t\t\t\t<div class=\"elementor-element elementor-element-7c937e0 elementor-widget elementor-widget-image\" data-id=\"7c937e0\" data-element_type=\"widget\" data-widget_type=\"image.default\">\n\t\t\t\t<div class=\"elementor-widget-container\">\n\t\t\t\t\t\t\t\t<div class=\"elementor-image\">\n\t\t\t\t\t\t\t\t\t\t\t\t<img src=\"https:\/\/i0.wp.com\/www.zoom--in.it\/wp-content\/uploads\/2018\/11\/2.png?fit=1146%2C67&amp;ssl=1\" title=\"2\" alt=\"2\" \/>\t\t\t\t\t\t\t\t\t\t\t\t\t\t<\/div>\n\t\t\t\t\t\t<\/div>\n\t\t\t\t<\/div>\n\t\t\t\t\t\t<\/div>\n\t\t\t\t\t<\/div>\n\t\t<\/div>\n\t\t\t\t\t\t\t\t<\/div>\n\t\t\t\t\t<\/div>\n\t\t<\/section>\n\t\t\t\t<section class=\"elementor-section elementor-top-section elementor-element elementor-element-1bd2d7d elementor-section-boxed elementor-section-height-default elementor-section-height-default\" data-id=\"1bd2d7d\" data-element_type=\"section\">\n\t\t\t\t\t\t<div class=\"elementor-container elementor-column-gap-default\">\n\t\t\t\t\t\t\t<div class=\"elementor-row\">\n\t\t\t\t\t<div class=\"elementor-column elementor-col-100 elementor-top-column elementor-element elementor-element-174200c\" data-id=\"174200c\" data-element_type=\"column\">\n\t\t\t<div class=\"elementor-column-wrap elementor-element-populated\">\n\t\t\t\t\t\t\t<div class=\"elementor-widget-wrap\">\n\t\t\t\t\t\t<div class=\"elementor-element elementor-element-14cbd84 elementor-widget elementor-widget-html\" data-id=\"14cbd84\" data-element_type=\"widget\" data-widget_type=\"html.default\">\n\t\t\t\t<div class=\"elementor-widget-container\">\n\t\t\t<div class=\"pt-cv-wrapper\"><div class=\"pt-cv-view pt-cv-grid pt-cv-colsys\" id=\"pt-cv-view-5663e6cd1p\"><div data-id=\"pt-cv-page-1\" class=\"pt-cv-page\" data-cvc=\"2\"><div class=\"col-md-6 col-sm-6 col-xs-12 pt-cv-content-item pt-cv-2-col\" ><div class='pt-cv-ifield'><a href=\"https:\/\/www.zoom--in.it\/index.php\/2022\/07\/18\/stati-generali\/\" class=\"_self pt-cv-href-thumbnail pt-cv-thumb-left\" target=\"_self\" ><img width=\"150\" height=\"150\" src=\"https:\/\/i0.wp.com\/www.zoom--in.it\/wp-content\/uploads\/2020\/06\/Stati-Generali.jpg?resize=150%2C150&amp;ssl=1\" class=\"pt-cv-thumbnail pull-left\" alt=\"\" loading=\"lazy\" data-attachment-id=\"6752\" data-permalink=\"https:\/\/www.zoom--in.it\/index.php\/2022\/07\/18\/stati-generali\/stati-generali\/\" data-orig-file=\"https:\/\/i0.wp.com\/www.zoom--in.it\/wp-content\/uploads\/2020\/06\/Stati-Generali.jpg?fit=463%2C300&amp;ssl=1\" data-orig-size=\"463,300\" data-comments-opened=\"1\" data-image-meta=\"{&quot;aperture&quot;:&quot;0&quot;,&quot;credit&quot;:&quot;&quot;,&quot;camera&quot;:&quot;&quot;,&quot;caption&quot;:&quot;&quot;,&quot;created_timestamp&quot;:&quot;0&quot;,&quot;copyright&quot;:&quot;&quot;,&quot;focal_length&quot;:&quot;0&quot;,&quot;iso&quot;:&quot;0&quot;,&quot;shutter_speed&quot;:&quot;0&quot;,&quot;title&quot;:&quot;&quot;,&quot;orientation&quot;:&quot;0&quot;}\" data-image-title=\"Stati-Generali\" data-image-description=\"\" data-image-caption=\"\" data-medium-file=\"https:\/\/i0.wp.com\/www.zoom--in.it\/wp-content\/uploads\/2020\/06\/Stati-Generali.jpg?fit=300%2C194&amp;ssl=1\" data-large-file=\"https:\/\/i0.wp.com\/www.zoom--in.it\/wp-content\/uploads\/2020\/06\/Stati-Generali.jpg?fit=300%2C300&amp;ssl=1\" \/><\/a>\n<h4 class=\"pt-cv-title\"><a href=\"https:\/\/www.zoom--in.it\/index.php\/2022\/07\/18\/stati-generali\/\" class=\"_self\" target=\"_self\" >STATI GENERALI<\/a><\/h4>\n<div class=\"pt-cv-content\">STATI GENERALI Cosa sono gli Stati Generali? a cosa servono? Tale definizione fa riferimento ad un\u2019antica organizzazione istituzionale del periodo ...<br \/><a href=\"https:\/\/www.zoom--in.it\/index.php\/2022\/07\/18\/stati-generali\/\" class=\"_self pt-cv-readmore btn btn-success\" target=\"_self\">Leggi Tutto<\/a><\/div><\/div><\/div>\n<div class=\"col-md-6 col-sm-6 col-xs-12 pt-cv-content-item pt-cv-2-col\" ><div class='pt-cv-ifield'><a href=\"https:\/\/www.zoom--in.it\/index.php\/2022\/06\/18\/elementor-6823\/\" class=\"_self pt-cv-href-thumbnail pt-cv-thumb-left\" target=\"_self\" ><img width=\"150\" height=\"150\" src=\"https:\/\/i0.wp.com\/www.zoom--in.it\/wp-content\/uploads\/2022\/06\/view-earth-from-moon_180633-851-5.webp?resize=150%2C150&amp;ssl=1\" class=\"pt-cv-thumbnail pull-left\" alt=\"\" loading=\"lazy\" data-attachment-id=\"6835\" data-permalink=\"https:\/\/www.zoom--in.it\/index.php\/2022\/06\/18\/elementor-6823\/view-earth-from-moon_180633-851-5\/\" data-orig-file=\"https:\/\/i0.wp.com\/www.zoom--in.it\/wp-content\/uploads\/2022\/06\/view-earth-from-moon_180633-851-5.webp?fit=2000%2C1333&amp;ssl=1\" data-orig-size=\"2000,1333\" data-comments-opened=\"1\" data-image-meta=\"{&quot;aperture&quot;:&quot;0&quot;,&quot;credit&quot;:&quot;&quot;,&quot;camera&quot;:&quot;&quot;,&quot;caption&quot;:&quot;&quot;,&quot;created_timestamp&quot;:&quot;0&quot;,&quot;copyright&quot;:&quot;&quot;,&quot;focal_length&quot;:&quot;0&quot;,&quot;iso&quot;:&quot;0&quot;,&quot;shutter_speed&quot;:&quot;0&quot;,&quot;title&quot;:&quot;&quot;,&quot;orientation&quot;:&quot;0&quot;}\" data-image-title=\"Hearth\" data-image-description=\"\" data-image-caption=\"\" data-medium-file=\"https:\/\/i0.wp.com\/www.zoom--in.it\/wp-content\/uploads\/2022\/06\/view-earth-from-moon_180633-851-5.webp?fit=300%2C200&amp;ssl=1\" data-large-file=\"https:\/\/i0.wp.com\/www.zoom--in.it\/wp-content\/uploads\/2022\/06\/view-earth-from-moon_180633-851-5.webp?fit=640%2C426&amp;ssl=1\" \/><\/a>\n<h4 class=\"pt-cv-title\"><a href=\"https:\/\/www.zoom--in.it\/index.php\/2022\/06\/18\/elementor-6823\/\" class=\"_self\" target=\"_self\" >Due anni dopo&#8230;<\/a><\/h4>\n<div class=\"pt-cv-content\">Due anni dopo... \u2026ritorniamo a scrivere. Sono stati due anni di \u201cprigionia sanitaria\u201d. La verifica politica di cui parlavamo nel ...<br \/><a href=\"https:\/\/www.zoom--in.it\/index.php\/2022\/06\/18\/elementor-6823\/\" class=\"_self pt-cv-readmore btn btn-success\" target=\"_self\">Leggi Tutto<\/a><\/div><\/div><\/div>\n<div class=\"col-md-6 col-sm-6 col-xs-12 pt-cv-content-item pt-cv-2-col\" ><div class='pt-cv-ifield'><a href=\"https:\/\/www.zoom--in.it\/index.php\/2020\/06\/20\/lettera-aperta-al-mondo-politico-e-a-quello-dellinformazione-no-allannessione-dei-territori-palestinesi-occupati\/\" class=\"_self pt-cv-href-thumbnail pt-cv-thumb-left\" target=\"_self\" ><img width=\"150\" height=\"150\" src=\"https:\/\/i0.wp.com\/www.zoom--in.it\/wp-content\/uploads\/2020\/06\/\u00e0.jpg?resize=150%2C150&amp;ssl=1\" class=\"pt-cv-thumbnail pull-left\" alt=\"\" loading=\"lazy\" data-attachment-id=\"6771\" data-permalink=\"https:\/\/www.zoom--in.it\/index.php\/2020\/06\/20\/lettera-aperta-al-mondo-politico-e-a-quello-dellinformazione-no-allannessione-dei-territori-palestinesi-occupati\/a-2\/\" data-orig-file=\"https:\/\/i0.wp.com\/www.zoom--in.it\/wp-content\/uploads\/2020\/06\/\u00e0.jpg?fit=512%2C288&amp;ssl=1\" data-orig-size=\"512,288\" data-comments-opened=\"1\" data-image-meta=\"{&quot;aperture&quot;:&quot;0&quot;,&quot;credit&quot;:&quot;&quot;,&quot;camera&quot;:&quot;&quot;,&quot;caption&quot;:&quot;&quot;,&quot;created_timestamp&quot;:&quot;0&quot;,&quot;copyright&quot;:&quot;&quot;,&quot;focal_length&quot;:&quot;0&quot;,&quot;iso&quot;:&quot;0&quot;,&quot;shutter_speed&quot;:&quot;0&quot;,&quot;title&quot;:&quot;&quot;,&quot;orientation&quot;:&quot;0&quot;}\" data-image-title=\"\u00e0\" data-image-description=\"\" data-image-caption=\"\" data-medium-file=\"https:\/\/i0.wp.com\/www.zoom--in.it\/wp-content\/uploads\/2020\/06\/\u00e0.jpg?fit=300%2C169&amp;ssl=1\" data-large-file=\"https:\/\/i0.wp.com\/www.zoom--in.it\/wp-content\/uploads\/2020\/06\/\u00e0.jpg?fit=288%2C288&amp;ssl=1\" \/><\/a>\n<h4 class=\"pt-cv-title\"><a href=\"https:\/\/www.zoom--in.it\/index.php\/2020\/06\/20\/lettera-aperta-al-mondo-politico-e-a-quello-dellinformazione-no-allannessione-dei-territori-palestinesi-occupati\/\" class=\"_self\" target=\"_self\" >LETTERA APERTA AL MONDO POLITICO E A QUELLO DELL\u2019INFORMAZIONE:  NO ALL\u2019ANNESSIONE DEI TERRITORI PALESTINESI OCCUPATI!<\/a><\/h4>\n<div class=\"pt-cv-content\">LETTERA APERTA AL MONDO POLITICO E A QUELLO DELL\u2019INFORMAZIONE: NO ALL\u2019ANNESSIONE DEI TERRITORI PALESTINESI OCCUPATI! L\u2019amministrazione USA guidata dal presidente ...<br \/><a href=\"https:\/\/www.zoom--in.it\/index.php\/2020\/06\/20\/lettera-aperta-al-mondo-politico-e-a-quello-dellinformazione-no-allannessione-dei-territori-palestinesi-occupati\/\" class=\"_self pt-cv-readmore btn btn-success\" target=\"_self\">Leggi Tutto<\/a><\/div><\/div><\/div>\n<div class=\"col-md-6 col-sm-6 col-xs-12 pt-cv-content-item pt-cv-2-col\" ><div class='pt-cv-ifield'><a href=\"https:\/\/www.zoom--in.it\/index.php\/2020\/06\/20\/la-follia-politica-in-brasile\/\" class=\"_self pt-cv-href-thumbnail pt-cv-thumb-left\" target=\"_self\" ><img width=\"150\" height=\"150\" src=\"https:\/\/i0.wp.com\/www.zoom--in.it\/wp-content\/uploads\/2020\/06\/000568AC-il-presidente-del-brasile-jair-bolsonaro.jpg?resize=150%2C150&amp;ssl=1\" class=\"pt-cv-thumbnail pull-left\" alt=\"\" loading=\"lazy\" data-attachment-id=\"6762\" data-permalink=\"https:\/\/www.zoom--in.it\/index.php\/2020\/06\/20\/la-follia-politica-in-brasile\/000568ac-il-presidente-del-brasile-jair-bolsonaro\/\" data-orig-file=\"https:\/\/i0.wp.com\/www.zoom--in.it\/wp-content\/uploads\/2020\/06\/000568AC-il-presidente-del-brasile-jair-bolsonaro.jpg?fit=700%2C410&amp;ssl=1\" data-orig-size=\"700,410\" data-comments-opened=\"1\" data-image-meta=\"{&quot;aperture&quot;:&quot;0&quot;,&quot;credit&quot;:&quot;&quot;,&quot;camera&quot;:&quot;&quot;,&quot;caption&quot;:&quot;&quot;,&quot;created_timestamp&quot;:&quot;0&quot;,&quot;copyright&quot;:&quot;&quot;,&quot;focal_length&quot;:&quot;0&quot;,&quot;iso&quot;:&quot;0&quot;,&quot;shutter_speed&quot;:&quot;0&quot;,&quot;title&quot;:&quot;&quot;,&quot;orientation&quot;:&quot;0&quot;}\" data-image-title=\"000568AC-il-presidente-del-brasile-jair-bolsonaro\" data-image-description=\"\" data-image-caption=\"\" data-medium-file=\"https:\/\/i0.wp.com\/www.zoom--in.it\/wp-content\/uploads\/2020\/06\/000568AC-il-presidente-del-brasile-jair-bolsonaro.jpg?fit=300%2C176&amp;ssl=1\" data-large-file=\"https:\/\/i0.wp.com\/www.zoom--in.it\/wp-content\/uploads\/2020\/06\/000568AC-il-presidente-del-brasile-jair-bolsonaro.jpg?fit=410%2C410&amp;ssl=1\" \/><\/a>\n<h4 class=\"pt-cv-title\"><a href=\"https:\/\/www.zoom--in.it\/index.php\/2020\/06\/20\/la-follia-politica-in-brasile\/\" class=\"_self\" target=\"_self\" >La follia politica in Brasile.<\/a><\/h4>\n<div class=\"pt-cv-content\">La follia politica in Brasile. Nelson Teich, nominato ministro della salute in Brasile appena un mese fa, ha deciso di ...<br \/><a href=\"https:\/\/www.zoom--in.it\/index.php\/2020\/06\/20\/la-follia-politica-in-brasile\/\" class=\"_self pt-cv-readmore btn btn-success\" target=\"_self\">Leggi Tutto<\/a><\/div><\/div><\/div>\n<div class=\"col-md-6 col-sm-6 col-xs-12 pt-cv-content-item pt-cv-2-col\" ><div class='pt-cv-ifield'><a href=\"https:\/\/www.zoom--in.it\/index.php\/2019\/12\/17\/ciclismo-bandiera-nera\/\" class=\"_self pt-cv-href-thumbnail pt-cv-thumb-left\" target=\"_self\" ><img width=\"150\" height=\"150\" src=\"https:\/\/i0.wp.com\/www.zoom--in.it\/wp-content\/uploads\/2019\/12\/Edo-Maas.jpg?resize=150%2C150&amp;ssl=1\" class=\"pt-cv-thumbnail pull-left\" alt=\"\" loading=\"lazy\" data-attachment-id=\"6683\" data-permalink=\"https:\/\/www.zoom--in.it\/index.php\/2019\/12\/17\/ciclismo-bandiera-nera\/edo-maas\/\" data-orig-file=\"https:\/\/i0.wp.com\/www.zoom--in.it\/wp-content\/uploads\/2019\/12\/Edo-Maas.jpg?fit=2001%2C1332&amp;ssl=1\" data-orig-size=\"2001,1332\" data-comments-opened=\"1\" data-image-meta=\"{&quot;aperture&quot;:&quot;3.2&quot;,&quot;credit&quot;:&quot;Vincent Riemersma&quot;,&quot;camera&quot;:&quot;NIKON D5&quot;,&quot;caption&quot;:&quot;&quot;,&quot;created_timestamp&quot;:&quot;1550062137&quot;,&quot;copyright&quot;:&quot;Copyright 2017 Vincent Riemersma_&quot;,&quot;focal_length&quot;:&quot;400&quot;,&quot;iso&quot;:&quot;200&quot;,&quot;shutter_speed&quot;:&quot;0.0003125&quot;,&quot;title&quot;:&quot;&quot;,&quot;orientation&quot;:&quot;1&quot;}\" data-image-title=\"Edo-Maas\" data-image-description=\"\" data-image-caption=\"\" data-medium-file=\"https:\/\/i0.wp.com\/www.zoom--in.it\/wp-content\/uploads\/2019\/12\/Edo-Maas.jpg?fit=300%2C200&amp;ssl=1\" data-large-file=\"https:\/\/i0.wp.com\/www.zoom--in.it\/wp-content\/uploads\/2019\/12\/Edo-Maas.jpg?fit=640%2C426&amp;ssl=1\" \/><\/a>\n<h4 class=\"pt-cv-title\"><a href=\"https:\/\/www.zoom--in.it\/index.php\/2019\/12\/17\/ciclismo-bandiera-nera\/\" class=\"_self\" target=\"_self\" >CICLISMO BANDIERA  NERA<\/a><\/h4>\n<div class=\"pt-cv-content\">CICLISMO BANDIERA NERA Ciclismo:Mesi travagliati.Da poche settimane ci aveva lasciato l\u2019indimenticato Felice Gimondi, un vero Signore della due ruote. Il ...<br \/><a href=\"https:\/\/www.zoom--in.it\/index.php\/2019\/12\/17\/ciclismo-bandiera-nera\/\" class=\"_self pt-cv-readmore btn btn-success\" target=\"_self\">Leggi Tutto<\/a><\/div><\/div><\/div>\n<div class=\"col-md-6 col-sm-6 col-xs-12 pt-cv-content-item pt-cv-2-col\" ><div class='pt-cv-ifield'><a href=\"https:\/\/www.zoom--in.it\/index.php\/2019\/08\/06\/partenze-intelligenti\/\" class=\"_self pt-cv-href-thumbnail pt-cv-thumb-left\" target=\"_self\" ><img width=\"150\" height=\"150\" src=\"https:\/\/i0.wp.com\/www.zoom--in.it\/wp-content\/uploads\/2019\/08\/Autostrada....jpg?resize=150%2C150&amp;ssl=1\" class=\"pt-cv-thumbnail pull-left\" alt=\"\" loading=\"lazy\" data-attachment-id=\"6498\" data-permalink=\"https:\/\/www.zoom--in.it\/index.php\/2019\/08\/06\/partenze-intelligenti\/autostrada\/\" data-orig-file=\"https:\/\/i0.wp.com\/www.zoom--in.it\/wp-content\/uploads\/2019\/08\/Autostrada....jpg?fit=728%2C485&amp;ssl=1\" data-orig-size=\"728,485\" data-comments-opened=\"1\" data-image-meta=\"{&quot;aperture&quot;:&quot;0&quot;,&quot;credit&quot;:&quot;&quot;,&quot;camera&quot;:&quot;&quot;,&quot;caption&quot;:&quot;&quot;,&quot;created_timestamp&quot;:&quot;0&quot;,&quot;copyright&quot;:&quot;&quot;,&quot;focal_length&quot;:&quot;0&quot;,&quot;iso&quot;:&quot;0&quot;,&quot;shutter_speed&quot;:&quot;0&quot;,&quot;title&quot;:&quot;&quot;,&quot;orientation&quot;:&quot;0&quot;}\" data-image-title=\"Autostrada&#8230;\" data-image-description=\"\" data-image-caption=\"\" data-medium-file=\"https:\/\/i0.wp.com\/www.zoom--in.it\/wp-content\/uploads\/2019\/08\/Autostrada....jpg?fit=300%2C200&amp;ssl=1\" data-large-file=\"https:\/\/i0.wp.com\/www.zoom--in.it\/wp-content\/uploads\/2019\/08\/Autostrada....jpg?fit=485%2C485&amp;ssl=1\" \/><\/a>\n<h4 class=\"pt-cv-title\"><a href=\"https:\/\/www.zoom--in.it\/index.php\/2019\/08\/06\/partenze-intelligenti\/\" class=\"_self\" target=\"_self\" >Partenze intelligenti<\/a><\/h4>\n<div class=\"pt-cv-content\">PARTENZE INTELLIGENTI \u2026Autostrada Kabul-Jalalabad \u2013 AfghanistanQualche buontempone la chiama \"autostrada Kabul-Jalalabad\": consente di entrare o uscire da Jalalabad, in Afghanistan ...<br \/><a href=\"https:\/\/www.zoom--in.it\/index.php\/2019\/08\/06\/partenze-intelligenti\/\" class=\"_self pt-cv-readmore btn btn-success\" target=\"_self\">Leggi Tutto<\/a><\/div><\/div><\/div>\n<div class=\"col-md-6 col-sm-6 col-xs-12 pt-cv-content-item pt-cv-2-col\" ><div class='pt-cv-ifield'><a href=\"https:\/\/www.zoom--in.it\/index.php\/2019\/07\/31\/usa-messico-laltalena-rosa-che-abbatte-le-barriere-muro-trasformato-in-parco-giochi\/\" class=\"_self pt-cv-href-thumbnail pt-cv-thumb-left\" target=\"_self\" ><img width=\"150\" height=\"150\" src=\"https:\/\/i0.wp.com\/www.zoom--in.it\/wp-content\/uploads\/2019\/07\/altalena-1-950x684.jpg?resize=150%2C150&amp;ssl=1\" class=\"pt-cv-thumbnail pull-left\" alt=\"\" loading=\"lazy\" data-attachment-id=\"6490\" data-permalink=\"https:\/\/www.zoom--in.it\/index.php\/2019\/07\/31\/usa-messico-laltalena-rosa-che-abbatte-le-barriere-muro-trasformato-in-parco-giochi\/altalena-1-950x684\/\" data-orig-file=\"https:\/\/i0.wp.com\/www.zoom--in.it\/wp-content\/uploads\/2019\/07\/altalena-1-950x684.jpg?fit=950%2C684&amp;ssl=1\" data-orig-size=\"950,684\" data-comments-opened=\"1\" data-image-meta=\"{&quot;aperture&quot;:&quot;0&quot;,&quot;credit&quot;:&quot;&quot;,&quot;camera&quot;:&quot;&quot;,&quot;caption&quot;:&quot;&quot;,&quot;created_timestamp&quot;:&quot;0&quot;,&quot;copyright&quot;:&quot;&quot;,&quot;focal_length&quot;:&quot;0&quot;,&quot;iso&quot;:&quot;0&quot;,&quot;shutter_speed&quot;:&quot;0&quot;,&quot;title&quot;:&quot;&quot;,&quot;orientation&quot;:&quot;1&quot;}\" data-image-title=\"altalena-1-950&#215;684\" data-image-description=\"\" data-image-caption=\"\" data-medium-file=\"https:\/\/i0.wp.com\/www.zoom--in.it\/wp-content\/uploads\/2019\/07\/altalena-1-950x684.jpg?fit=300%2C216&amp;ssl=1\" data-large-file=\"https:\/\/i0.wp.com\/www.zoom--in.it\/wp-content\/uploads\/2019\/07\/altalena-1-950x684.jpg?fit=640%2C640&amp;ssl=1\" \/><\/a>\n<h4 class=\"pt-cv-title\"><a href=\"https:\/\/www.zoom--in.it\/index.php\/2019\/07\/31\/usa-messico-laltalena-rosa-che-abbatte-le-barriere-muro-trasformato-in-parco-giochi\/\" class=\"_self\" target=\"_self\" >Usa-Messico, l&#8217;altalena rosa che abbatte le barriere: muro trasformato in parco giochi<\/a><\/h4>\n<div class=\"pt-cv-content\">Usa-Messico, l'altalena rosa che abbatte le barriere: muro trasformato in parco giochi https:\/\/www.youtube.com\/watch?v=AARKGvBdb1kIl muro tra\u00a0Stati Uniti\u00a0e\u00a0Messico\u00a0trasformato in un parco giochi ...<br \/><a href=\"https:\/\/www.zoom--in.it\/index.php\/2019\/07\/31\/usa-messico-laltalena-rosa-che-abbatte-le-barriere-muro-trasformato-in-parco-giochi\/\" class=\"_self pt-cv-readmore btn btn-success\" target=\"_self\">Leggi Tutto<\/a><\/div><\/div><\/div>\n<div class=\"col-md-6 col-sm-6 col-xs-12 pt-cv-content-item pt-cv-2-col\" ><div class='pt-cv-ifield'><a href=\"https:\/\/www.zoom--in.it\/index.php\/2019\/07\/15\/la-mappa-della-corruzione-nel-mondo-italia-prima-in-europa\/\" class=\"_self pt-cv-href-thumbnail pt-cv-thumb-left\" target=\"_self\" ><img width=\"150\" height=\"150\" src=\"https:\/\/i0.wp.com\/www.zoom--in.it\/wp-content\/uploads\/2019\/07\/corruzione.jpg?resize=150%2C150&amp;ssl=1\" class=\"pt-cv-thumbnail pull-left\" alt=\"\" loading=\"lazy\" data-attachment-id=\"6439\" data-permalink=\"https:\/\/www.zoom--in.it\/index.php\/2019\/07\/15\/la-mappa-della-corruzione-nel-mondo-italia-prima-in-europa\/corruzione\/\" data-orig-file=\"https:\/\/i0.wp.com\/www.zoom--in.it\/wp-content\/uploads\/2019\/07\/corruzione.jpg?fit=394%2C260&amp;ssl=1\" data-orig-size=\"394,260\" data-comments-opened=\"1\" data-image-meta=\"{&quot;aperture&quot;:&quot;0&quot;,&quot;credit&quot;:&quot;&quot;,&quot;camera&quot;:&quot;&quot;,&quot;caption&quot;:&quot;&quot;,&quot;created_timestamp&quot;:&quot;0&quot;,&quot;copyright&quot;:&quot;&quot;,&quot;focal_length&quot;:&quot;0&quot;,&quot;iso&quot;:&quot;0&quot;,&quot;shutter_speed&quot;:&quot;0&quot;,&quot;title&quot;:&quot;&quot;,&quot;orientation&quot;:&quot;0&quot;}\" data-image-title=\"corruzione\" data-image-description=\"\" data-image-caption=\"\" data-medium-file=\"https:\/\/i0.wp.com\/www.zoom--in.it\/wp-content\/uploads\/2019\/07\/corruzione.jpg?fit=300%2C198&amp;ssl=1\" data-large-file=\"https:\/\/i0.wp.com\/www.zoom--in.it\/wp-content\/uploads\/2019\/07\/corruzione.jpg?fit=260%2C260&amp;ssl=1\" \/><\/a>\n<h4 class=\"pt-cv-title\"><a href=\"https:\/\/www.zoom--in.it\/index.php\/2019\/07\/15\/la-mappa-della-corruzione-nel-mondo-italia-prima-in-europa\/\" class=\"_self\" target=\"_self\" >La mappa della corruzione nel mondo: Italia prima in Europa<\/a><\/h4>\n<div class=\"pt-cv-content\">La mappa della corruzione nel mondo: Italia prima in Europa L\u2019Italia \u00e8 al primo posto in Europa per corruzione e ...<br \/><a href=\"https:\/\/www.zoom--in.it\/index.php\/2019\/07\/15\/la-mappa-della-corruzione-nel-mondo-italia-prima-in-europa\/\" class=\"_self pt-cv-readmore btn btn-success\" target=\"_self\">Leggi Tutto<\/a><\/div><\/div><\/div>\n<div class=\"col-md-6 col-sm-6 col-xs-12 pt-cv-content-item pt-cv-2-col\" ><div class='pt-cv-ifield'><a href=\"https:\/\/www.zoom--in.it\/index.php\/2019\/07\/12\/aiutiamoli-a-casa-loro\/\" class=\"_self pt-cv-href-thumbnail pt-cv-thumb-left\" target=\"_self\" ><img width=\"150\" height=\"150\" src=\"https:\/\/i0.wp.com\/www.zoom--in.it\/wp-content\/uploads\/2019\/07\/images.jpeg?resize=150%2C150&amp;ssl=1\" class=\"pt-cv-thumbnail pull-left\" alt=\"\" loading=\"lazy\" data-attachment-id=\"6340\" data-permalink=\"https:\/\/www.zoom--in.it\/index.php\/2019\/07\/12\/aiutiamoli-a-casa-loro\/images-2\/\" data-orig-file=\"https:\/\/i0.wp.com\/www.zoom--in.it\/wp-content\/uploads\/2019\/07\/images.jpeg?fit=280%2C180&amp;ssl=1\" data-orig-size=\"280,180\" data-comments-opened=\"1\" data-image-meta=\"{&quot;aperture&quot;:&quot;0&quot;,&quot;credit&quot;:&quot;&quot;,&quot;camera&quot;:&quot;&quot;,&quot;caption&quot;:&quot;&quot;,&quot;created_timestamp&quot;:&quot;0&quot;,&quot;copyright&quot;:&quot;&quot;,&quot;focal_length&quot;:&quot;0&quot;,&quot;iso&quot;:&quot;0&quot;,&quot;shutter_speed&quot;:&quot;0&quot;,&quot;title&quot;:&quot;&quot;,&quot;orientation&quot;:&quot;0&quot;}\" data-image-title=\"images\" data-image-description=\"\" data-image-caption=\"\" data-medium-file=\"https:\/\/i0.wp.com\/www.zoom--in.it\/wp-content\/uploads\/2019\/07\/images.jpeg?fit=180%2C180&amp;ssl=1\" data-large-file=\"https:\/\/i0.wp.com\/www.zoom--in.it\/wp-content\/uploads\/2019\/07\/images.jpeg?fit=180%2C180&amp;ssl=1\" \/><\/a>\n<h4 class=\"pt-cv-title\"><a href=\"https:\/\/www.zoom--in.it\/index.php\/2019\/07\/12\/aiutiamoli-a-casa-loro\/\" class=\"_self\" target=\"_self\" >AIUTIAMOLI A CASA LORO<\/a><\/h4>\n<div class=\"pt-cv-content\">AIUTIAMOLI A CASA LORO Siedo sulla schiena di un uomo,soffocandolo,costringendolo a portarmi.E intanto cerco di convincere me e gli altriche ...<br \/><a href=\"https:\/\/www.zoom--in.it\/index.php\/2019\/07\/12\/aiutiamoli-a-casa-loro\/\" class=\"_self pt-cv-readmore btn btn-success\" target=\"_self\">Leggi Tutto<\/a><\/div><\/div><\/div>\n<div class=\"col-md-6 col-sm-6 col-xs-12 pt-cv-content-item pt-cv-2-col\" ><div class='pt-cv-ifield'><a href=\"https:\/\/www.zoom--in.it\/index.php\/2019\/07\/04\/la-falsa-invasione\/\" class=\"_self pt-cv-href-thumbnail pt-cv-thumb-left\" target=\"_self\" ><img width=\"150\" height=\"150\" src=\"https:\/\/i0.wp.com\/www.zoom--in.it\/wp-content\/uploads\/2019\/07\/1450943813-immigrati.jpg?resize=150%2C150&amp;ssl=1\" class=\"pt-cv-thumbnail pull-left\" alt=\"\" loading=\"lazy\" data-attachment-id=\"6280\" data-permalink=\"https:\/\/www.zoom--in.it\/index.php\/2019\/07\/04\/la-falsa-invasione\/italia-migranti-arrivano-a-pozzallo\/\" data-orig-file=\"https:\/\/i0.wp.com\/www.zoom--in.it\/wp-content\/uploads\/2019\/07\/1450943813-immigrati.jpg?fit=3500%2C2212&amp;ssl=1\" data-orig-size=\"3500,2212\" data-comments-opened=\"1\" data-image-meta=\"{&quot;aperture&quot;:&quot;0&quot;,&quot;credit&quot;:&quot;REUTERS&quot;,&quot;camera&quot;:&quot;&quot;,&quot;caption&quot;:&quot;Migrants arrive at the Sicilian harbour of Pozzallo, February 15, 2015. Some 275 migrants rescued on Friday from overcrowded boats near Libya arrive safely in Sicily, days after more than 300 others died trying to make the crossover.  REUTERS\\\/Antonio Parrinello (ITALY - Tags: SOCIETY IMMIGRATION)&quot;,&quot;created_timestamp&quot;:&quot;0&quot;,&quot;copyright&quot;:&quot;&quot;,&quot;focal_length&quot;:&quot;0&quot;,&quot;iso&quot;:&quot;0&quot;,&quot;shutter_speed&quot;:&quot;0&quot;,&quot;title&quot;:&quot;Italia: Migranti arrivano a Pozzallo&quot;,&quot;orientation&quot;:&quot;0&quot;}\" data-image-title=\"\" data-image-description=\"\" data-image-caption=\"\" data-medium-file=\"https:\/\/i0.wp.com\/www.zoom--in.it\/wp-content\/uploads\/2019\/07\/1450943813-immigrati.jpg?fit=300%2C190&amp;ssl=1\" data-large-file=\"https:\/\/i0.wp.com\/www.zoom--in.it\/wp-content\/uploads\/2019\/07\/1450943813-immigrati.jpg?fit=640%2C404&amp;ssl=1\" \/><\/a>\n<h4 class=\"pt-cv-title\"><a href=\"https:\/\/www.zoom--in.it\/index.php\/2019\/07\/04\/la-falsa-invasione\/\" class=\"_self\" target=\"_self\" >La Falsa Invasione<\/a><\/h4>\n<div class=\"pt-cv-content\">LA FALSA INVASIONE Quanti sono i rifugiati in Italia? E negli altri paesi europei, sono di pi\u00f9 o di meno ...<br \/><a href=\"https:\/\/www.zoom--in.it\/index.php\/2019\/07\/04\/la-falsa-invasione\/\" class=\"_self pt-cv-readmore btn btn-success\" target=\"_self\">Leggi Tutto<\/a><\/div><\/div><\/div>\n<div class=\"col-md-6 col-sm-6 col-xs-12 pt-cv-content-item pt-cv-2-col\" ><div class='pt-cv-ifield'><a href=\"https:\/\/www.zoom--in.it\/index.php\/2019\/06\/12\/la-costante-erosione-cinese\/\" class=\"_self pt-cv-href-thumbnail pt-cv-thumb-left\" target=\"_self\" ><img width=\"150\" height=\"150\" src=\"https:\/\/i0.wp.com\/www.zoom--in.it\/wp-content\/uploads\/2019\/06\/proteste-hong-kong-estradizione-cina.jpg?resize=150%2C150&amp;ssl=1\" class=\"pt-cv-thumbnail pull-left\" alt=\"\" loading=\"lazy\" data-attachment-id=\"6141\" data-permalink=\"https:\/\/www.zoom--in.it\/index.php\/2019\/06\/12\/la-costante-erosione-cinese\/hong-kongers-protest-over-china-extradition-law\/\" data-orig-file=\"https:\/\/i0.wp.com\/www.zoom--in.it\/wp-content\/uploads\/2019\/06\/proteste-hong-kong-estradizione-cina.jpg?fit=4000%2C2667&amp;ssl=1\" data-orig-size=\"4000,2667\" data-comments-opened=\"1\" data-image-meta=\"{&quot;aperture&quot;:&quot;0&quot;,&quot;credit&quot;:&quot;Getty Images&quot;,&quot;camera&quot;:&quot;&quot;,&quot;caption&quot;:&quot;HONG KONG - JUNE 09:  Protesters march on a street during a rally against a controversial extradition law proposal on June 9, 2019 in Hong Kong. Organizers say more than a million protesters marched in Hong Kong on Sunday against a bill that would allow suspected criminals to be sent to mainland China for trial as tensions have escalated in recent weeks.  (Photo by Anthony Kwan\\\/Getty Images)&quot;,&quot;created_timestamp&quot;:&quot;0&quot;,&quot;copyright&quot;:&quot;2019 Getty Images&quot;,&quot;focal_length&quot;:&quot;0&quot;,&quot;iso&quot;:&quot;0&quot;,&quot;shutter_speed&quot;:&quot;0&quot;,&quot;title&quot;:&quot;Hong Kongers Protest Over China Extradition Law&quot;,&quot;orientation&quot;:&quot;0&quot;}\" data-image-title=\"Hong Kongers Protest Over China Extradition Law\" data-image-description=\"\" data-image-caption=\"\" data-medium-file=\"https:\/\/i0.wp.com\/www.zoom--in.it\/wp-content\/uploads\/2019\/06\/proteste-hong-kong-estradizione-cina.jpg?fit=300%2C200&amp;ssl=1\" data-large-file=\"https:\/\/i0.wp.com\/www.zoom--in.it\/wp-content\/uploads\/2019\/06\/proteste-hong-kong-estradizione-cina.jpg?fit=640%2C427&amp;ssl=1\" \/><\/a>\n<h4 class=\"pt-cv-title\"><a href=\"https:\/\/www.zoom--in.it\/index.php\/2019\/06\/12\/la-costante-erosione-cinese\/\" class=\"_self\" target=\"_self\" >La costante erosione cinese<\/a><\/h4>\n<div class=\"pt-cv-content\">La costante erosione cinese Un milione in piazza a Hong Kong. Tutti contro la proposta di legge sull'estradizione forzata di ...<br \/><a href=\"https:\/\/www.zoom--in.it\/index.php\/2019\/06\/12\/la-costante-erosione-cinese\/\" class=\"_self pt-cv-readmore btn btn-success\" target=\"_self\">Leggi Tutto<\/a><\/div><\/div><\/div>\n<div class=\"col-md-6 col-sm-6 col-xs-12 pt-cv-content-item pt-cv-2-col\" ><div class='pt-cv-ifield'><a href=\"https:\/\/www.zoom--in.it\/index.php\/2019\/04\/30\/femminicidio-frida-kahlo-e-la-violenza-sulle-donne\/\" class=\"_self pt-cv-href-thumbnail pt-cv-thumb-left\" target=\"_self\" ><img width=\"150\" height=\"150\" src=\"https:\/\/i0.wp.com\/www.zoom--in.it\/wp-content\/uploads\/2019\/04\/FRIDA-KAHLO-SIN-ESPERANZA.jpg?resize=150%2C150&amp;ssl=1\" class=\"pt-cv-thumbnail pull-left\" alt=\"\" loading=\"lazy\" data-attachment-id=\"5577\" data-permalink=\"https:\/\/www.zoom--in.it\/index.php\/2019\/04\/30\/femminicidio-frida-kahlo-e-la-violenza-sulle-donne\/frida-kahlo-sin-esperanza\/\" data-orig-file=\"https:\/\/i0.wp.com\/www.zoom--in.it\/wp-content\/uploads\/2019\/04\/FRIDA-KAHLO-SIN-ESPERANZA.jpg?fit=800%2C633&amp;ssl=1\" data-orig-size=\"800,633\" data-comments-opened=\"0\" data-image-meta=\"{&quot;aperture&quot;:&quot;0&quot;,&quot;credit&quot;:&quot;&quot;,&quot;camera&quot;:&quot;&quot;,&quot;caption&quot;:&quot;&quot;,&quot;created_timestamp&quot;:&quot;0&quot;,&quot;copyright&quot;:&quot;&quot;,&quot;focal_length&quot;:&quot;0&quot;,&quot;iso&quot;:&quot;0&quot;,&quot;shutter_speed&quot;:&quot;0&quot;,&quot;title&quot;:&quot;&quot;,&quot;orientation&quot;:&quot;0&quot;}\" data-image-title=\"FRIDA-KAHLO-SIN-ESPERANZA\" data-image-description=\"\" data-image-caption=\"\" data-medium-file=\"https:\/\/i0.wp.com\/www.zoom--in.it\/wp-content\/uploads\/2019\/04\/FRIDA-KAHLO-SIN-ESPERANZA.jpg?fit=300%2C237&amp;ssl=1\" data-large-file=\"https:\/\/i0.wp.com\/www.zoom--in.it\/wp-content\/uploads\/2019\/04\/FRIDA-KAHLO-SIN-ESPERANZA.jpg?fit=633%2C633&amp;ssl=1\" \/><\/a>\n<h4 class=\"pt-cv-title\"><a href=\"https:\/\/www.zoom--in.it\/index.php\/2019\/04\/30\/femminicidio-frida-kahlo-e-la-violenza-sulle-donne\/\" class=\"_self\" target=\"_self\" >Femminicidio: Frida Kahlo e la violenza sulle donne<\/a><\/h4>\n<div class=\"pt-cv-content\">Fragile, opulenta donna, matrice del paradiso sei un granello di colpa anche agli occhi di Dio malgrado le tue sante ...<br \/><a href=\"https:\/\/www.zoom--in.it\/index.php\/2019\/04\/30\/femminicidio-frida-kahlo-e-la-violenza-sulle-donne\/\" class=\"_self pt-cv-readmore btn btn-success\" target=\"_self\">Leggi Tutto<\/a><\/div><\/div><\/div>\n<div class=\"col-md-6 col-sm-6 col-xs-12 pt-cv-content-item pt-cv-2-col\" ><div class='pt-cv-ifield'><a href=\"https:\/\/www.zoom--in.it\/index.php\/2019\/04\/27\/leuropa-dei-popoli\/\" class=\"_self pt-cv-href-thumbnail pt-cv-thumb-left\" target=\"_self\" ><img width=\"150\" height=\"150\" src=\"https:\/\/i0.wp.com\/www.zoom--in.it\/wp-content\/uploads\/2019\/04\/Pertini.jpg?resize=150%2C150&amp;ssl=1\" class=\"pt-cv-thumbnail pull-left\" alt=\"\" loading=\"lazy\" data-attachment-id=\"5512\" data-permalink=\"https:\/\/www.zoom--in.it\/index.php\/2019\/04\/27\/leuropa-dei-popoli\/pertini\/\" data-orig-file=\"https:\/\/i0.wp.com\/www.zoom--in.it\/wp-content\/uploads\/2019\/04\/Pertini.jpg?fit=1280%2C720&amp;ssl=1\" data-orig-size=\"1280,720\" data-comments-opened=\"0\" data-image-meta=\"{&quot;aperture&quot;:&quot;0&quot;,&quot;credit&quot;:&quot;&quot;,&quot;camera&quot;:&quot;&quot;,&quot;caption&quot;:&quot;&quot;,&quot;created_timestamp&quot;:&quot;0&quot;,&quot;copyright&quot;:&quot;&quot;,&quot;focal_length&quot;:&quot;0&quot;,&quot;iso&quot;:&quot;0&quot;,&quot;shutter_speed&quot;:&quot;0&quot;,&quot;title&quot;:&quot;&quot;,&quot;orientation&quot;:&quot;0&quot;}\" data-image-title=\"Pertini\" data-image-description=\"\" data-image-caption=\"\" data-medium-file=\"https:\/\/i0.wp.com\/www.zoom--in.it\/wp-content\/uploads\/2019\/04\/Pertini.jpg?fit=300%2C169&amp;ssl=1\" data-large-file=\"https:\/\/i0.wp.com\/www.zoom--in.it\/wp-content\/uploads\/2019\/04\/Pertini.jpg?fit=640%2C360&amp;ssl=1\" \/><\/a>\n<h4 class=\"pt-cv-title\"><a href=\"https:\/\/www.zoom--in.it\/index.php\/2019\/04\/27\/leuropa-dei-popoli\/\" class=\"_self\" target=\"_self\" >L&#8217;europa dei popoli<\/a><\/h4>\n<div class=\"pt-cv-content\">L'europa dei popoli Pochi giorni separano il 25 Aprile, il 1^ Maggio e la data delle elezioni europee che, probabilmente, ...<br \/><a href=\"https:\/\/www.zoom--in.it\/index.php\/2019\/04\/27\/leuropa-dei-popoli\/\" class=\"_self pt-cv-readmore btn btn-success\" target=\"_self\">Leggi Tutto<\/a><\/div><\/div><\/div>\n<div class=\"col-md-6 col-sm-6 col-xs-12 pt-cv-content-item pt-cv-2-col\" ><div class='pt-cv-ifield'><a href=\"https:\/\/www.zoom--in.it\/index.php\/2019\/03\/12\/la-coca-cola-era-verde\/\" class=\"_self pt-cv-href-thumbnail pt-cv-thumb-left\" target=\"_self\" ><img width=\"150\" height=\"150\" src=\"https:\/\/i0.wp.com\/www.zoom--in.it\/wp-content\/uploads\/2019\/03\/green.jpg?resize=150%2C150&amp;ssl=1\" class=\"pt-cv-thumbnail pull-left\" alt=\"\" loading=\"lazy\" data-attachment-id=\"4772\" data-permalink=\"https:\/\/www.zoom--in.it\/index.php\/2019\/03\/12\/la-coca-cola-era-verde\/green\/\" data-orig-file=\"https:\/\/i0.wp.com\/www.zoom--in.it\/wp-content\/uploads\/2019\/03\/green.jpg?fit=1600%2C1151&amp;ssl=1\" data-orig-size=\"1600,1151\" data-comments-opened=\"0\" data-image-meta=\"{&quot;aperture&quot;:&quot;0&quot;,&quot;credit&quot;:&quot;&quot;,&quot;camera&quot;:&quot;&quot;,&quot;caption&quot;:&quot;&quot;,&quot;created_timestamp&quot;:&quot;0&quot;,&quot;copyright&quot;:&quot;&quot;,&quot;focal_length&quot;:&quot;0&quot;,&quot;iso&quot;:&quot;0&quot;,&quot;shutter_speed&quot;:&quot;0&quot;,&quot;title&quot;:&quot;&quot;,&quot;orientation&quot;:&quot;0&quot;}\" data-image-title=\"green\" data-image-description=\"\" data-image-caption=\"\" data-medium-file=\"https:\/\/i0.wp.com\/www.zoom--in.it\/wp-content\/uploads\/2019\/03\/green.jpg?fit=300%2C216&amp;ssl=1\" data-large-file=\"https:\/\/i0.wp.com\/www.zoom--in.it\/wp-content\/uploads\/2019\/03\/green.jpg?fit=640%2C461&amp;ssl=1\" \/><\/a>\n<h4 class=\"pt-cv-title\"><a href=\"https:\/\/www.zoom--in.it\/index.php\/2019\/03\/12\/la-coca-cola-era-verde\/\" class=\"_self\" target=\"_self\" >La Coca Cola era Verde !!!<\/a><\/h4>\n<div class=\"pt-cv-content\">La Coca Cola era Verde!!! S\u00ec: la coca cola \u00e8 nata verde. Era un prodotto quasi erboristico. E, prima ancora ...<br \/><a href=\"https:\/\/www.zoom--in.it\/index.php\/2019\/03\/12\/la-coca-cola-era-verde\/\" class=\"_self pt-cv-readmore btn btn-success\" target=\"_self\">Leggi Tutto<\/a><\/div><\/div><\/div>\n<div class=\"col-md-6 col-sm-6 col-xs-12 pt-cv-content-item pt-cv-2-col\" ><div class='pt-cv-ifield'><a href=\"https:\/\/www.zoom--in.it\/index.php\/2019\/03\/08\/elementor-4753\/\" class=\"_self pt-cv-href-thumbnail pt-cv-thumb-left\" target=\"_self\" ><img width=\"150\" height=\"150\" src=\"https:\/\/i0.wp.com\/www.zoom--in.it\/wp-content\/uploads\/2019\/03\/viaggio-nel-silenzio-del-carcere-minorile-dell-aquila-10092.660x368.jpg?resize=150%2C150&amp;ssl=1\" class=\"pt-cv-thumbnail pull-left\" alt=\"\" loading=\"lazy\" data-attachment-id=\"4871\" data-permalink=\"https:\/\/www.zoom--in.it\/index.php\/2019\/03\/08\/elementor-4753\/viaggio-nel-silenzio-del-carcere-minorile-dell-aquila-10092-660x368\/\" data-orig-file=\"https:\/\/i0.wp.com\/www.zoom--in.it\/wp-content\/uploads\/2019\/03\/viaggio-nel-silenzio-del-carcere-minorile-dell-aquila-10092.660x368.jpg?fit=660%2C368&amp;ssl=1\" data-orig-size=\"660,368\" data-comments-opened=\"0\" data-image-meta=\"{&quot;aperture&quot;:&quot;0&quot;,&quot;credit&quot;:&quot;&quot;,&quot;camera&quot;:&quot;&quot;,&quot;caption&quot;:&quot;&quot;,&quot;created_timestamp&quot;:&quot;0&quot;,&quot;copyright&quot;:&quot;&quot;,&quot;focal_length&quot;:&quot;0&quot;,&quot;iso&quot;:&quot;0&quot;,&quot;shutter_speed&quot;:&quot;0&quot;,&quot;title&quot;:&quot;&quot;,&quot;orientation&quot;:&quot;0&quot;}\" data-image-title=\"viaggio-nel-silenzio-del-carcere-minorile-dell-aquila-10092.660&#215;368\" data-image-description=\"\" data-image-caption=\"\" data-medium-file=\"https:\/\/i0.wp.com\/www.zoom--in.it\/wp-content\/uploads\/2019\/03\/viaggio-nel-silenzio-del-carcere-minorile-dell-aquila-10092.660x368.jpg?fit=300%2C167&amp;ssl=1\" data-large-file=\"https:\/\/i0.wp.com\/www.zoom--in.it\/wp-content\/uploads\/2019\/03\/viaggio-nel-silenzio-del-carcere-minorile-dell-aquila-10092.660x368.jpg?fit=368%2C368&amp;ssl=1\" \/><\/a>\n<h4 class=\"pt-cv-title\"><a href=\"https:\/\/www.zoom--in.it\/index.php\/2019\/03\/08\/elementor-4753\/\" class=\"_self\" target=\"_self\" >Non esiste un carcere buono<\/a><\/h4>\n<div class=\"pt-cv-content\">Non esiste un carcere buono Storia di Mohamed e di don Ettore Cannavera \u201cPrete, prete, io carcere, non capisco \u2026 ...<br \/><a href=\"https:\/\/www.zoom--in.it\/index.php\/2019\/03\/08\/elementor-4753\/\" class=\"_self pt-cv-readmore btn btn-success\" target=\"_self\">Leggi Tutto<\/a><\/div><\/div><\/div>\n<div class=\"col-md-6 col-sm-6 col-xs-12 pt-cv-content-item pt-cv-2-col\" ><div class='pt-cv-ifield'><a href=\"https:\/\/www.zoom--in.it\/index.php\/2019\/02\/05\/la-nave-dellonesta-nel-mar-del-guazzabuglio\/\" class=\"_self pt-cv-href-thumbnail pt-cv-thumb-left\" target=\"_self\" ><img width=\"150\" height=\"150\" src=\"https:\/\/i0.wp.com\/www.zoom--in.it\/wp-content\/uploads\/2019\/02\/DAWSON-2.jpg?resize=150%2C150&amp;ssl=1\" class=\"pt-cv-thumbnail pull-left\" alt=\"\" loading=\"lazy\" data-attachment-id=\"4317\" data-permalink=\"https:\/\/www.zoom--in.it\/index.php\/2019\/02\/05\/la-nave-dellonesta-nel-mar-del-guazzabuglio\/dawson-2\/\" data-orig-file=\"https:\/\/i0.wp.com\/www.zoom--in.it\/wp-content\/uploads\/2019\/02\/DAWSON-2.jpg?fit=1514%2C1012&amp;ssl=1\" data-orig-size=\"1514,1012\" data-comments-opened=\"0\" data-image-meta=\"{&quot;aperture&quot;:&quot;0&quot;,&quot;credit&quot;:&quot;&quot;,&quot;camera&quot;:&quot;&quot;,&quot;caption&quot;:&quot;&quot;,&quot;created_timestamp&quot;:&quot;0&quot;,&quot;copyright&quot;:&quot;&quot;,&quot;focal_length&quot;:&quot;0&quot;,&quot;iso&quot;:&quot;0&quot;,&quot;shutter_speed&quot;:&quot;0&quot;,&quot;title&quot;:&quot;&quot;,&quot;orientation&quot;:&quot;0&quot;}\" data-image-title=\"DAWSON-2\" data-image-description=\"\" data-image-caption=\"\" data-medium-file=\"https:\/\/i0.wp.com\/www.zoom--in.it\/wp-content\/uploads\/2019\/02\/DAWSON-2.jpg?fit=300%2C201&amp;ssl=1\" data-large-file=\"https:\/\/i0.wp.com\/www.zoom--in.it\/wp-content\/uploads\/2019\/02\/DAWSON-2.jpg?fit=640%2C428&amp;ssl=1\" \/><\/a>\n<h4 class=\"pt-cv-title\"><a href=\"https:\/\/www.zoom--in.it\/index.php\/2019\/02\/05\/la-nave-dellonesta-nel-mar-del-guazzabuglio\/\" class=\"_self\" target=\"_self\" >La Nave dell\u2019Onest\u00e0  nel Mar del Guazzabuglio<\/a><\/h4>\n<div class=\"pt-cv-content\">La Nave dell\u2019Onest\u00e0 nel Mar del Guazzabuglio Dopo giorni di tentennamenti, il governo italiano ha dato un segno di vita, ...<br \/><a href=\"https:\/\/www.zoom--in.it\/index.php\/2019\/02\/05\/la-nave-dellonesta-nel-mar-del-guazzabuglio\/\" class=\"_self pt-cv-readmore btn btn-success\" target=\"_self\">Leggi Tutto<\/a><\/div><\/div><\/div>\n<div class=\"col-md-6 col-sm-6 col-xs-12 pt-cv-content-item pt-cv-2-col\" ><div class='pt-cv-ifield'><a href=\"https:\/\/www.zoom--in.it\/index.php\/2019\/02\/05\/con-il-popolo-venezuelano\/\" class=\"_self pt-cv-href-thumbnail pt-cv-thumb-left\" target=\"_self\" ><img width=\"150\" height=\"150\" src=\"https:\/\/i0.wp.com\/www.zoom--in.it\/wp-content\/uploads\/2019\/02\/Venezuela-1.jpg?resize=150%2C150&amp;ssl=1\" class=\"pt-cv-thumbnail pull-left\" alt=\"\" loading=\"lazy\" data-attachment-id=\"4294\" data-permalink=\"https:\/\/www.zoom--in.it\/venezuela-1\/\" data-orig-file=\"https:\/\/i0.wp.com\/www.zoom--in.it\/wp-content\/uploads\/2019\/02\/Venezuela-1.jpg?fit=1024%2C683&amp;ssl=1\" data-orig-size=\"1024,683\" data-comments-opened=\"0\" data-image-meta=\"{&quot;aperture&quot;:&quot;0&quot;,&quot;credit&quot;:&quot;&quot;,&quot;camera&quot;:&quot;&quot;,&quot;caption&quot;:&quot;&quot;,&quot;created_timestamp&quot;:&quot;0&quot;,&quot;copyright&quot;:&quot;&quot;,&quot;focal_length&quot;:&quot;0&quot;,&quot;iso&quot;:&quot;0&quot;,&quot;shutter_speed&quot;:&quot;0&quot;,&quot;title&quot;:&quot;&quot;,&quot;orientation&quot;:&quot;0&quot;}\" data-image-title=\"Venezuela 1\" data-image-description=\"\" data-image-caption=\"\" data-medium-file=\"https:\/\/i0.wp.com\/www.zoom--in.it\/wp-content\/uploads\/2019\/02\/Venezuela-1.jpg?fit=300%2C200&amp;ssl=1\" data-large-file=\"https:\/\/i0.wp.com\/www.zoom--in.it\/wp-content\/uploads\/2019\/02\/Venezuela-1.jpg?fit=640%2C427&amp;ssl=1\" \/><\/a>\n<h4 class=\"pt-cv-title\"><a href=\"https:\/\/www.zoom--in.it\/index.php\/2019\/02\/05\/con-il-popolo-venezuelano\/\" class=\"_self\" target=\"_self\" >Con il Popolo Venezuelano<\/a><\/h4>\n<div class=\"pt-cv-content\">Con il Popolo Venezuelano Contro ogni farsa\u00a0Da un lato i partiti dell\u2019opposizione venezuelana. Quelli che da sempre hanno gestito il ...<br \/><a href=\"https:\/\/www.zoom--in.it\/index.php\/2019\/02\/05\/con-il-popolo-venezuelano\/\" class=\"_self pt-cv-readmore btn btn-success\" target=\"_self\">Leggi Tutto<\/a><\/div><\/div><\/div>\n<div class=\"col-md-6 col-sm-6 col-xs-12 pt-cv-content-item pt-cv-2-col\" ><div class='pt-cv-ifield'><a href=\"https:\/\/www.zoom--in.it\/index.php\/2019\/01\/11\/il-2019-della-politica-internazionale-brexit\/\" class=\"_self pt-cv-href-thumbnail pt-cv-thumb-left\" target=\"_self\" ><img width=\"150\" height=\"150\" src=\"https:\/\/i0.wp.com\/www.zoom--in.it\/wp-content\/uploads\/2019\/01\/corbyn-may.jpg?resize=150%2C150&amp;ssl=1\" class=\"pt-cv-thumbnail pull-left\" alt=\"\" loading=\"lazy\" data-attachment-id=\"3916\" data-permalink=\"https:\/\/www.zoom--in.it\/index.php\/2019\/01\/11\/il-2019-della-politica-internazionale-brexit\/corbyn-may\/\" data-orig-file=\"https:\/\/i0.wp.com\/www.zoom--in.it\/wp-content\/uploads\/2019\/01\/corbyn-may.jpg?fit=2048%2C1536&amp;ssl=1\" data-orig-size=\"2048,1536\" data-comments-opened=\"0\" data-image-meta=\"{&quot;aperture&quot;:&quot;0&quot;,&quot;credit&quot;:&quot;&quot;,&quot;camera&quot;:&quot;&quot;,&quot;caption&quot;:&quot;&quot;,&quot;created_timestamp&quot;:&quot;0&quot;,&quot;copyright&quot;:&quot;&quot;,&quot;focal_length&quot;:&quot;0&quot;,&quot;iso&quot;:&quot;0&quot;,&quot;shutter_speed&quot;:&quot;0&quot;,&quot;title&quot;:&quot;&quot;,&quot;orientation&quot;:&quot;0&quot;}\" data-image-title=\"corbyn-may\" data-image-description=\"\" data-image-caption=\"\" data-medium-file=\"https:\/\/i0.wp.com\/www.zoom--in.it\/wp-content\/uploads\/2019\/01\/corbyn-may.jpg?fit=300%2C225&amp;ssl=1\" data-large-file=\"https:\/\/i0.wp.com\/www.zoom--in.it\/wp-content\/uploads\/2019\/01\/corbyn-may.jpg?fit=640%2C480&amp;ssl=1\" \/><\/a>\n<h4 class=\"pt-cv-title\"><a href=\"https:\/\/www.zoom--in.it\/index.php\/2019\/01\/11\/il-2019-della-politica-internazionale-brexit\/\" class=\"_self\" target=\"_self\" >Il 2019 della politica internazionale: Brexit<\/a><\/h4>\n<div class=\"pt-cv-content\">Il 2019 della politica internazionale: Brexit Come accade all\u2019alba di tutti gli anni, il\u00a02019 viene pensato e sentito come\u00a0un\u00a0anno chiave ...<br \/><a href=\"https:\/\/www.zoom--in.it\/index.php\/2019\/01\/11\/il-2019-della-politica-internazionale-brexit\/\" class=\"_self pt-cv-readmore btn btn-success\" target=\"_self\">Leggi Tutto<\/a><\/div><\/div><\/div>\n<div class=\"col-md-6 col-sm-6 col-xs-12 pt-cv-content-item pt-cv-2-col\" ><div class='pt-cv-ifield'><a href=\"https:\/\/www.zoom--in.it\/index.php\/2018\/12\/23\/mercato-del-lavoro\/\" class=\"_self pt-cv-href-thumbnail pt-cv-thumb-left\" target=\"_self\" ><img width=\"150\" height=\"150\" src=\"https:\/\/i0.wp.com\/www.zoom--in.it\/wp-content\/uploads\/2018\/12\/BOX1-PRESTINENZA.jpg?resize=150%2C150&amp;ssl=1\" class=\"pt-cv-thumbnail pull-left\" alt=\"\" loading=\"lazy\" data-attachment-id=\"3357\" data-permalink=\"https:\/\/www.zoom--in.it\/index.php\/2018\/12\/23\/mercato-del-lavoro\/box1-prestinenza\/\" data-orig-file=\"https:\/\/i0.wp.com\/www.zoom--in.it\/wp-content\/uploads\/2018\/12\/BOX1-PRESTINENZA.jpg?fit=2000%2C1312&amp;ssl=1\" data-orig-size=\"2000,1312\" data-comments-opened=\"0\" data-image-meta=\"{&quot;aperture&quot;:&quot;0&quot;,&quot;credit&quot;:&quot;&quot;,&quot;camera&quot;:&quot;&quot;,&quot;caption&quot;:&quot;&quot;,&quot;created_timestamp&quot;:&quot;0&quot;,&quot;copyright&quot;:&quot;&quot;,&quot;focal_length&quot;:&quot;0&quot;,&quot;iso&quot;:&quot;0&quot;,&quot;shutter_speed&quot;:&quot;0&quot;,&quot;title&quot;:&quot;&quot;,&quot;orientation&quot;:&quot;0&quot;}\" data-image-title=\"BOX1-PRESTINENZA\" data-image-description=\"\" data-image-caption=\"\" data-medium-file=\"https:\/\/i0.wp.com\/www.zoom--in.it\/wp-content\/uploads\/2018\/12\/BOX1-PRESTINENZA.jpg?fit=300%2C197&amp;ssl=1\" data-large-file=\"https:\/\/i0.wp.com\/www.zoom--in.it\/wp-content\/uploads\/2018\/12\/BOX1-PRESTINENZA.jpg?fit=640%2C420&amp;ssl=1\" \/><\/a>\n<h4 class=\"pt-cv-title\"><a href=\"https:\/\/www.zoom--in.it\/index.php\/2018\/12\/23\/mercato-del-lavoro\/\" class=\"_self\" target=\"_self\" >Mercato del lavoro&#8230;<\/a><\/h4>\n<div class=\"pt-cv-content\">Mercato del lavoro... Ci sono parole, frasi, abitudini di linguaggio, che servono a far entrare concetti nuovi nelle menti di ...<br \/><a href=\"https:\/\/www.zoom--in.it\/index.php\/2018\/12\/23\/mercato-del-lavoro\/\" class=\"_self pt-cv-readmore btn btn-success\" target=\"_self\">Leggi Tutto<\/a><\/div><\/div><\/div>\n<div class=\"col-md-6 col-sm-6 col-xs-12 pt-cv-content-item pt-cv-2-col\" ><div class='pt-cv-ifield'><a href=\"https:\/\/www.zoom--in.it\/index.php\/2018\/12\/09\/16-140-persone-morte-nel-mar-mediterraneo\/\" class=\"_self pt-cv-href-thumbnail pt-cv-thumb-left\" target=\"_self\" ><img width=\"150\" height=\"150\" src=\"https:\/\/i0.wp.com\/www.zoom--in.it\/wp-content\/uploads\/2018\/12\/migranti.jpg?resize=150%2C150&amp;ssl=1\" class=\"pt-cv-thumbnail pull-left\" alt=\"\" loading=\"lazy\" data-attachment-id=\"2883\" data-permalink=\"https:\/\/www.zoom--in.it\/index.php\/2018\/12\/09\/16-140-persone-morte-nel-mar-mediterraneo\/migranti\/\" data-orig-file=\"https:\/\/i0.wp.com\/www.zoom--in.it\/wp-content\/uploads\/2018\/12\/migranti.jpg?fit=1200%2C731&amp;ssl=1\" data-orig-size=\"1200,731\" data-comments-opened=\"0\" data-image-meta=\"{&quot;aperture&quot;:&quot;0&quot;,&quot;credit&quot;:&quot;&quot;,&quot;camera&quot;:&quot;&quot;,&quot;caption&quot;:&quot;&quot;,&quot;created_timestamp&quot;:&quot;0&quot;,&quot;copyright&quot;:&quot;&quot;,&quot;focal_length&quot;:&quot;0&quot;,&quot;iso&quot;:&quot;0&quot;,&quot;shutter_speed&quot;:&quot;0&quot;,&quot;title&quot;:&quot;&quot;,&quot;orientation&quot;:&quot;0&quot;}\" data-image-title=\"migranti\" data-image-description=\"\" data-image-caption=\"\" data-medium-file=\"https:\/\/i0.wp.com\/www.zoom--in.it\/wp-content\/uploads\/2018\/12\/migranti.jpg?fit=300%2C183&amp;ssl=1\" data-large-file=\"https:\/\/i0.wp.com\/www.zoom--in.it\/wp-content\/uploads\/2018\/12\/migranti.jpg?fit=640%2C390&amp;ssl=1\" \/><\/a>\n<h4 class=\"pt-cv-title\"><a href=\"https:\/\/www.zoom--in.it\/index.php\/2018\/12\/09\/16-140-persone-morte-nel-mar-mediterraneo\/\" class=\"_self\" target=\"_self\" >16.140 persone morte nel Mar Mediterraneo..<\/a><\/h4>\n<div class=\"pt-cv-content\">16.140 persone morte nel Mar Mediterraneo... Operazione Mare Nostrum:\u00a0CANCELLATA.Accordo per il trasferimento dei rifugiati:\u00a0INCOMPIUTO.Confini europei:\u00a0CHIUSI.Navi delle ONG:\u00a0BLOCCATE....Le politiche europee condannano ...<br \/><a href=\"https:\/\/www.zoom--in.it\/index.php\/2018\/12\/09\/16-140-persone-morte-nel-mar-mediterraneo\/\" class=\"_self pt-cv-readmore btn btn-success\" target=\"_self\">Leggi Tutto<\/a><\/div><\/div><\/div>\n<div class=\"col-md-6 col-sm-6 col-xs-12 pt-cv-content-item pt-cv-2-col\" ><div class='pt-cv-ifield'><a href=\"https:\/\/www.zoom--in.it\/index.php\/2018\/12\/09\/le-petizioni-sono-efficaci\/\" class=\"_self pt-cv-href-thumbnail pt-cv-thumb-left\" target=\"_self\" ><img width=\"150\" height=\"150\" src=\"https:\/\/i0.wp.com\/www.zoom--in.it\/wp-content\/uploads\/2018\/12\/election_mg_3455.jpg?resize=150%2C150&amp;ssl=1\" class=\"pt-cv-thumbnail pull-left\" alt=\"\" loading=\"lazy\" data-attachment-id=\"2836\" data-permalink=\"https:\/\/www.zoom--in.it\/index.php\/2018\/12\/09\/le-petizioni-sono-efficaci\/election_mg_3455\/\" data-orig-file=\"https:\/\/i0.wp.com\/www.zoom--in.it\/wp-content\/uploads\/2018\/12\/election_mg_3455.jpg?fit=1200%2C800&amp;ssl=1\" data-orig-size=\"1200,800\" data-comments-opened=\"0\" data-image-meta=\"{&quot;aperture&quot;:&quot;0&quot;,&quot;credit&quot;:&quot;&quot;,&quot;camera&quot;:&quot;&quot;,&quot;caption&quot;:&quot;&quot;,&quot;created_timestamp&quot;:&quot;0&quot;,&quot;copyright&quot;:&quot;&quot;,&quot;focal_length&quot;:&quot;0&quot;,&quot;iso&quot;:&quot;0&quot;,&quot;shutter_speed&quot;:&quot;0&quot;,&quot;title&quot;:&quot;&quot;,&quot;orientation&quot;:&quot;0&quot;}\" data-image-title=\"election_mg_3455\" data-image-description=\"\" data-image-caption=\"\" data-medium-file=\"https:\/\/i0.wp.com\/www.zoom--in.it\/wp-content\/uploads\/2018\/12\/election_mg_3455.jpg?fit=300%2C200&amp;ssl=1\" data-large-file=\"https:\/\/i0.wp.com\/www.zoom--in.it\/wp-content\/uploads\/2018\/12\/election_mg_3455.jpg?fit=640%2C427&amp;ssl=1\" \/><\/a>\n<h4 class=\"pt-cv-title\"><a href=\"https:\/\/www.zoom--in.it\/index.php\/2018\/12\/09\/le-petizioni-sono-efficaci\/\" class=\"_self\" target=\"_self\" >LE PETIZIONI SONO EFFICACI<\/a><\/h4>\n<div class=\"pt-cv-content\">LE PETIZIONI SONO EFFICACI C&amp;A si impegna ad utilizzare solo viscosa proveniente da produzioni rispettose dell'ambiente. Ad oggi abbiamo firmato ...<br \/><a href=\"https:\/\/www.zoom--in.it\/index.php\/2018\/12\/09\/le-petizioni-sono-efficaci\/\" class=\"_self pt-cv-readmore btn btn-success\" target=\"_self\">Leggi Tutto<\/a><\/div><\/div><\/div>\n<div class=\"col-md-6 col-sm-6 col-xs-12 pt-cv-content-item pt-cv-2-col\" ><div class='pt-cv-ifield'><a href=\"https:\/\/www.zoom--in.it\/index.php\/2018\/12\/08\/e-scioccante-ma-ormai-sempre-piu-chiaro-che-donald-trump-e-una-marionetta-di-vladimir-putin\/\" class=\"_self pt-cv-href-thumbnail pt-cv-thumb-left\" target=\"_self\" ><img width=\"150\" height=\"150\" src=\"https:\/\/i0.wp.com\/www.zoom--in.it\/wp-content\/uploads\/2018\/12\/13224112_1036583153093021_16910149_o.jpg?resize=150%2C150&amp;ssl=1\" class=\"pt-cv-thumbnail pull-left\" alt=\"\" loading=\"lazy\" data-attachment-id=\"2737\" data-permalink=\"https:\/\/www.zoom--in.it\/index.php\/2018\/12\/08\/e-scioccante-ma-ormai-sempre-piu-chiaro-che-donald-trump-e-una-marionetta-di-vladimir-putin\/13224112_1036583153093021_16910149_o\/\" data-orig-file=\"https:\/\/i0.wp.com\/www.zoom--in.it\/wp-content\/uploads\/2018\/12\/13224112_1036583153093021_16910149_o.jpg?fit=1280%2C720&amp;ssl=1\" data-orig-size=\"1280,720\" data-comments-opened=\"0\" data-image-meta=\"{&quot;aperture&quot;:&quot;0&quot;,&quot;credit&quot;:&quot;&quot;,&quot;camera&quot;:&quot;&quot;,&quot;caption&quot;:&quot;&quot;,&quot;created_timestamp&quot;:&quot;0&quot;,&quot;copyright&quot;:&quot;&quot;,&quot;focal_length&quot;:&quot;0&quot;,&quot;iso&quot;:&quot;0&quot;,&quot;shutter_speed&quot;:&quot;0&quot;,&quot;title&quot;:&quot;&quot;,&quot;orientation&quot;:&quot;0&quot;}\" data-image-title=\"13224112_1036583153093021_16910149_o\" data-image-description=\"\" data-image-caption=\"\" data-medium-file=\"https:\/\/i0.wp.com\/www.zoom--in.it\/wp-content\/uploads\/2018\/12\/13224112_1036583153093021_16910149_o.jpg?fit=300%2C169&amp;ssl=1\" data-large-file=\"https:\/\/i0.wp.com\/www.zoom--in.it\/wp-content\/uploads\/2018\/12\/13224112_1036583153093021_16910149_o.jpg?fit=640%2C360&amp;ssl=1\" \/><\/a>\n<h4 class=\"pt-cv-title\"><a href=\"https:\/\/www.zoom--in.it\/index.php\/2018\/12\/08\/e-scioccante-ma-ormai-sempre-piu-chiaro-che-donald-trump-e-una-marionetta-di-vladimir-putin\/\" class=\"_self\" target=\"_self\" >\u00c8 scioccante ma ormai sempre pi\u00f9 chiaro che Donald Trump \u00e8 una marionetta di Vladimir Putin.<\/a><\/h4>\n<div class=\"pt-cv-content\">\u00c8 scioccante ma ormai sempre pi\u00f9 chiaro: Donald Trump \u00e8 una marionetta... di Vladimir Putin. Ma \u00e8 importante che il ...<br \/><a href=\"https:\/\/www.zoom--in.it\/index.php\/2018\/12\/08\/e-scioccante-ma-ormai-sempre-piu-chiaro-che-donald-trump-e-una-marionetta-di-vladimir-putin\/\" class=\"_self pt-cv-readmore btn btn-success\" target=\"_self\">Leggi Tutto<\/a><\/div><\/div><\/div>\n<div class=\"col-md-6 col-sm-6 col-xs-12 pt-cv-content-item pt-cv-2-col\" ><div class='pt-cv-ifield'><a href=\"https:\/\/www.zoom--in.it\/index.php\/2018\/12\/08\/ceta-accordo-canada-europa-finalita-simili-al-ttip\/\" class=\"_self pt-cv-href-thumbnail pt-cv-thumb-left\" target=\"_self\" ><img width=\"150\" height=\"150\" src=\"https:\/\/i0.wp.com\/www.zoom--in.it\/wp-content\/uploads\/2018\/12\/nugolo-di-multinazionali.jpg?resize=150%2C150&amp;ssl=1\" class=\"pt-cv-thumbnail pull-left\" alt=\"\" loading=\"lazy\" data-attachment-id=\"2722\" data-permalink=\"https:\/\/www.zoom--in.it\/index.php\/2018\/12\/08\/ceta-accordo-canada-europa-finalita-simili-al-ttip\/nugolo-di-multinazionali\/\" data-orig-file=\"https:\/\/i0.wp.com\/www.zoom--in.it\/wp-content\/uploads\/2018\/12\/nugolo-di-multinazionali.jpg?fit=1300%2C729&amp;ssl=1\" data-orig-size=\"1300,729\" data-comments-opened=\"0\" data-image-meta=\"{&quot;aperture&quot;:&quot;0&quot;,&quot;credit&quot;:&quot;&quot;,&quot;camera&quot;:&quot;&quot;,&quot;caption&quot;:&quot;&quot;,&quot;created_timestamp&quot;:&quot;0&quot;,&quot;copyright&quot;:&quot;&quot;,&quot;focal_length&quot;:&quot;0&quot;,&quot;iso&quot;:&quot;0&quot;,&quot;shutter_speed&quot;:&quot;0&quot;,&quot;title&quot;:&quot;&quot;,&quot;orientation&quot;:&quot;0&quot;}\" data-image-title=\"nugolo di multinazionali\" data-image-description=\"\" data-image-caption=\"\" data-medium-file=\"https:\/\/i0.wp.com\/www.zoom--in.it\/wp-content\/uploads\/2018\/12\/nugolo-di-multinazionali.jpg?fit=300%2C168&amp;ssl=1\" data-large-file=\"https:\/\/i0.wp.com\/www.zoom--in.it\/wp-content\/uploads\/2018\/12\/nugolo-di-multinazionali.jpg?fit=640%2C359&amp;ssl=1\" \/><\/a>\n<h4 class=\"pt-cv-title\"><a href=\"https:\/\/www.zoom--in.it\/index.php\/2018\/12\/08\/ceta-accordo-canada-europa-finalita-simili-al-ttip\/\" class=\"_self\" target=\"_self\" >CETA: ACCORDO CANADA-EUROPA.  FINALIT\u00c0 SIMILI AL TTIP?<\/a><\/h4>\n<div class=\"pt-cv-content\">CETA: ACCORDO CANADA-EUROPA. FINALIT\u00c0 SIMILI AL TTIP? Un cavallo di Troia delle lobby e delle multinazionali?\u00a0Mentre in Italia si parlava ...<br \/><a href=\"https:\/\/www.zoom--in.it\/index.php\/2018\/12\/08\/ceta-accordo-canada-europa-finalita-simili-al-ttip\/\" class=\"_self pt-cv-readmore btn btn-success\" target=\"_self\">Leggi Tutto<\/a><\/div><\/div><\/div>\n<div class=\"col-md-6 col-sm-6 col-xs-12 pt-cv-content-item pt-cv-2-col\" ><div class='pt-cv-ifield'><a href=\"https:\/\/www.zoom--in.it\/index.php\/2018\/12\/08\/da-noi-si-puo-fare-intervista-a-paolo-ermani\/\" class=\"_self pt-cv-href-thumbnail pt-cv-thumb-left\" target=\"_self\" ><img width=\"150\" height=\"150\" src=\"https:\/\/i0.wp.com\/www.zoom--in.it\/wp-content\/uploads\/2018\/12\/rapporto_asvis.jpg?resize=150%2C150&amp;ssl=1\" class=\"pt-cv-thumbnail pull-left\" alt=\"\" loading=\"lazy\" data-attachment-id=\"2704\" data-permalink=\"https:\/\/www.zoom--in.it\/index.php\/2018\/12\/08\/da-noi-si-puo-fare-intervista-a-paolo-ermani\/rapporto_asvis\/\" data-orig-file=\"https:\/\/i0.wp.com\/www.zoom--in.it\/wp-content\/uploads\/2018\/12\/rapporto_asvis.jpg?fit=1200%2C800&amp;ssl=1\" data-orig-size=\"1200,800\" data-comments-opened=\"0\" data-image-meta=\"{&quot;aperture&quot;:&quot;0&quot;,&quot;credit&quot;:&quot;&quot;,&quot;camera&quot;:&quot;&quot;,&quot;caption&quot;:&quot;&quot;,&quot;created_timestamp&quot;:&quot;0&quot;,&quot;copyright&quot;:&quot;&quot;,&quot;focal_length&quot;:&quot;0&quot;,&quot;iso&quot;:&quot;0&quot;,&quot;shutter_speed&quot;:&quot;0&quot;,&quot;title&quot;:&quot;&quot;,&quot;orientation&quot;:&quot;0&quot;}\" data-image-title=\"rapporto_asvis\" data-image-description=\"\" data-image-caption=\"\" data-medium-file=\"https:\/\/i0.wp.com\/www.zoom--in.it\/wp-content\/uploads\/2018\/12\/rapporto_asvis.jpg?fit=300%2C200&amp;ssl=1\" data-large-file=\"https:\/\/i0.wp.com\/www.zoom--in.it\/wp-content\/uploads\/2018\/12\/rapporto_asvis.jpg?fit=640%2C427&amp;ssl=1\" \/><\/a>\n<h4 class=\"pt-cv-title\"><a href=\"https:\/\/www.zoom--in.it\/index.php\/2018\/12\/08\/da-noi-si-puo-fare-intervista-a-paolo-ermani\/\" class=\"_self\" target=\"_self\" >\u201cDA NOI SI PU\u00d2 FARE\u201d: INTERVISTA A PAOLO ERMANI<\/a><\/h4>\n<div class=\"pt-cv-content\">\u201cDA NOI SI PU\u00d2 FARE\u201d: INTERVISTA A PAOLO ERMANI Paolo Ermani \u00e8 un consulente energetico, scrittore, facilitatore, formatore e presidente ...<br \/><a href=\"https:\/\/www.zoom--in.it\/index.php\/2018\/12\/08\/da-noi-si-puo-fare-intervista-a-paolo-ermani\/\" class=\"_self pt-cv-readmore btn btn-success\" target=\"_self\">Leggi Tutto<\/a><\/div><\/div><\/div>\n<div class=\"col-md-6 col-sm-6 col-xs-12 pt-cv-content-item pt-cv-2-col\" ><div class='pt-cv-ifield'><a href=\"https:\/\/www.zoom--in.it\/index.php\/2018\/11\/18\/il-destino-dellafrica\/\" class=\"_self pt-cv-href-thumbnail pt-cv-thumb-left\" target=\"_self\" ><img width=\"150\" height=\"150\" src=\"https:\/\/i0.wp.com\/www.zoom--in.it\/wp-content\/uploads\/2018\/11\/maxresdefault-1-1.jpg?resize=150%2C150&amp;ssl=1\" class=\"pt-cv-thumbnail pull-left\" alt=\"\" loading=\"lazy\" data-attachment-id=\"1301\" data-permalink=\"https:\/\/www.zoom--in.it\/index.php\/2018\/11\/18\/il-destino-dellafrica\/maxresdefault-1\/\" data-orig-file=\"https:\/\/i0.wp.com\/www.zoom--in.it\/wp-content\/uploads\/2018\/11\/maxresdefault-1-1.jpg?fit=1280%2C720&amp;ssl=1\" data-orig-size=\"1280,720\" data-comments-opened=\"0\" data-image-meta=\"{&quot;aperture&quot;:&quot;0&quot;,&quot;credit&quot;:&quot;&quot;,&quot;camera&quot;:&quot;&quot;,&quot;caption&quot;:&quot;&quot;,&quot;created_timestamp&quot;:&quot;0&quot;,&quot;copyright&quot;:&quot;&quot;,&quot;focal_length&quot;:&quot;0&quot;,&quot;iso&quot;:&quot;0&quot;,&quot;shutter_speed&quot;:&quot;0&quot;,&quot;title&quot;:&quot;&quot;,&quot;orientation&quot;:&quot;0&quot;}\" data-image-title=\"maxresdefault-1\" data-image-description=\"\" data-image-caption=\"\" data-medium-file=\"https:\/\/i0.wp.com\/www.zoom--in.it\/wp-content\/uploads\/2018\/11\/maxresdefault-1-1.jpg?fit=300%2C169&amp;ssl=1\" data-large-file=\"https:\/\/i0.wp.com\/www.zoom--in.it\/wp-content\/uploads\/2018\/11\/maxresdefault-1-1.jpg?fit=640%2C360&amp;ssl=1\" \/><\/a>\n<h4 class=\"pt-cv-title\"><a href=\"https:\/\/www.zoom--in.it\/index.php\/2018\/11\/18\/il-destino-dellafrica\/\" class=\"_self\" target=\"_self\" >IL DESTINO DELL&#8217;AFRICA<\/a><\/h4>\n<div class=\"pt-cv-content\">IL DESTINO DELL'AFRICA Con poco cambierebbe, ma nessuno comincia ad attuarlo. L\u2019Africa \u00e8 ricchissima. E\u2019 il continente delle materie prime, ...<br \/><a href=\"https:\/\/www.zoom--in.it\/index.php\/2018\/11\/18\/il-destino-dellafrica\/\" class=\"_self pt-cv-readmore btn btn-success\" target=\"_self\">Leggi Tutto<\/a><\/div><\/div><\/div>\n<div class=\"col-md-6 col-sm-6 col-xs-12 pt-cv-content-item pt-cv-2-col\" ><div class='pt-cv-ifield'><a href=\"https:\/\/www.zoom--in.it\/index.php\/2018\/11\/18\/solo-la-crisi-ci-puo-salvare\/\" class=\"_self pt-cv-href-thumbnail pt-cv-thumb-left\" target=\"_self\" ><img width=\"150\" height=\"150\" src=\"https:\/\/i0.wp.com\/www.zoom--in.it\/wp-content\/uploads\/2018\/11\/crisi-dimpresa.jpg?resize=150%2C150&amp;ssl=1\" class=\"pt-cv-thumbnail pull-left\" alt=\"\" loading=\"lazy\" data-attachment-id=\"1291\" data-permalink=\"https:\/\/www.zoom--in.it\/index.php\/2018\/11\/18\/solo-la-crisi-ci-puo-salvare\/stock-market-graphs\/\" data-orig-file=\"https:\/\/i0.wp.com\/www.zoom--in.it\/wp-content\/uploads\/2018\/11\/crisi-dimpresa.jpg?fit=1200%2C799&amp;ssl=1\" data-orig-size=\"1200,799\" data-comments-opened=\"0\" data-image-meta=\"{&quot;aperture&quot;:&quot;3.5&quot;,&quot;credit&quot;:&quot;unknown&quot;,&quot;camera&quot;:&quot;Canon EOS 350D DIGITAL&quot;,&quot;caption&quot;:&quot;The hand showing successful growth of  stock market trends.&quot;,&quot;created_timestamp&quot;:&quot;1231428916&quot;,&quot;copyright&quot;:&quot;&quot;,&quot;focal_length&quot;:&quot;60&quot;,&quot;iso&quot;:&quot;100&quot;,&quot;shutter_speed&quot;:&quot;0.016666666666667&quot;,&quot;title&quot;:&quot;Stock market graphs.&quot;,&quot;orientation&quot;:&quot;1&quot;}\" data-image-title=\"Stock market graphs.\" data-image-description=\"\" data-image-caption=\"&lt;p&gt;The hand showing successful growth of  stock market trends.&lt;\/p&gt;\n\" data-medium-file=\"https:\/\/i0.wp.com\/www.zoom--in.it\/wp-content\/uploads\/2018\/11\/crisi-dimpresa.jpg?fit=300%2C200&amp;ssl=1\" data-large-file=\"https:\/\/i0.wp.com\/www.zoom--in.it\/wp-content\/uploads\/2018\/11\/crisi-dimpresa.jpg?fit=640%2C426&amp;ssl=1\" \/><\/a>\n<h4 class=\"pt-cv-title\"><a href=\"https:\/\/www.zoom--in.it\/index.php\/2018\/11\/18\/solo-la-crisi-ci-puo-salvare\/\" class=\"_self\" target=\"_self\" >SOLO LA CRISI CI PU\u00d2 SALVARE<\/a><\/h4>\n<div class=\"pt-cv-content\">SOLO LA CRISI CI PU\u00d2 SALVARE La crisi economica \u00e8 una meravigliosa opportunit\u00e0. \u00c8 possibile evitare il disastro indotto dal ...<br \/><a href=\"https:\/\/www.zoom--in.it\/index.php\/2018\/11\/18\/solo-la-crisi-ci-puo-salvare\/\" class=\"_self pt-cv-readmore btn btn-success\" target=\"_self\">Leggi Tutto<\/a><\/div><\/div><\/div>\n<div class=\"col-md-6 col-sm-6 col-xs-12 pt-cv-content-item pt-cv-2-col\" ><div class='pt-cv-ifield'><a href=\"https:\/\/www.zoom--in.it\/index.php\/2018\/11\/18\/non-e-vero-che-i-ragazzini-thailandesi-sono-tutti-salvi\/\" class=\"_self pt-cv-href-thumbnail pt-cv-thumb-left\" target=\"_self\" ><img width=\"150\" height=\"150\" src=\"https:\/\/i0.wp.com\/www.zoom--in.it\/wp-content\/uploads\/2018\/11\/video-soccorsi-dentro-grotta-thailandia-ragazzi-1.png?resize=150%2C150&amp;ssl=1\" class=\"pt-cv-thumbnail pull-left\" alt=\"\" loading=\"lazy\" data-attachment-id=\"1250\" data-permalink=\"https:\/\/www.zoom--in.it\/index.php\/2018\/11\/18\/non-e-vero-che-i-ragazzini-thailandesi-sono-tutti-salvi\/video-soccorsi-dentro-grotta-thailandia-ragazzi-1\/\" data-orig-file=\"https:\/\/i0.wp.com\/www.zoom--in.it\/wp-content\/uploads\/2018\/11\/video-soccorsi-dentro-grotta-thailandia-ragazzi-1.png?fit=1065%2C529&amp;ssl=1\" data-orig-size=\"1065,529\" data-comments-opened=\"0\" data-image-meta=\"{&quot;aperture&quot;:&quot;0&quot;,&quot;credit&quot;:&quot;&quot;,&quot;camera&quot;:&quot;&quot;,&quot;caption&quot;:&quot;&quot;,&quot;created_timestamp&quot;:&quot;0&quot;,&quot;copyright&quot;:&quot;&quot;,&quot;focal_length&quot;:&quot;0&quot;,&quot;iso&quot;:&quot;0&quot;,&quot;shutter_speed&quot;:&quot;0&quot;,&quot;title&quot;:&quot;&quot;,&quot;orientation&quot;:&quot;0&quot;}\" data-image-title=\"video-soccorsi-dentro-grotta-thailandia-ragazzi (1)\" data-image-description=\"\" data-image-caption=\"\" data-medium-file=\"https:\/\/i0.wp.com\/www.zoom--in.it\/wp-content\/uploads\/2018\/11\/video-soccorsi-dentro-grotta-thailandia-ragazzi-1.png?fit=300%2C149&amp;ssl=1\" data-large-file=\"https:\/\/i0.wp.com\/www.zoom--in.it\/wp-content\/uploads\/2018\/11\/video-soccorsi-dentro-grotta-thailandia-ragazzi-1.png?fit=640%2C318&amp;ssl=1\" \/><\/a>\n<h4 class=\"pt-cv-title\"><a href=\"https:\/\/www.zoom--in.it\/index.php\/2018\/11\/18\/non-e-vero-che-i-ragazzini-thailandesi-sono-tutti-salvi\/\" class=\"_self\" target=\"_self\" >NON E&#8217; VERO CHE I RAGAZZINI THAILANDESI SONO TUTTI SALVI<\/a><\/h4>\n<div class=\"pt-cv-content\">NON E' VERO CHE I RAGAZZINI THAILANDESI SONO TUTTI SALVI I ragazzini thailandesi intrappolati in una grotta sono tutti salvi ...<br \/><a href=\"https:\/\/www.zoom--in.it\/index.php\/2018\/11\/18\/non-e-vero-che-i-ragazzini-thailandesi-sono-tutti-salvi\/\" class=\"_self pt-cv-readmore btn btn-success\" target=\"_self\">Leggi Tutto<\/a><\/div><\/div><\/div>\n<div class=\"col-md-6 col-sm-6 col-xs-12 pt-cv-content-item pt-cv-2-col\" ><div class='pt-cv-ifield'><a href=\"https:\/\/www.zoom--in.it\/index.php\/2018\/11\/18\/il-gioco-del-ragazzo\/\" class=\"_self pt-cv-href-thumbnail pt-cv-thumb-left\" target=\"_self\" ><img width=\"150\" height=\"150\" src=\"https:\/\/i0.wp.com\/www.zoom--in.it\/wp-content\/uploads\/2018\/11\/bacha-bazi.jpg?resize=150%2C150&amp;ssl=1\" class=\"pt-cv-thumbnail pull-left\" alt=\"\" loading=\"lazy\" data-attachment-id=\"1238\" data-permalink=\"https:\/\/www.zoom--in.it\/index.php\/2018\/11\/18\/il-gioco-del-ragazzo\/bacha-bazi\/\" data-orig-file=\"https:\/\/i0.wp.com\/www.zoom--in.it\/wp-content\/uploads\/2018\/11\/bacha-bazi.jpg?fit=1280%2C638&amp;ssl=1\" data-orig-size=\"1280,638\" data-comments-opened=\"0\" data-image-meta=\"{&quot;aperture&quot;:&quot;0&quot;,&quot;credit&quot;:&quot;&quot;,&quot;camera&quot;:&quot;&quot;,&quot;caption&quot;:&quot;&quot;,&quot;created_timestamp&quot;:&quot;0&quot;,&quot;copyright&quot;:&quot;&quot;,&quot;focal_length&quot;:&quot;0&quot;,&quot;iso&quot;:&quot;0&quot;,&quot;shutter_speed&quot;:&quot;0&quot;,&quot;title&quot;:&quot;&quot;,&quot;orientation&quot;:&quot;1&quot;}\" data-image-title=\"bacha-bazi\" data-image-description=\"\" data-image-caption=\"\" data-medium-file=\"https:\/\/i0.wp.com\/www.zoom--in.it\/wp-content\/uploads\/2018\/11\/bacha-bazi.jpg?fit=300%2C150&amp;ssl=1\" data-large-file=\"https:\/\/i0.wp.com\/www.zoom--in.it\/wp-content\/uploads\/2018\/11\/bacha-bazi.jpg?fit=640%2C319&amp;ssl=1\" \/><\/a>\n<h4 class=\"pt-cv-title\"><a href=\"https:\/\/www.zoom--in.it\/index.php\/2018\/11\/18\/il-gioco-del-ragazzo\/\" class=\"_self\" target=\"_self\" >IL GIOCO DEL RAGAZZO<\/a><\/h4>\n<div class=\"pt-cv-content\">IL GIOCO DEL RAGAZZO E\u2019 un Afghanistan devastato:\u00a0 guerra e povert\u00e0 sono da tempo il programma quotidiano, cos\u00ec come una ...<br \/><a href=\"https:\/\/www.zoom--in.it\/index.php\/2018\/11\/18\/il-gioco-del-ragazzo\/\" class=\"_self pt-cv-readmore btn btn-success\" target=\"_self\">Leggi Tutto<\/a><\/div><\/div><\/div>\n<div class=\"col-md-6 col-sm-6 col-xs-12 pt-cv-content-item pt-cv-2-col\" ><div class='pt-cv-ifield'><a href=\"https:\/\/www.zoom--in.it\/index.php\/2018\/11\/17\/tanti-fanciulli-allevati-per-essere-carne-da-camera-a-gas\/\" class=\"_self pt-cv-href-thumbnail pt-cv-thumb-left\" target=\"_self\" ><img width=\"150\" height=\"150\" src=\"https:\/\/i0.wp.com\/www.zoom--in.it\/wp-content\/uploads\/2018\/11\/cut1432764525253jpg-.jpg?resize=150%2C150&amp;ssl=1\" class=\"pt-cv-thumbnail pull-left\" alt=\"\" loading=\"lazy\" data-attachment-id=\"1203\" data-permalink=\"https:\/\/www.zoom--in.it\/index.php\/2018\/11\/17\/tanti-fanciulli-allevati-per-essere-carne-da-camera-a-gas\/cut1432764525253jpg\/\" data-orig-file=\"https:\/\/i0.wp.com\/www.zoom--in.it\/wp-content\/uploads\/2018\/11\/cut1432764525253jpg-.jpg?fit=680%2C380&amp;ssl=1\" data-orig-size=\"680,380\" data-comments-opened=\"0\" data-image-meta=\"{&quot;aperture&quot;:&quot;0&quot;,&quot;credit&quot;:&quot;&quot;,&quot;camera&quot;:&quot;&quot;,&quot;caption&quot;:&quot;&quot;,&quot;created_timestamp&quot;:&quot;0&quot;,&quot;copyright&quot;:&quot;&quot;,&quot;focal_length&quot;:&quot;0&quot;,&quot;iso&quot;:&quot;0&quot;,&quot;shutter_speed&quot;:&quot;0&quot;,&quot;title&quot;:&quot;&quot;,&quot;orientation&quot;:&quot;0&quot;}\" data-image-title=\"cut1432764525253jpg&#8211;\" data-image-description=\"\" data-image-caption=\"\" data-medium-file=\"https:\/\/i0.wp.com\/www.zoom--in.it\/wp-content\/uploads\/2018\/11\/cut1432764525253jpg-.jpg?fit=300%2C168&amp;ssl=1\" data-large-file=\"https:\/\/i0.wp.com\/www.zoom--in.it\/wp-content\/uploads\/2018\/11\/cut1432764525253jpg-.jpg?fit=380%2C380&amp;ssl=1\" \/><\/a>\n<h4 class=\"pt-cv-title\"><a href=\"https:\/\/www.zoom--in.it\/index.php\/2018\/11\/17\/tanti-fanciulli-allevati-per-essere-carne-da-camera-a-gas\/\" class=\"_self\" target=\"_self\" >TANTI FANCIULLI ALLEVATI PER ESSERE CARNE DA CAMERA A GAS<\/a><\/h4>\n<div class=\"pt-cv-content\">Paula Cooper, afroamericana nata nel 1969, dopo un\u2019infanzia ed un\u2019adolescenza travagliate, fu condannata a morte per\u00a0omicidio di primo grado, quando ...<br \/><a href=\"https:\/\/www.zoom--in.it\/index.php\/2018\/11\/17\/tanti-fanciulli-allevati-per-essere-carne-da-camera-a-gas\/\" class=\"_self pt-cv-readmore btn btn-success\" target=\"_self\">Leggi Tutto<\/a><\/div><\/div><\/div>\n<div class=\"col-md-6 col-sm-6 col-xs-12 pt-cv-content-item pt-cv-2-col\" ><div class='pt-cv-ifield'><a href=\"https:\/\/www.zoom--in.it\/index.php\/2018\/11\/17\/femminicidio-sociale-femminicidio-prenatale\/\" class=\"_self pt-cv-href-thumbnail pt-cv-thumb-left\" target=\"_self\" ><img width=\"150\" height=\"150\" src=\"https:\/\/i0.wp.com\/www.zoom--in.it\/wp-content\/uploads\/2018\/11\/eye-609987_960_720.jpg?resize=150%2C150&amp;ssl=1\" class=\"pt-cv-thumbnail pull-left\" alt=\"\" loading=\"lazy\" data-attachment-id=\"1189\" data-permalink=\"https:\/\/www.zoom--in.it\/index.php\/2018\/11\/17\/femminicidio-sociale-femminicidio-prenatale\/eye-609987_960_720\/\" data-orig-file=\"https:\/\/i0.wp.com\/www.zoom--in.it\/wp-content\/uploads\/2018\/11\/eye-609987_960_720.jpg?fit=801%2C720&amp;ssl=1\" data-orig-size=\"801,720\" data-comments-opened=\"0\" data-image-meta=\"{&quot;aperture&quot;:&quot;0&quot;,&quot;credit&quot;:&quot;&quot;,&quot;camera&quot;:&quot;&quot;,&quot;caption&quot;:&quot;&quot;,&quot;created_timestamp&quot;:&quot;0&quot;,&quot;copyright&quot;:&quot;&quot;,&quot;focal_length&quot;:&quot;0&quot;,&quot;iso&quot;:&quot;0&quot;,&quot;shutter_speed&quot;:&quot;0&quot;,&quot;title&quot;:&quot;&quot;,&quot;orientation&quot;:&quot;0&quot;}\" data-image-title=\"eye-609987_960_720\" data-image-description=\"\" data-image-caption=\"\" data-medium-file=\"https:\/\/i0.wp.com\/www.zoom--in.it\/wp-content\/uploads\/2018\/11\/eye-609987_960_720.jpg?fit=300%2C270&amp;ssl=1\" data-large-file=\"https:\/\/i0.wp.com\/www.zoom--in.it\/wp-content\/uploads\/2018\/11\/eye-609987_960_720.jpg?fit=640%2C640&amp;ssl=1\" \/><\/a>\n<h4 class=\"pt-cv-title\"><a href=\"https:\/\/www.zoom--in.it\/index.php\/2018\/11\/17\/femminicidio-sociale-femminicidio-prenatale\/\" class=\"_self\" target=\"_self\" >FEMMINICIDIO SOCIALE ,  FEMMINICIDIO PRENATALE<\/a><\/h4>\n<div class=\"pt-cv-content\">FEMMINICIDIO SOCIALE , FEMMINICIDIO PRENATALE Africa, Asia e Messico; India e Cina.In queste mega-societ\u00e0, l\u2019ecografia ha una grande importanza preventiva: ...<br \/><a href=\"https:\/\/www.zoom--in.it\/index.php\/2018\/11\/17\/femminicidio-sociale-femminicidio-prenatale\/\" class=\"_self pt-cv-readmore btn btn-success\" target=\"_self\">Leggi Tutto<\/a><\/div><\/div><\/div>\n<div class=\"col-md-6 col-sm-6 col-xs-12 pt-cv-content-item pt-cv-2-col\" ><div class='pt-cv-ifield'><a href=\"https:\/\/www.zoom--in.it\/index.php\/2018\/11\/17\/femminicidio-una-moda-antica\/\" class=\"_self pt-cv-href-thumbnail pt-cv-thumb-left\" target=\"_self\" ><img width=\"150\" height=\"150\" src=\"https:\/\/i0.wp.com\/www.zoom--in.it\/wp-content\/uploads\/2018\/11\/occhi-che-lacrimano-spesso.jpg?resize=150%2C150&amp;ssl=1\" class=\"pt-cv-thumbnail pull-left\" alt=\"\" loading=\"lazy\" data-attachment-id=\"1178\" data-permalink=\"https:\/\/www.zoom--in.it\/index.php\/2018\/11\/17\/femminicidio-una-moda-antica\/occhi-che-lacrimano-spesso\/\" data-orig-file=\"https:\/\/i0.wp.com\/www.zoom--in.it\/wp-content\/uploads\/2018\/11\/occhi-che-lacrimano-spesso.jpg?fit=1200%2C547&amp;ssl=1\" data-orig-size=\"1200,547\" data-comments-opened=\"0\" data-image-meta=\"{&quot;aperture&quot;:&quot;0&quot;,&quot;credit&quot;:&quot;&quot;,&quot;camera&quot;:&quot;&quot;,&quot;caption&quot;:&quot;&quot;,&quot;created_timestamp&quot;:&quot;0&quot;,&quot;copyright&quot;:&quot;&quot;,&quot;focal_length&quot;:&quot;0&quot;,&quot;iso&quot;:&quot;0&quot;,&quot;shutter_speed&quot;:&quot;0&quot;,&quot;title&quot;:&quot;&quot;,&quot;orientation&quot;:&quot;1&quot;}\" data-image-title=\"occhi-che-lacrimano-spesso\" data-image-description=\"\" data-image-caption=\"\" data-medium-file=\"https:\/\/i0.wp.com\/www.zoom--in.it\/wp-content\/uploads\/2018\/11\/occhi-che-lacrimano-spesso.jpg?fit=300%2C137&amp;ssl=1\" data-large-file=\"https:\/\/i0.wp.com\/www.zoom--in.it\/wp-content\/uploads\/2018\/11\/occhi-che-lacrimano-spesso.jpg?fit=640%2C292&amp;ssl=1\" \/><\/a>\n<h4 class=\"pt-cv-title\"><a href=\"https:\/\/www.zoom--in.it\/index.php\/2018\/11\/17\/femminicidio-una-moda-antica\/\" class=\"_self\" target=\"_self\" >FEMMINICIDIO: UNA MODA ANTICA<\/a><\/h4>\n<div class=\"pt-cv-content\">FEMMINICIDIO: UNA MODA ANTICA USAVerosimilmente, risulta che le donne vittime di femminicidio, sono assassinate da una persona affettivamente significativa: pi\u00f9 ...<br \/><a href=\"https:\/\/www.zoom--in.it\/index.php\/2018\/11\/17\/femminicidio-una-moda-antica\/\" class=\"_self pt-cv-readmore btn btn-success\" target=\"_self\">Leggi Tutto<\/a><\/div><\/div><\/div>\n<div class=\"col-md-6 col-sm-6 col-xs-12 pt-cv-content-item pt-cv-2-col\" ><div class='pt-cv-ifield'><a href=\"https:\/\/www.zoom--in.it\/index.php\/2018\/10\/21\/mia-figlia-ha-paura\/\" class=\"_self pt-cv-href-thumbnail pt-cv-thumb-left\" target=\"_self\" ><img width=\"150\" height=\"150\" src=\"https:\/\/i0.wp.com\/www.zoom--in.it\/wp-content\/uploads\/2018\/10\/naxos_resh8t0.jpg?resize=150%2C150&amp;ssl=1\" class=\"pt-cv-thumbnail pull-left\" alt=\"\" loading=\"lazy\" data-attachment-id=\"102\" data-permalink=\"https:\/\/www.zoom--in.it\/index.php\/2018\/10\/21\/mia-figlia-ha-paura\/naxos_resh8t0\/\" data-orig-file=\"https:\/\/i0.wp.com\/www.zoom--in.it\/wp-content\/uploads\/2018\/10\/naxos_resh8t0.jpg?fit=1200%2C848&amp;ssl=1\" data-orig-size=\"1200,848\" data-comments-opened=\"1\" data-image-meta=\"{&quot;aperture&quot;:&quot;0&quot;,&quot;credit&quot;:&quot;&quot;,&quot;camera&quot;:&quot;&quot;,&quot;caption&quot;:&quot;&quot;,&quot;created_timestamp&quot;:&quot;0&quot;,&quot;copyright&quot;:&quot;&quot;,&quot;focal_length&quot;:&quot;0&quot;,&quot;iso&quot;:&quot;0&quot;,&quot;shutter_speed&quot;:&quot;0&quot;,&quot;title&quot;:&quot;&quot;,&quot;orientation&quot;:&quot;0&quot;}\" data-image-title=\"naxos_resh8t0\" data-image-description=\"\" data-image-caption=\"\" data-medium-file=\"https:\/\/i0.wp.com\/www.zoom--in.it\/wp-content\/uploads\/2018\/10\/naxos_resh8t0.jpg?fit=300%2C212&amp;ssl=1\" data-large-file=\"https:\/\/i0.wp.com\/www.zoom--in.it\/wp-content\/uploads\/2018\/10\/naxos_resh8t0.jpg?fit=640%2C453&amp;ssl=1\" \/><\/a>\n<h4 class=\"pt-cv-title\"><a href=\"https:\/\/www.zoom--in.it\/index.php\/2018\/10\/21\/mia-figlia-ha-paura\/\" class=\"_self\" target=\"_self\" >Mia figlia ha paura<\/a><\/h4>\n<div class=\"pt-cv-content\">Mia figlia ha paura Da un po\u2019 di giorni, se vede la mamma uscire, abbandona le sue cose e corre ...<br \/><a href=\"https:\/\/www.zoom--in.it\/index.php\/2018\/10\/21\/mia-figlia-ha-paura\/\" class=\"_self pt-cv-readmore btn btn-success\" target=\"_self\">Leggi Tutto<\/a><\/div><\/div><\/div><\/div><\/div><\/div>\t\t<\/div>\n\t\t\t\t<\/div>\n\t\t\t\t\t\t<\/div>\n\t\t\t\t\t<\/div>\n\t\t<\/div>\n\t\t\t\t\t\t\t\t<\/div>\n\t\t\t\t\t<\/div>\n\t\t<\/section>\n\t\t\t\t<section class=\"elementor-section elementor-top-section elementor-element elementor-element-0fb4c3f elementor-section-boxed elementor-section-height-default elementor-section-height-default\" data-id=\"0fb4c3f\" data-element_type=\"section\">\n\t\t\t\t\t\t<div class=\"elementor-container elementor-column-gap-default\">\n\t\t\t\t\t\t\t<div class=\"elementor-row\">\n\t\t\t\t\t<div class=\"elementor-column elementor-col-100 elementor-top-column elementor-element elementor-element-de1b176\" data-id=\"de1b176\" data-element_type=\"column\">\n\t\t\t<div class=\"elementor-column-wrap elementor-element-populated\">\n\t\t\t\t\t\t\t<div class=\"elementor-widget-wrap\">\n\t\t\t\t\t\t<div class=\"elementor-element elementor-element-9e62471 elementor-widget elementor-widget-wp-widget-tag_cloud\" data-id=\"9e62471\" data-element_type=\"widget\" data-widget_type=\"wp-widget-tag_cloud.default\">\n\t\t\t\t<div class=\"elementor-widget-container\">\n\t\t\t<h5>Tag<\/h5><div class=\"tagcloud\"><a href=\"https:\/\/www.zoom--in.it\/index.php\/tag\/amalgami\/\" class=\"tag-cloud-link tag-link-70 tag-link-position-1\" style=\"font-size: 8pt;\" aria-label=\"amalgami (1 elemento )\">amalgami<\/a>\n<a href=\"https:\/\/www.zoom--in.it\/index.php\/tag\/bracconaggio\/\" class=\"tag-cloud-link tag-link-25 tag-link-position-2\" style=\"font-size: 16.75pt;\" aria-label=\"Bracconaggio (3 elementi)\">Bracconaggio<\/a>\n<a href=\"https:\/\/www.zoom--in.it\/index.php\/tag\/ceta\/\" class=\"tag-cloud-link tag-link-30 tag-link-position-3\" style=\"font-size: 8pt;\" aria-label=\"CETA (1 elemento )\">CETA<\/a>\n<a href=\"https:\/\/www.zoom--in.it\/index.php\/tag\/condanna\/\" class=\"tag-cloud-link tag-link-35 tag-link-position-4\" style=\"font-size: 19.666666666667pt;\" aria-label=\"condanna (4 elementi)\">condanna<\/a>\n<a href=\"https:\/\/www.zoom--in.it\/index.php\/tag\/fate-silenzio-ipocriti\/\" class=\"tag-cloud-link tag-link-28 tag-link-position-5\" style=\"font-size: 8pt;\" aria-label=\"Fate silenzio ipocriti (1 elemento )\">Fate silenzio ipocriti<\/a>\n<a href=\"https:\/\/www.zoom--in.it\/index.php\/tag\/foresta-bielowitza\/\" class=\"tag-cloud-link tag-link-23 tag-link-position-6\" style=\"font-size: 22pt;\" aria-label=\"Foresta Bielowitza (5 elementi)\">Foresta Bielowitza<\/a>\n<a href=\"https:\/\/www.zoom--in.it\/index.php\/tag\/il-sorriso-vincente\/\" class=\"tag-cloud-link tag-link-27 tag-link-position-7\" style=\"font-size: 13.25pt;\" aria-label=\"Il sorriso vincente (2 elementi)\">Il sorriso vincente<\/a>\n<a href=\"https:\/\/www.zoom--in.it\/index.php\/tag\/isole-di-plastica\/\" class=\"tag-cloud-link tag-link-26 tag-link-position-8\" style=\"font-size: 16.75pt;\" aria-label=\"Isole di plastica (3 elementi)\">Isole di plastica<\/a>\n<a href=\"https:\/\/www.zoom--in.it\/index.php\/tag\/le-petizioni-sono-efficaci\/\" class=\"tag-cloud-link tag-link-32 tag-link-position-9\" style=\"font-size: 16.75pt;\" aria-label=\"le Petizioni sono efficaci (3 elementi)\">le Petizioni sono efficaci<\/a>\n<a href=\"https:\/\/www.zoom--in.it\/index.php\/tag\/mercato\/\" class=\"tag-cloud-link tag-link-34 tag-link-position-10\" style=\"font-size: 16.75pt;\" aria-label=\"MERCATO (3 elementi)\">MERCATO<\/a>\n<a href=\"https:\/\/www.zoom--in.it\/index.php\/tag\/mercurio\/\" class=\"tag-cloud-link tag-link-69 tag-link-position-11\" style=\"font-size: 8pt;\" aria-label=\"mercurio (1 elemento )\">mercurio<\/a>\n<a href=\"https:\/\/www.zoom--in.it\/index.php\/tag\/peterfalk\/\" class=\"tag-cloud-link tag-link-71 tag-link-position-12\" style=\"font-size: 8pt;\" aria-label=\"peterfalk (1 elemento )\">peterfalk<\/a>\n<a href=\"https:\/\/www.zoom--in.it\/index.php\/tag\/sudan\/\" class=\"tag-cloud-link tag-link-31 tag-link-position-13\" style=\"font-size: 13.25pt;\" aria-label=\"SUDAN (2 elementi)\">SUDAN<\/a><\/div>\n\t\t<\/div>\n\t\t\t\t<\/div>\n\t\t\t\t\t\t<\/div>\n\t\t\t\t\t<\/div>\n\t\t<\/div>\n\t\t\t\t\t\t\t\t<\/div>\n\t\t\t\t\t<\/div>\n\t\t<\/section>\n\t\t\t\t\t\t\t\t\t<\/div>\n\t\t\t<\/div>\n\t\t\t\t\t<\/div>\n\t\t","protected":false},"excerpt":{"rendered":"<p>Mondo<\/p>\n","protected":false},"author":1,"featured_media":0,"parent":0,"menu_order":0,"comment_status":"closed","ping_status":"closed","template":"","meta":{"spay_email":""},"yoast_head":"<!-- This site is optimized with the Yoast SEO plugin v19.4 - https:\/\/yoast.com\/wordpress\/plugins\/seo\/ -->\n<title>Mondo - ZoomIN Magazine<\/title>\n<meta name=\"robots\" content=\"index, follow, max-snippet:-1, max-image-preview:large, max-video-preview:-1\" \/>\n<link rel=\"canonical\" href=\"https:\/\/www.zoom--in.it\/index.php\/mondo\/\" \/>\n<meta property=\"og:locale\" content=\"it_IT\" \/>\n<meta property=\"og:type\" content=\"article\" \/>\n<meta property=\"og:title\" content=\"Mondo - ZoomIN Magazine\" \/>\n<meta property=\"og:description\" content=\"Mondo\" \/>\n<meta property=\"og:url\" content=\"https:\/\/www.zoom--in.it\/index.php\/mondo\/\" \/>\n<meta property=\"og:site_name\" content=\"ZoomIN Magazine\" \/>\n<meta property=\"article:modified_time\" content=\"2018-11-28T17:32:17+00:00\" \/>\n<meta property=\"og:image\" content=\"https:\/\/www.zoom--in.it\/wp-content\/uploads\/elementor\/thumbs\/2-nzn71hppgohha5wbu2fdkxd2t071zmql1tt07fu2vy.png\" \/>\n<meta name=\"twitter:card\" content=\"summary_large_image\" \/>\n<script type=\"application\/ld+json\" class=\"yoast-schema-graph\">{\"@context\":\"https:\/\/schema.org\",\"@graph\":[{\"@type\":\"Organization\",\"@id\":\"https:\/\/www.zoom--in.it\/#organization\",\"name\":\"ZoomIN Magazine\",\"url\":\"https:\/\/www.zoom--in.it\/\",\"sameAs\":[],\"logo\":{\"@type\":\"ImageObject\",\"inLanguage\":\"it-IT\",\"@id\":\"https:\/\/www.zoom--in.it\/#\/schema\/logo\/image\/\",\"url\":\"https:\/\/i0.wp.com\/www.zoom--in.it\/wp-content\/uploads\/2018\/11\/cropped-final.png?fit=568%2C237&ssl=1\",\"contentUrl\":\"https:\/\/i0.wp.com\/www.zoom--in.it\/wp-content\/uploads\/2018\/11\/cropped-final.png?fit=568%2C237&ssl=1\",\"width\":568,\"height\":237,\"caption\":\"ZoomIN Magazine\"},\"image\":{\"@id\":\"https:\/\/www.zoom--in.it\/#\/schema\/logo\/image\/\"}},{\"@type\":\"WebSite\",\"@id\":\"https:\/\/www.zoom--in.it\/#website\",\"url\":\"https:\/\/www.zoom--in.it\/\",\"name\":\"ZoomIN Magazine\",\"description\":\"Magazine Online libero e senza pubblicit\u00e0, pieno di rubriche e curiosit\u00e0\",\"publisher\":{\"@id\":\"https:\/\/www.zoom--in.it\/#organization\"},\"potentialAction\":[{\"@type\":\"SearchAction\",\"target\":{\"@type\":\"EntryPoint\",\"urlTemplate\":\"https:\/\/www.zoom--in.it\/?s={search_term_string}\"},\"query-input\":\"required name=search_term_string\"}],\"inLanguage\":\"it-IT\"},{\"@type\":\"WebPage\",\"@id\":\"https:\/\/www.zoom--in.it\/index.php\/mondo\/\",\"url\":\"https:\/\/www.zoom--in.it\/index.php\/mondo\/\",\"name\":\"Mondo - ZoomIN Magazine\",\"isPartOf\":{\"@id\":\"https:\/\/www.zoom--in.it\/#website\"},\"datePublished\":\"2018-11-28T14:22:57+00:00\",\"dateModified\":\"2018-11-28T17:32:17+00:00\",\"breadcrumb\":{\"@id\":\"https:\/\/www.zoom--in.it\/index.php\/mondo\/#breadcrumb\"},\"inLanguage\":\"it-IT\",\"potentialAction\":[{\"@type\":\"ReadAction\",\"target\":[\"https:\/\/www.zoom--in.it\/index.php\/mondo\/\"]}]},{\"@type\":\"BreadcrumbList\",\"@id\":\"https:\/\/www.zoom--in.it\/index.php\/mondo\/#breadcrumb\",\"itemListElement\":[{\"@type\":\"ListItem\",\"position\":1,\"name\":\"Home\",\"item\":\"https:\/\/www.zoom--in.it\/\"},{\"@type\":\"ListItem\",\"position\":2,\"name\":\"Mondo\"}]}]}<\/script>\n<!-- \/ Yoast SEO plugin. -->","yoast_head_json":{"title":"Mondo - ZoomIN Magazine","robots":{"index":"index","follow":"follow","max-snippet":"max-snippet:-1","max-image-preview":"max-image-preview:large","max-video-preview":"max-video-preview:-1"},"canonical":"https:\/\/www.zoom--in.it\/index.php\/mondo\/","og_locale":"it_IT","og_type":"article","og_title":"Mondo - ZoomIN Magazine","og_description":"Mondo","og_url":"https:\/\/www.zoom--in.it\/index.php\/mondo\/","og_site_name":"ZoomIN Magazine","article_modified_time":"2018-11-28T17:32:17+00:00","og_image":[{"url":"https:\/\/www.zoom--in.it\/wp-content\/uploads\/elementor\/thumbs\/2-nzn71hppgohha5wbu2fdkxd2t071zmql1tt07fu2vy.png"}],"twitter_card":"summary_large_image","schema":{"@context":"https:\/\/schema.org","@graph":[{"@type":"Organization","@id":"https:\/\/www.zoom--in.it\/#organization","name":"ZoomIN Magazine","url":"https:\/\/www.zoom--in.it\/","sameAs":[],"logo":{"@type":"ImageObject","inLanguage":"it-IT","@id":"https:\/\/www.zoom--in.it\/#\/schema\/logo\/image\/","url":"https:\/\/i0.wp.com\/www.zoom--in.it\/wp-content\/uploads\/2018\/11\/cropped-final.png?fit=568%2C237&ssl=1","contentUrl":"https:\/\/i0.wp.com\/www.zoom--in.it\/wp-content\/uploads\/2018\/11\/cropped-final.png?fit=568%2C237&ssl=1","width":568,"height":237,"caption":"ZoomIN Magazine"},"image":{"@id":"https:\/\/www.zoom--in.it\/#\/schema\/logo\/image\/"}},{"@type":"WebSite","@id":"https:\/\/www.zoom--in.it\/#website","url":"https:\/\/www.zoom--in.it\/","name":"ZoomIN Magazine","description":"Magazine Online libero e senza pubblicit\u00e0, pieno di rubriche e curiosit\u00e0","publisher":{"@id":"https:\/\/www.zoom--in.it\/#organization"},"potentialAction":[{"@type":"SearchAction","target":{"@type":"EntryPoint","urlTemplate":"https:\/\/www.zoom--in.it\/?s={search_term_string}"},"query-input":"required name=search_term_string"}],"inLanguage":"it-IT"},{"@type":"WebPage","@id":"https:\/\/www.zoom--in.it\/index.php\/mondo\/","url":"https:\/\/www.zoom--in.it\/index.php\/mondo\/","name":"Mondo - ZoomIN Magazine","isPartOf":{"@id":"https:\/\/www.zoom--in.it\/#website"},"datePublished":"2018-11-28T14:22:57+00:00","dateModified":"2018-11-28T17:32:17+00:00","breadcrumb":{"@id":"https:\/\/www.zoom--in.it\/index.php\/mondo\/#breadcrumb"},"inLanguage":"it-IT","potentialAction":[{"@type":"ReadAction","target":["https:\/\/www.zoom--in.it\/index.php\/mondo\/"]}]},{"@type":"BreadcrumbList","@id":"https:\/\/www.zoom--in.it\/index.php\/mondo\/#breadcrumb","itemListElement":[{"@type":"ListItem","position":1,"name":"Home","item":"https:\/\/www.zoom--in.it\/"},{"@type":"ListItem","position":2,"name":"Mondo"}]}]}},"jetpack_sharing_enabled":true,"jetpack_shortlink":"https:\/\/wp.me\/P9Zlh8-s1","_links":{"self":[{"href":"https:\/\/www.zoom--in.it\/index.php\/wp-json\/wp\/v2\/pages\/1737"}],"collection":[{"href":"https:\/\/www.zoom--in.it\/index.php\/wp-json\/wp\/v2\/pages"}],"about":[{"href":"https:\/\/www.zoom--in.it\/index.php\/wp-json\/wp\/v2\/types\/page"}],"author":[{"embeddable":true,"href":"https:\/\/www.zoom--in.it\/index.php\/wp-json\/wp\/v2\/users\/1"}],"replies":[{"embeddable":true,"href":"https:\/\/www.zoom--in.it\/index.php\/wp-json\/wp\/v2\/comments?post=1737"}],"version-history":[{"count":4,"href":"https:\/\/www.zoom--in.it\/index.php\/wp-json\/wp\/v2\/pages\/1737\/revisions"}],"predecessor-version":[{"id":1775,"href":"https:\/\/www.zoom--in.it\/index.php\/wp-json\/wp\/v2\/pages\/1737\/revisions\/1775"}],"wp:attachment":[{"href":"https:\/\/www.zoom--in.it\/index.php\/wp-json\/wp\/v2\/media?parent=1737"}],"curies":[{"name":"wp","href":"https:\/\/api.w.org\/{rel}","templated":true}]}}