{"id":1790,"date":"2018-11-29T11:06:00","date_gmt":"2018-11-29T11:06:00","guid":{"rendered":"https:\/\/www.zoom--in.it\/?page_id=1790"},"modified":"2018-11-29T11:07:24","modified_gmt":"2018-11-29T11:07:24","slug":"stato","status":"publish","type":"page","link":"https:\/\/www.zoom--in.it\/index.php\/stato\/","title":{"rendered":"Stato"},"content":{"rendered":"\t\t<div data-elementor-type=\"wp-post\" data-elementor-id=\"1790\" class=\"elementor elementor-1790 elementor-bc-flex-widget\">\n\t\t\t\t\t\t<div class=\"elementor-inner\">\n\t\t\t\t<div class=\"elementor-section-wrap\">\n\t\t\t\t\t\t\t\t\t<section class=\"elementor-section elementor-top-section elementor-element elementor-element-8f77edd elementor-section-boxed elementor-section-height-default elementor-section-height-default\" data-id=\"8f77edd\" data-element_type=\"section\">\n\t\t\t\t\t\t<div class=\"elementor-container elementor-column-gap-default\">\n\t\t\t\t\t\t\t<div class=\"elementor-row\">\n\t\t\t\t\t<div class=\"elementor-column elementor-col-100 elementor-top-column elementor-element elementor-element-5dec4f2\" data-id=\"5dec4f2\" data-element_type=\"column\">\n\t\t\t<div class=\"elementor-column-wrap elementor-element-populated\">\n\t\t\t\t\t\t\t<div class=\"elementor-widget-wrap\">\n\t\t\t\t\t\t<div class=\"elementor-element elementor-element-902e0ba elementor-widget elementor-widget-heading\" data-id=\"902e0ba\" data-element_type=\"widget\" data-widget_type=\"heading.default\">\n\t\t\t\t<div class=\"elementor-widget-container\">\n\t\t\t<h1 class=\"elementor-heading-title elementor-size-xxl\">Stato<\/h1>\t\t<\/div>\n\t\t\t\t<\/div>\n\t\t\t\t\t\t<\/div>\n\t\t\t\t\t<\/div>\n\t\t<\/div>\n\t\t\t\t\t\t\t\t<\/div>\n\t\t\t\t\t<\/div>\n\t\t<\/section>\n\t\t\t\t<section class=\"elementor-section elementor-top-section elementor-element elementor-element-43acbc2 elementor-section-boxed elementor-section-height-default elementor-section-height-default\" data-id=\"43acbc2\" data-element_type=\"section\">\n\t\t\t\t\t\t<div class=\"elementor-container elementor-column-gap-default\">\n\t\t\t\t\t\t\t<div class=\"elementor-row\">\n\t\t\t\t\t<div class=\"elementor-column elementor-col-100 elementor-top-column elementor-element elementor-element-e9552e8\" data-id=\"e9552e8\" data-element_type=\"column\">\n\t\t\t<div class=\"elementor-column-wrap elementor-element-populated\">\n\t\t\t\t\t\t\t<div class=\"elementor-widget-wrap\">\n\t\t\t\t\t\t<div class=\"elementor-element elementor-element-4c85bab elementor-widget elementor-widget-wp-widget-elegant_magazine_posts_carousel\" data-id=\"4c85bab\" data-element_type=\"widget\" data-widget_type=\"wp-widget-elegant_magazine_posts_carousel.default\">\n\t\t\t\t<div class=\"elementor-widget-container\">\n\t\t\t                        <h2 class=\"widget-title\">\n                <span>IN EVIDENZA<\/span>\n            <\/h2>\n                                            <div class=\"posts-carousel\">\n                                        <div class=\"slick-item\">\n                            <figure class=\"carousel-image\">\n                                <div class=\"no-gutter-col banner-half\" data-mh=\"carousal-height\">\n                                    <figure class=\"featured-article\">\n                                        <div class=\"featured-article-wrapper\">\n                                            <div class=\"data-bg-hover data-bg-featured read-bg-img\">\n                                                <a class=\"em-figure-link\" href=\"https:\/\/www.zoom--in.it\/index.php\/2019\/12\/17\/un-tg-di-un-giorno-qualunque\/\">\n                                                    <img width=\"720\" height=\"380\" src=\"https:\/\/i0.wp.com\/www.zoom--in.it\/wp-content\/uploads\/2019\/12\/Adele.jpg?resize=720%2C380&amp;ssl=1\" class=\"attachment-elegant-magazine-medium size-elegant-magazine-medium wp-post-image\" alt=\"\" loading=\"lazy\" data-attachment-id=\"6699\" data-permalink=\"https:\/\/www.zoom--in.it\/index.php\/2019\/12\/17\/un-tg-di-un-giorno-qualunque\/adele\/\" data-orig-file=\"https:\/\/i0.wp.com\/www.zoom--in.it\/wp-content\/uploads\/2019\/12\/Adele.jpg?fit=1024%2C556&amp;ssl=1\" data-orig-size=\"1024,556\" data-comments-opened=\"1\" data-image-meta=\"{&quot;aperture&quot;:&quot;0&quot;,&quot;credit&quot;:&quot;&quot;,&quot;camera&quot;:&quot;&quot;,&quot;caption&quot;:&quot;&quot;,&quot;created_timestamp&quot;:&quot;0&quot;,&quot;copyright&quot;:&quot;&quot;,&quot;focal_length&quot;:&quot;0&quot;,&quot;iso&quot;:&quot;0&quot;,&quot;shutter_speed&quot;:&quot;0&quot;,&quot;title&quot;:&quot;&quot;,&quot;orientation&quot;:&quot;1&quot;}\" data-image-title=\"Adele\" data-image-description=\"\" data-image-caption=\"\" data-medium-file=\"https:\/\/i0.wp.com\/www.zoom--in.it\/wp-content\/uploads\/2019\/12\/Adele.jpg?fit=300%2C163&amp;ssl=1\" data-large-file=\"https:\/\/i0.wp.com\/www.zoom--in.it\/wp-content\/uploads\/2019\/12\/Adele.jpg?fit=640%2C348&amp;ssl=1\" \/>                                                <\/a>\n                                                <div class=\"figure-categories figure-categories-1 figure-categories-bg\">\n                                                                                                        <span class=\"cat-links\"> <a href=\"https:\/\/www.zoom--in.it\/index.php\/category\/stato\/\" rel=\"category tag\">Stato<\/a><\/span>                                                <\/div>\n                                            <\/div>\n                                        <\/div>\n                                    <\/figure>\n\n                                    <figcaption>\n                                        <div class=\"title-heading\">\n                                            <h3 class=\"article-title article-title-1\">\n                                                <a href=\"https:\/\/www.zoom--in.it\/index.php\/2019\/12\/17\/un-tg-di-un-giorno-qualunque\/\">\n                                                    Un TG di un giorno qualunque                                                <\/a>\n                                            <\/h3>\n                                        <\/div>\n                                        <div class=\"grid-item-metadata\">\n                                                    <span class=\"item-metadata posts-author\">\n            <span class=\"\">By<\/span>\n            <a href=\"https:\/\/www.zoom--in.it\/index.php\/author\/zenalois_o704dnqj\/\">\n                Redazione            <\/a>\n        <\/span>\n        <span class=\"\">\/<\/span>\n        <span class=\"item-metadata posts-date\">\n            Dicembre 17, 2019        <\/span>\n                                                <\/div>\n                                    <\/figcaption>\n                                <\/div>\n                                <\/figcaption>\n                            <\/figure>\n                        <\/div>\n                                            <div class=\"slick-item\">\n                            <figure class=\"carousel-image\">\n                                <div class=\"no-gutter-col banner-half\" data-mh=\"carousal-height\">\n                                    <figure class=\"featured-article\">\n                                        <div class=\"featured-article-wrapper\">\n                                            <div class=\"data-bg-hover data-bg-featured read-bg-img\">\n                                                <a class=\"em-figure-link\" href=\"https:\/\/www.zoom--in.it\/index.php\/2019\/07\/12\/niente-fiction-sui-migranti\/\">\n                                                    <img width=\"600\" height=\"380\" src=\"https:\/\/i0.wp.com\/www.zoom--in.it\/wp-content\/uploads\/2019\/07\/franceschini-su-richiesta-bronzi-di-riace-a-milano-per-expo.jpg?resize=600%2C380&amp;ssl=1\" class=\"attachment-elegant-magazine-medium size-elegant-magazine-medium wp-post-image\" alt=\"\" loading=\"lazy\" data-attachment-id=\"6408\" data-permalink=\"https:\/\/www.zoom--in.it\/index.php\/2019\/07\/12\/niente-fiction-sui-migranti\/franceschini-su-richiesta-bronzi-di-riace-a-milano-per-expo\/\" data-orig-file=\"https:\/\/i0.wp.com\/www.zoom--in.it\/wp-content\/uploads\/2019\/07\/franceschini-su-richiesta-bronzi-di-riace-a-milano-per-expo.jpg?fit=600%2C478&amp;ssl=1\" data-orig-size=\"600,478\" data-comments-opened=\"1\" data-image-meta=\"{&quot;aperture&quot;:&quot;0&quot;,&quot;credit&quot;:&quot;&quot;,&quot;camera&quot;:&quot;&quot;,&quot;caption&quot;:&quot;&quot;,&quot;created_timestamp&quot;:&quot;0&quot;,&quot;copyright&quot;:&quot;&quot;,&quot;focal_length&quot;:&quot;0&quot;,&quot;iso&quot;:&quot;0&quot;,&quot;shutter_speed&quot;:&quot;0&quot;,&quot;title&quot;:&quot;&quot;,&quot;orientation&quot;:&quot;0&quot;}\" data-image-title=\"franceschini-su-richiesta-bronzi-di-riace-a-milano-per-expo\" data-image-description=\"\" data-image-caption=\"\" data-medium-file=\"https:\/\/i0.wp.com\/www.zoom--in.it\/wp-content\/uploads\/2019\/07\/franceschini-su-richiesta-bronzi-di-riace-a-milano-per-expo.jpg?fit=300%2C239&amp;ssl=1\" data-large-file=\"https:\/\/i0.wp.com\/www.zoom--in.it\/wp-content\/uploads\/2019\/07\/franceschini-su-richiesta-bronzi-di-riace-a-milano-per-expo.jpg?fit=600%2C478&amp;ssl=1\" \/>                                                <\/a>\n                                                <div class=\"figure-categories figure-categories-1 figure-categories-bg\">\n                                                                                                        <span class=\"cat-links\"> <a href=\"https:\/\/www.zoom--in.it\/index.php\/category\/stato\/\" rel=\"category tag\">Stato<\/a><\/span>                                                <\/div>\n                                            <\/div>\n                                        <\/div>\n                                    <\/figure>\n\n                                    <figcaption>\n                                        <div class=\"title-heading\">\n                                            <h3 class=\"article-title article-title-1\">\n                                                <a href=\"https:\/\/www.zoom--in.it\/index.php\/2019\/07\/12\/niente-fiction-sui-migranti\/\">\n                                                    Niente Fiction sui Migranti                                                <\/a>\n                                            <\/h3>\n                                        <\/div>\n                                        <div class=\"grid-item-metadata\">\n                                                    <span class=\"item-metadata posts-author\">\n            <span class=\"\">By<\/span>\n            <a href=\"https:\/\/www.zoom--in.it\/index.php\/author\/zenalois_o704dnqj\/\">\n                Redazione            <\/a>\n        <\/span>\n        <span class=\"\">\/<\/span>\n        <span class=\"item-metadata posts-date\">\n            Luglio 12, 2019        <\/span>\n                                                <\/div>\n                                    <\/figcaption>\n                                <\/div>\n                                <\/figcaption>\n                            <\/figure>\n                        <\/div>\n                                            <div class=\"slick-item\">\n                            <figure class=\"carousel-image\">\n                                <div class=\"no-gutter-col banner-half\" data-mh=\"carousal-height\">\n                                    <figure class=\"featured-article\">\n                                        <div class=\"featured-article-wrapper\">\n                                            <div class=\"data-bg-hover data-bg-featured read-bg-img\">\n                                                <a class=\"em-figure-link\" href=\"https:\/\/www.zoom--in.it\/index.php\/2019\/07\/05\/sea-watch-pro-e-contro\/\">\n                                                    <img width=\"720\" height=\"380\" src=\"https:\/\/i0.wp.com\/www.zoom--in.it\/wp-content\/uploads\/2019\/07\/migranti_nave_sea_watch3_malta_lapresse_2018-1.jpg?resize=720%2C380&amp;ssl=1\" class=\"attachment-elegant-magazine-medium size-elegant-magazine-medium wp-post-image\" alt=\"\" loading=\"lazy\" data-attachment-id=\"6314\" data-permalink=\"https:\/\/www.zoom--in.it\/index.php\/2019\/07\/05\/sea-watch-pro-e-contro\/migranti_nave_sea_watch3_malta_lapresse_2018-2\/\" data-orig-file=\"https:\/\/i0.wp.com\/www.zoom--in.it\/wp-content\/uploads\/2019\/07\/migranti_nave_sea_watch3_malta_lapresse_2018-1.jpg?fit=1280%2C600&amp;ssl=1\" data-orig-size=\"1280,600\" data-comments-opened=\"1\" data-image-meta=\"{&quot;aperture&quot;:&quot;0&quot;,&quot;credit&quot;:&quot;&quot;,&quot;camera&quot;:&quot;&quot;,&quot;caption&quot;:&quot;&quot;,&quot;created_timestamp&quot;:&quot;0&quot;,&quot;copyright&quot;:&quot;&quot;,&quot;focal_length&quot;:&quot;0&quot;,&quot;iso&quot;:&quot;0&quot;,&quot;shutter_speed&quot;:&quot;0&quot;,&quot;title&quot;:&quot;&quot;,&quot;orientation&quot;:&quot;0&quot;}\" data-image-title=\"migranti_nave_sea_watch3_malta_lapresse_2018\" data-image-description=\"\" data-image-caption=\"\" data-medium-file=\"https:\/\/i0.wp.com\/www.zoom--in.it\/wp-content\/uploads\/2019\/07\/migranti_nave_sea_watch3_malta_lapresse_2018-1.jpg?fit=300%2C141&amp;ssl=1\" data-large-file=\"https:\/\/i0.wp.com\/www.zoom--in.it\/wp-content\/uploads\/2019\/07\/migranti_nave_sea_watch3_malta_lapresse_2018-1.jpg?fit=640%2C300&amp;ssl=1\" \/>                                                <\/a>\n                                                <div class=\"figure-categories figure-categories-1 figure-categories-bg\">\n                                                                                                        <span class=\"cat-links\"> <a href=\"https:\/\/www.zoom--in.it\/index.php\/category\/stato\/\" rel=\"category tag\">Stato<\/a><\/span>                                                <\/div>\n                                            <\/div>\n                                        <\/div>\n                                    <\/figure>\n\n                                    <figcaption>\n                                        <div class=\"title-heading\">\n                                            <h3 class=\"article-title article-title-1\">\n                                                <a href=\"https:\/\/www.zoom--in.it\/index.php\/2019\/07\/05\/sea-watch-pro-e-contro\/\">\n                                                    Sea-Watch PRO E CONTRO                                                <\/a>\n                                            <\/h3>\n                                        <\/div>\n                                        <div class=\"grid-item-metadata\">\n                                                    <span class=\"item-metadata posts-author\">\n            <span class=\"\">By<\/span>\n            <a href=\"https:\/\/www.zoom--in.it\/index.php\/author\/zenalois_o704dnqj\/\">\n                Redazione            <\/a>\n        <\/span>\n        <span class=\"\">\/<\/span>\n        <span class=\"item-metadata posts-date\">\n            Luglio 5, 2019        <\/span>\n                                                <\/div>\n                                    <\/figcaption>\n                                <\/div>\n                                <\/figcaption>\n                            <\/figure>\n                        <\/div>\n                                            <div class=\"slick-item\">\n                            <figure class=\"carousel-image\">\n                                <div class=\"no-gutter-col banner-half\" data-mh=\"carousal-height\">\n                                    <figure class=\"featured-article\">\n                                        <div class=\"featured-article-wrapper\">\n                                            <div class=\"data-bg-hover data-bg-featured read-bg-img\">\n                                                <a class=\"em-figure-link\" href=\"https:\/\/www.zoom--in.it\/index.php\/2019\/07\/04\/minori-tolti-a-genitori-per-denaro-in-manette-politici-e-medici\/\">\n                                                    <img width=\"720\" height=\"380\" src=\"https:\/\/i0.wp.com\/www.zoom--in.it\/wp-content\/uploads\/2019\/07\/tristezza-bambini.jpg?resize=720%2C380&amp;ssl=1\" class=\"attachment-elegant-magazine-medium size-elegant-magazine-medium wp-post-image\" alt=\"\" loading=\"lazy\" data-attachment-id=\"6272\" data-permalink=\"https:\/\/www.zoom--in.it\/index.php\/2019\/07\/04\/minori-tolti-a-genitori-per-denaro-in-manette-politici-e-medici\/tristezza-bambini\/\" data-orig-file=\"https:\/\/i0.wp.com\/www.zoom--in.it\/wp-content\/uploads\/2019\/07\/tristezza-bambini.jpg?fit=960%2C574&amp;ssl=1\" data-orig-size=\"960,574\" data-comments-opened=\"1\" data-image-meta=\"{&quot;aperture&quot;:&quot;0&quot;,&quot;credit&quot;:&quot;&quot;,&quot;camera&quot;:&quot;&quot;,&quot;caption&quot;:&quot;&quot;,&quot;created_timestamp&quot;:&quot;0&quot;,&quot;copyright&quot;:&quot;&quot;,&quot;focal_length&quot;:&quot;0&quot;,&quot;iso&quot;:&quot;0&quot;,&quot;shutter_speed&quot;:&quot;0&quot;,&quot;title&quot;:&quot;&quot;,&quot;orientation&quot;:&quot;0&quot;}\" data-image-title=\"tristezza-bambini\" data-image-description=\"\" data-image-caption=\"\" data-medium-file=\"https:\/\/i0.wp.com\/www.zoom--in.it\/wp-content\/uploads\/2019\/07\/tristezza-bambini.jpg?fit=300%2C179&amp;ssl=1\" data-large-file=\"https:\/\/i0.wp.com\/www.zoom--in.it\/wp-content\/uploads\/2019\/07\/tristezza-bambini.jpg?fit=640%2C383&amp;ssl=1\" \/>                                                <\/a>\n                                                <div class=\"figure-categories figure-categories-1 figure-categories-bg\">\n                                                                                                        <span class=\"cat-links\"> <a href=\"https:\/\/www.zoom--in.it\/index.php\/category\/stato\/\" rel=\"category tag\">Stato<\/a><\/span>                                                <\/div>\n                                            <\/div>\n                                        <\/div>\n                                    <\/figure>\n\n                                    <figcaption>\n                                        <div class=\"title-heading\">\n                                            <h3 class=\"article-title article-title-1\">\n                                                <a href=\"https:\/\/www.zoom--in.it\/index.php\/2019\/07\/04\/minori-tolti-a-genitori-per-denaro-in-manette-politici-e-medici\/\">\n                                                    Minori &#8216;tolti a genitori&#8217; per denaro, in manette politici e medici                                                <\/a>\n                                            <\/h3>\n                                        <\/div>\n                                        <div class=\"grid-item-metadata\">\n                                                    <span class=\"item-metadata posts-author\">\n            <span class=\"\">By<\/span>\n            <a href=\"https:\/\/www.zoom--in.it\/index.php\/author\/zenalois_o704dnqj\/\">\n                Redazione            <\/a>\n        <\/span>\n        <span class=\"\">\/<\/span>\n        <span class=\"item-metadata posts-date\">\n            Luglio 4, 2019        <\/span>\n                                                <\/div>\n                                    <\/figcaption>\n                                <\/div>\n                                <\/figcaption>\n                            <\/figure>\n                        <\/div>\n                                            <div class=\"slick-item\">\n                            <figure class=\"carousel-image\">\n                                <div class=\"no-gutter-col banner-half\" data-mh=\"carousal-height\">\n                                    <figure class=\"featured-article\">\n                                        <div class=\"featured-article-wrapper\">\n                                            <div class=\"data-bg-hover data-bg-featured read-bg-img\">\n                                                <a class=\"em-figure-link\" href=\"https:\/\/www.zoom--in.it\/index.php\/2019\/06\/14\/salvineide-a-oltranza\/\">\n                                                    <img width=\"720\" height=\"380\" src=\"https:\/\/i0.wp.com\/www.zoom--in.it\/wp-content\/uploads\/2019\/06\/Libro-Carlo-Rognoni-Rai-addio-1.jpg?resize=720%2C380&amp;ssl=1\" class=\"attachment-elegant-magazine-medium size-elegant-magazine-medium wp-post-image\" alt=\"\" loading=\"lazy\" data-attachment-id=\"6183\" data-permalink=\"https:\/\/www.zoom--in.it\/index.php\/2019\/06\/14\/salvineide-a-oltranza\/libro-carlo-rognoni-rai-addio-1\/\" data-orig-file=\"https:\/\/i0.wp.com\/www.zoom--in.it\/wp-content\/uploads\/2019\/06\/Libro-Carlo-Rognoni-Rai-addio-1.jpg?fit=4128%2C3096&amp;ssl=1\" data-orig-size=\"4128,3096\" data-comments-opened=\"1\" data-image-meta=\"{&quot;aperture&quot;:&quot;1.9&quot;,&quot;credit&quot;:&quot;&quot;,&quot;camera&quot;:&quot;SM-A320FL&quot;,&quot;caption&quot;:&quot;&quot;,&quot;created_timestamp&quot;:&quot;1515686933&quot;,&quot;copyright&quot;:&quot;&quot;,&quot;focal_length&quot;:&quot;3.6&quot;,&quot;iso&quot;:&quot;200&quot;,&quot;shutter_speed&quot;:&quot;0.033333333333333&quot;,&quot;title&quot;:&quot;&quot;,&quot;orientation&quot;:&quot;1&quot;}\" data-image-title=\"Libro-Carlo-Rognoni-Rai-addio (1)\" data-image-description=\"\" data-image-caption=\"\" data-medium-file=\"https:\/\/i0.wp.com\/www.zoom--in.it\/wp-content\/uploads\/2019\/06\/Libro-Carlo-Rognoni-Rai-addio-1.jpg?fit=300%2C225&amp;ssl=1\" data-large-file=\"https:\/\/i0.wp.com\/www.zoom--in.it\/wp-content\/uploads\/2019\/06\/Libro-Carlo-Rognoni-Rai-addio-1.jpg?fit=640%2C480&amp;ssl=1\" \/>                                                <\/a>\n                                                <div class=\"figure-categories figure-categories-1 figure-categories-bg\">\n                                                                                                        <span class=\"cat-links\"> <a href=\"https:\/\/www.zoom--in.it\/index.php\/category\/stato\/\" rel=\"category tag\">Stato<\/a><\/span>                                                <\/div>\n                                            <\/div>\n                                        <\/div>\n                                    <\/figure>\n\n                                    <figcaption>\n                                        <div class=\"title-heading\">\n                                            <h3 class=\"article-title article-title-1\">\n                                                <a href=\"https:\/\/www.zoom--in.it\/index.php\/2019\/06\/14\/salvineide-a-oltranza\/\">\n                                                    Salvineide, a oltranza                                                <\/a>\n                                            <\/h3>\n                                        <\/div>\n                                        <div class=\"grid-item-metadata\">\n                                                    <span class=\"item-metadata posts-author\">\n            <span class=\"\">By<\/span>\n            <a href=\"https:\/\/www.zoom--in.it\/index.php\/author\/luciano-scateni\/\">\n                Luciano Scateni            <\/a>\n        <\/span>\n        <span class=\"\">\/<\/span>\n        <span class=\"item-metadata posts-date\">\n            Giugno 14, 2019        <\/span>\n                                                <\/div>\n                                    <\/figcaption>\n                                <\/div>\n                                <\/figcaption>\n                            <\/figure>\n                        <\/div>\n                                <\/div>\n\n            \t\t<\/div>\n\t\t\t\t<\/div>\n\t\t\t\t\t\t<\/div>\n\t\t\t\t\t<\/div>\n\t\t<\/div>\n\t\t\t\t\t\t\t\t<\/div>\n\t\t\t\t\t<\/div>\n\t\t<\/section>\n\t\t\t\t<section class=\"elementor-section elementor-top-section elementor-element elementor-element-4440c80 elementor-section-stretched elementor-section-full_width elementor-section-height-default elementor-section-height-default\" data-id=\"4440c80\" data-element_type=\"section\" data-settings=\"{&quot;stretch_section&quot;:&quot;section-stretched&quot;}\">\n\t\t\t\t\t\t<div class=\"elementor-container elementor-column-gap-default\">\n\t\t\t\t\t\t\t<div class=\"elementor-row\">\n\t\t\t\t\t<div class=\"elementor-column elementor-col-100 elementor-top-column elementor-element elementor-element-01c8d7c\" data-id=\"01c8d7c\" data-element_type=\"column\">\n\t\t\t<div class=\"elementor-column-wrap elementor-element-populated\">\n\t\t\t\t\t\t\t<div class=\"elementor-widget-wrap\">\n\t\t\t\t\t\t<div class=\"elementor-element elementor-element-08b2234 elementor-widget elementor-widget-image\" data-id=\"08b2234\" data-element_type=\"widget\" data-widget_type=\"image.default\">\n\t\t\t\t<div class=\"elementor-widget-container\">\n\t\t\t\t\t\t\t\t<div class=\"elementor-image\">\n\t\t\t\t\t\t\t\t\t\t\t\t<img src=\"https:\/\/i0.wp.com\/www.zoom--in.it\/wp-content\/uploads\/2018\/11\/2.png?fit=1146%2C67&amp;ssl=1\" title=\"2\" alt=\"2\" \/>\t\t\t\t\t\t\t\t\t\t\t\t\t\t<\/div>\n\t\t\t\t\t\t<\/div>\n\t\t\t\t<\/div>\n\t\t\t\t\t\t<\/div>\n\t\t\t\t\t<\/div>\n\t\t<\/div>\n\t\t\t\t\t\t\t\t<\/div>\n\t\t\t\t\t<\/div>\n\t\t<\/section>\n\t\t\t\t<section class=\"elementor-section elementor-top-section elementor-element elementor-element-0de10b1 elementor-section-boxed elementor-section-height-default elementor-section-height-default\" data-id=\"0de10b1\" data-element_type=\"section\">\n\t\t\t\t\t\t<div class=\"elementor-container elementor-column-gap-default\">\n\t\t\t\t\t\t\t<div class=\"elementor-row\">\n\t\t\t\t\t<div class=\"elementor-column elementor-col-100 elementor-top-column elementor-element elementor-element-0e4003e\" data-id=\"0e4003e\" data-element_type=\"column\">\n\t\t\t<div class=\"elementor-column-wrap elementor-element-populated\">\n\t\t\t\t\t\t\t<div class=\"elementor-widget-wrap\">\n\t\t\t\t\t\t<div class=\"elementor-element elementor-element-73590ad elementor-widget elementor-widget-html\" data-id=\"73590ad\" data-element_type=\"widget\" data-widget_type=\"html.default\">\n\t\t\t\t<div class=\"elementor-widget-container\">\n\t\t\t<div class=\"pt-cv-wrapper\"><div class=\"pt-cv-view pt-cv-grid pt-cv-colsys\" id=\"pt-cv-view-2f14aeag1i\"><div data-id=\"pt-cv-page-1\" class=\"pt-cv-page\" data-cvc=\"2\"><div class=\"col-md-6 col-sm-6 col-xs-12 pt-cv-content-item pt-cv-2-col\" ><div class='pt-cv-ifield'><a href=\"https:\/\/www.zoom--in.it\/index.php\/2019\/12\/17\/un-tg-di-un-giorno-qualunque\/\" class=\"_self pt-cv-href-thumbnail pt-cv-thumb-left\" target=\"_self\" ><img width=\"150\" height=\"150\" src=\"https:\/\/i0.wp.com\/www.zoom--in.it\/wp-content\/uploads\/2019\/12\/Adele.jpg?resize=150%2C150&amp;ssl=1\" class=\"pt-cv-thumbnail pull-left\" alt=\"\" loading=\"lazy\" data-attachment-id=\"6699\" data-permalink=\"https:\/\/www.zoom--in.it\/index.php\/2019\/12\/17\/un-tg-di-un-giorno-qualunque\/adele\/\" data-orig-file=\"https:\/\/i0.wp.com\/www.zoom--in.it\/wp-content\/uploads\/2019\/12\/Adele.jpg?fit=1024%2C556&amp;ssl=1\" data-orig-size=\"1024,556\" data-comments-opened=\"1\" data-image-meta=\"{&quot;aperture&quot;:&quot;0&quot;,&quot;credit&quot;:&quot;&quot;,&quot;camera&quot;:&quot;&quot;,&quot;caption&quot;:&quot;&quot;,&quot;created_timestamp&quot;:&quot;0&quot;,&quot;copyright&quot;:&quot;&quot;,&quot;focal_length&quot;:&quot;0&quot;,&quot;iso&quot;:&quot;0&quot;,&quot;shutter_speed&quot;:&quot;0&quot;,&quot;title&quot;:&quot;&quot;,&quot;orientation&quot;:&quot;1&quot;}\" data-image-title=\"Adele\" data-image-description=\"\" data-image-caption=\"\" data-medium-file=\"https:\/\/i0.wp.com\/www.zoom--in.it\/wp-content\/uploads\/2019\/12\/Adele.jpg?fit=300%2C163&amp;ssl=1\" data-large-file=\"https:\/\/i0.wp.com\/www.zoom--in.it\/wp-content\/uploads\/2019\/12\/Adele.jpg?fit=640%2C348&amp;ssl=1\" \/><\/a>\n<h4 class=\"pt-cv-title\"><a href=\"https:\/\/www.zoom--in.it\/index.php\/2019\/12\/17\/un-tg-di-un-giorno-qualunque\/\" class=\"_self\" target=\"_self\" >Un TG di un giorno qualunque<\/a><\/h4>\n<div class=\"pt-cv-content\">Un TG di un giorno qualunque 7 Ottobre 2019 Turchia: pronta ad attaccare la Siria. (L\u2019annunciatrice ha il viso contrito) ...<br \/><a href=\"https:\/\/www.zoom--in.it\/index.php\/2019\/12\/17\/un-tg-di-un-giorno-qualunque\/\" class=\"_self pt-cv-readmore btn btn-success\" target=\"_self\">Leggi Tutto<\/a><\/div><\/div><\/div>\n<div class=\"col-md-6 col-sm-6 col-xs-12 pt-cv-content-item pt-cv-2-col\" ><div class='pt-cv-ifield'><a href=\"https:\/\/www.zoom--in.it\/index.php\/2019\/07\/12\/niente-fiction-sui-migranti\/\" class=\"_self pt-cv-href-thumbnail pt-cv-thumb-left\" target=\"_self\" ><img width=\"150\" height=\"150\" src=\"https:\/\/i0.wp.com\/www.zoom--in.it\/wp-content\/uploads\/2019\/07\/franceschini-su-richiesta-bronzi-di-riace-a-milano-per-expo.jpg?resize=150%2C150&amp;ssl=1\" class=\"pt-cv-thumbnail pull-left\" alt=\"\" loading=\"lazy\" data-attachment-id=\"6408\" data-permalink=\"https:\/\/www.zoom--in.it\/index.php\/2019\/07\/12\/niente-fiction-sui-migranti\/franceschini-su-richiesta-bronzi-di-riace-a-milano-per-expo\/\" data-orig-file=\"https:\/\/i0.wp.com\/www.zoom--in.it\/wp-content\/uploads\/2019\/07\/franceschini-su-richiesta-bronzi-di-riace-a-milano-per-expo.jpg?fit=600%2C478&amp;ssl=1\" data-orig-size=\"600,478\" data-comments-opened=\"1\" data-image-meta=\"{&quot;aperture&quot;:&quot;0&quot;,&quot;credit&quot;:&quot;&quot;,&quot;camera&quot;:&quot;&quot;,&quot;caption&quot;:&quot;&quot;,&quot;created_timestamp&quot;:&quot;0&quot;,&quot;copyright&quot;:&quot;&quot;,&quot;focal_length&quot;:&quot;0&quot;,&quot;iso&quot;:&quot;0&quot;,&quot;shutter_speed&quot;:&quot;0&quot;,&quot;title&quot;:&quot;&quot;,&quot;orientation&quot;:&quot;0&quot;}\" data-image-title=\"franceschini-su-richiesta-bronzi-di-riace-a-milano-per-expo\" data-image-description=\"\" data-image-caption=\"\" data-medium-file=\"https:\/\/i0.wp.com\/www.zoom--in.it\/wp-content\/uploads\/2019\/07\/franceschini-su-richiesta-bronzi-di-riace-a-milano-per-expo.jpg?fit=300%2C239&amp;ssl=1\" data-large-file=\"https:\/\/i0.wp.com\/www.zoom--in.it\/wp-content\/uploads\/2019\/07\/franceschini-su-richiesta-bronzi-di-riace-a-milano-per-expo.jpg?fit=478%2C478&amp;ssl=1\" \/><\/a>\n<h4 class=\"pt-cv-title\"><a href=\"https:\/\/www.zoom--in.it\/index.php\/2019\/07\/12\/niente-fiction-sui-migranti\/\" class=\"_self\" target=\"_self\" >Niente Fiction sui Migranti<\/a><\/h4>\n<div class=\"pt-cv-content\">Niente Fiction sui Migranti La Rai realizza uno sceneggiato a Riace, ma alla fine decide di non trasmetterlo.Tre pensieri.1 - ...<br \/><a href=\"https:\/\/www.zoom--in.it\/index.php\/2019\/07\/12\/niente-fiction-sui-migranti\/\" class=\"_self pt-cv-readmore btn btn-success\" target=\"_self\">Leggi Tutto<\/a><\/div><\/div><\/div>\n<div class=\"col-md-6 col-sm-6 col-xs-12 pt-cv-content-item pt-cv-2-col\" ><div class='pt-cv-ifield'><a href=\"https:\/\/www.zoom--in.it\/index.php\/2019\/07\/05\/sea-watch-pro-e-contro\/\" class=\"_self pt-cv-href-thumbnail pt-cv-thumb-left\" target=\"_self\" ><img width=\"150\" height=\"150\" src=\"https:\/\/i0.wp.com\/www.zoom--in.it\/wp-content\/uploads\/2019\/07\/migranti_nave_sea_watch3_malta_lapresse_2018-1.jpg?resize=150%2C150&amp;ssl=1\" class=\"pt-cv-thumbnail pull-left\" alt=\"\" loading=\"lazy\" data-attachment-id=\"6314\" data-permalink=\"https:\/\/www.zoom--in.it\/index.php\/2019\/07\/05\/sea-watch-pro-e-contro\/migranti_nave_sea_watch3_malta_lapresse_2018-2\/\" data-orig-file=\"https:\/\/i0.wp.com\/www.zoom--in.it\/wp-content\/uploads\/2019\/07\/migranti_nave_sea_watch3_malta_lapresse_2018-1.jpg?fit=1280%2C600&amp;ssl=1\" data-orig-size=\"1280,600\" data-comments-opened=\"1\" data-image-meta=\"{&quot;aperture&quot;:&quot;0&quot;,&quot;credit&quot;:&quot;&quot;,&quot;camera&quot;:&quot;&quot;,&quot;caption&quot;:&quot;&quot;,&quot;created_timestamp&quot;:&quot;0&quot;,&quot;copyright&quot;:&quot;&quot;,&quot;focal_length&quot;:&quot;0&quot;,&quot;iso&quot;:&quot;0&quot;,&quot;shutter_speed&quot;:&quot;0&quot;,&quot;title&quot;:&quot;&quot;,&quot;orientation&quot;:&quot;0&quot;}\" data-image-title=\"migranti_nave_sea_watch3_malta_lapresse_2018\" data-image-description=\"\" data-image-caption=\"\" data-medium-file=\"https:\/\/i0.wp.com\/www.zoom--in.it\/wp-content\/uploads\/2019\/07\/migranti_nave_sea_watch3_malta_lapresse_2018-1.jpg?fit=300%2C141&amp;ssl=1\" data-large-file=\"https:\/\/i0.wp.com\/www.zoom--in.it\/wp-content\/uploads\/2019\/07\/migranti_nave_sea_watch3_malta_lapresse_2018-1.jpg?fit=640%2C300&amp;ssl=1\" \/><\/a>\n<h4 class=\"pt-cv-title\"><a href=\"https:\/\/www.zoom--in.it\/index.php\/2019\/07\/05\/sea-watch-pro-e-contro\/\" class=\"_self\" target=\"_self\" >Sea-Watch PRO E CONTRO<\/a><\/h4>\n<div class=\"pt-cv-content\">Sea-Watch PRO E CONTRO PRO\u00a0 Gregorio De Falco, senatore del gruppo misto, ex comandante di Guardia Costiera.LE ACCUSE NON REGGONO:BISOGNAVA ...<br \/><a href=\"https:\/\/www.zoom--in.it\/index.php\/2019\/07\/05\/sea-watch-pro-e-contro\/\" class=\"_self pt-cv-readmore btn btn-success\" target=\"_self\">Leggi Tutto<\/a><\/div><\/div><\/div>\n<div class=\"col-md-6 col-sm-6 col-xs-12 pt-cv-content-item pt-cv-2-col\" ><div class='pt-cv-ifield'><a href=\"https:\/\/www.zoom--in.it\/index.php\/2019\/07\/04\/minori-tolti-a-genitori-per-denaro-in-manette-politici-e-medici\/\" class=\"_self pt-cv-href-thumbnail pt-cv-thumb-left\" target=\"_self\" ><img width=\"150\" height=\"150\" src=\"https:\/\/i0.wp.com\/www.zoom--in.it\/wp-content\/uploads\/2019\/07\/tristezza-bambini.jpg?resize=150%2C150&amp;ssl=1\" class=\"pt-cv-thumbnail pull-left\" alt=\"\" loading=\"lazy\" data-attachment-id=\"6272\" data-permalink=\"https:\/\/www.zoom--in.it\/index.php\/2019\/07\/04\/minori-tolti-a-genitori-per-denaro-in-manette-politici-e-medici\/tristezza-bambini\/\" data-orig-file=\"https:\/\/i0.wp.com\/www.zoom--in.it\/wp-content\/uploads\/2019\/07\/tristezza-bambini.jpg?fit=960%2C574&amp;ssl=1\" data-orig-size=\"960,574\" data-comments-opened=\"1\" data-image-meta=\"{&quot;aperture&quot;:&quot;0&quot;,&quot;credit&quot;:&quot;&quot;,&quot;camera&quot;:&quot;&quot;,&quot;caption&quot;:&quot;&quot;,&quot;created_timestamp&quot;:&quot;0&quot;,&quot;copyright&quot;:&quot;&quot;,&quot;focal_length&quot;:&quot;0&quot;,&quot;iso&quot;:&quot;0&quot;,&quot;shutter_speed&quot;:&quot;0&quot;,&quot;title&quot;:&quot;&quot;,&quot;orientation&quot;:&quot;0&quot;}\" data-image-title=\"tristezza-bambini\" data-image-description=\"\" data-image-caption=\"\" data-medium-file=\"https:\/\/i0.wp.com\/www.zoom--in.it\/wp-content\/uploads\/2019\/07\/tristezza-bambini.jpg?fit=300%2C179&amp;ssl=1\" data-large-file=\"https:\/\/i0.wp.com\/www.zoom--in.it\/wp-content\/uploads\/2019\/07\/tristezza-bambini.jpg?fit=574%2C574&amp;ssl=1\" \/><\/a>\n<h4 class=\"pt-cv-title\"><a href=\"https:\/\/www.zoom--in.it\/index.php\/2019\/07\/04\/minori-tolti-a-genitori-per-denaro-in-manette-politici-e-medici\/\" class=\"_self\" target=\"_self\" >Minori &#8216;tolti a genitori&#8217; per denaro, in manette politici e medici<\/a><\/h4>\n<div class=\"pt-cv-content\">Minori 'tolti a genitori' per denaro, in manette politici e medici False relazioni, terapeuti travestiti da personaggi 'cattivi' delle fiabe ...<br \/><a href=\"https:\/\/www.zoom--in.it\/index.php\/2019\/07\/04\/minori-tolti-a-genitori-per-denaro-in-manette-politici-e-medici\/\" class=\"_self pt-cv-readmore btn btn-success\" target=\"_self\">Leggi Tutto<\/a><\/div><\/div><\/div>\n<div class=\"col-md-6 col-sm-6 col-xs-12 pt-cv-content-item pt-cv-2-col\" ><div class='pt-cv-ifield'><a href=\"https:\/\/www.zoom--in.it\/index.php\/2019\/06\/14\/salvineide-a-oltranza\/\" class=\"_self pt-cv-href-thumbnail pt-cv-thumb-left\" target=\"_self\" ><img width=\"150\" height=\"150\" src=\"https:\/\/i0.wp.com\/www.zoom--in.it\/wp-content\/uploads\/2019\/06\/Libro-Carlo-Rognoni-Rai-addio-1.jpg?resize=150%2C150&amp;ssl=1\" class=\"pt-cv-thumbnail pull-left\" alt=\"\" loading=\"lazy\" data-attachment-id=\"6183\" data-permalink=\"https:\/\/www.zoom--in.it\/index.php\/2019\/06\/14\/salvineide-a-oltranza\/libro-carlo-rognoni-rai-addio-1\/\" data-orig-file=\"https:\/\/i0.wp.com\/www.zoom--in.it\/wp-content\/uploads\/2019\/06\/Libro-Carlo-Rognoni-Rai-addio-1.jpg?fit=4128%2C3096&amp;ssl=1\" data-orig-size=\"4128,3096\" data-comments-opened=\"1\" data-image-meta=\"{&quot;aperture&quot;:&quot;1.9&quot;,&quot;credit&quot;:&quot;&quot;,&quot;camera&quot;:&quot;SM-A320FL&quot;,&quot;caption&quot;:&quot;&quot;,&quot;created_timestamp&quot;:&quot;1515686933&quot;,&quot;copyright&quot;:&quot;&quot;,&quot;focal_length&quot;:&quot;3.6&quot;,&quot;iso&quot;:&quot;200&quot;,&quot;shutter_speed&quot;:&quot;0.033333333333333&quot;,&quot;title&quot;:&quot;&quot;,&quot;orientation&quot;:&quot;1&quot;}\" data-image-title=\"Libro-Carlo-Rognoni-Rai-addio (1)\" data-image-description=\"\" data-image-caption=\"\" data-medium-file=\"https:\/\/i0.wp.com\/www.zoom--in.it\/wp-content\/uploads\/2019\/06\/Libro-Carlo-Rognoni-Rai-addio-1.jpg?fit=300%2C225&amp;ssl=1\" data-large-file=\"https:\/\/i0.wp.com\/www.zoom--in.it\/wp-content\/uploads\/2019\/06\/Libro-Carlo-Rognoni-Rai-addio-1.jpg?fit=640%2C480&amp;ssl=1\" \/><\/a>\n<h4 class=\"pt-cv-title\"><a href=\"https:\/\/www.zoom--in.it\/index.php\/2019\/06\/14\/salvineide-a-oltranza\/\" class=\"_self\" target=\"_self\" >Salvineide, a oltranza<\/a><\/h4>\n<div class=\"pt-cv-content\">Salvineide, a oltranza Rivedremo ancora serie Tv e film tratti dai libri di Camilleri? C\u2019\u00e8 da dubitarne. Lo scrittore, intelligenza ...<br \/><a href=\"https:\/\/www.zoom--in.it\/index.php\/2019\/06\/14\/salvineide-a-oltranza\/\" class=\"_self pt-cv-readmore btn btn-success\" target=\"_self\">Leggi Tutto<\/a><\/div><\/div><\/div>\n<div class=\"col-md-6 col-sm-6 col-xs-12 pt-cv-content-item pt-cv-2-col\" ><div class='pt-cv-ifield'><a href=\"https:\/\/www.zoom--in.it\/index.php\/2019\/06\/03\/torna-la-professoressa\/\" class=\"_self pt-cv-href-thumbnail pt-cv-thumb-left\" target=\"_self\" ><img width=\"150\" height=\"150\" src=\"https:\/\/i0.wp.com\/www.zoom--in.it\/wp-content\/uploads\/2019\/06\/1558944030826.jpg-ritorna_in_cattedra_la_prof_sospesae_i_suoi_alunni_le_regalano_una_rosa_per_ogni_giorno_di_assenza_forzata___.jpg?resize=150%2C150&amp;ssl=1\" class=\"pt-cv-thumbnail pull-left\" alt=\"\" loading=\"lazy\" data-attachment-id=\"6041\" data-permalink=\"https:\/\/www.zoom--in.it\/index.php\/2019\/06\/03\/torna-la-professoressa\/1558944030826-jpg-ritorna_in_cattedra_la_prof_sospesae_i_suoi_alunni_le_regalano_una_rosa_per_ogni_giorno_di_assenza_forzata___\/\" data-orig-file=\"https:\/\/i0.wp.com\/www.zoom--in.it\/wp-content\/uploads\/2019\/06\/1558944030826.jpg-ritorna_in_cattedra_la_prof_sospesae_i_suoi_alunni_le_regalano_una_rosa_per_ogni_giorno_di_assenza_forzata___.jpg?fit=690%2C442&amp;ssl=1\" data-orig-size=\"690,442\" data-comments-opened=\"1\" data-image-meta=\"{&quot;aperture&quot;:&quot;0&quot;,&quot;credit&quot;:&quot;&quot;,&quot;camera&quot;:&quot;&quot;,&quot;caption&quot;:&quot;&quot;,&quot;created_timestamp&quot;:&quot;0&quot;,&quot;copyright&quot;:&quot;&quot;,&quot;focal_length&quot;:&quot;0&quot;,&quot;iso&quot;:&quot;0&quot;,&quot;shutter_speed&quot;:&quot;0&quot;,&quot;title&quot;:&quot;&quot;,&quot;orientation&quot;:&quot;0&quot;}\" data-image-title=\"1558944030826.jpg&#8211;ritorna_in_cattedra_la_prof_sospesae_i_suoi_alunni_le_regalano_una_rosa_per_ogni_giorno_di_assenza_forzata___\" data-image-description=\"\" data-image-caption=\"\" data-medium-file=\"https:\/\/i0.wp.com\/www.zoom--in.it\/wp-content\/uploads\/2019\/06\/1558944030826.jpg-ritorna_in_cattedra_la_prof_sospesae_i_suoi_alunni_le_regalano_una_rosa_per_ogni_giorno_di_assenza_forzata___.jpg?fit=300%2C192&amp;ssl=1\" data-large-file=\"https:\/\/i0.wp.com\/www.zoom--in.it\/wp-content\/uploads\/2019\/06\/1558944030826.jpg-ritorna_in_cattedra_la_prof_sospesae_i_suoi_alunni_le_regalano_una_rosa_per_ogni_giorno_di_assenza_forzata___.jpg?fit=442%2C442&amp;ssl=1\" \/><\/a>\n<h4 class=\"pt-cv-title\"><a href=\"https:\/\/www.zoom--in.it\/index.php\/2019\/06\/03\/torna-la-professoressa\/\" class=\"_self\" target=\"_self\" >Torna la professoressa<\/a><\/h4>\n<div class=\"pt-cv-content\">Torna la professoressa PALERMO\u00a0- \u00abOggi \u00e8 una bellissima giornata, sono felicissima di rientrare a scuola con i miei alunni\u00bb. Lo ...<br \/><a href=\"https:\/\/www.zoom--in.it\/index.php\/2019\/06\/03\/torna-la-professoressa\/\" class=\"_self pt-cv-readmore btn btn-success\" target=\"_self\">Leggi Tutto<\/a><\/div><\/div><\/div>\n<div class=\"col-md-6 col-sm-6 col-xs-12 pt-cv-content-item pt-cv-2-col\" ><div class='pt-cv-ifield'><a href=\"https:\/\/www.zoom--in.it\/index.php\/2019\/05\/25\/saluto-romano-reato-grave\/\" class=\"_self pt-cv-href-thumbnail pt-cv-thumb-left\" target=\"_self\" ><img width=\"150\" height=\"150\" src=\"https:\/\/i0.wp.com\/www.zoom--in.it\/wp-content\/uploads\/2019\/05\/FB_Tribunale_di_Milano-1-1200x800.jpg?resize=150%2C150&amp;ssl=1\" class=\"pt-cv-thumbnail pull-left\" alt=\"\" loading=\"lazy\" data-attachment-id=\"5958\" data-permalink=\"https:\/\/www.zoom--in.it\/index.php\/2019\/05\/25\/saluto-romano-reato-grave\/fb_tribunale_di_milano-1-1200x800\/\" data-orig-file=\"https:\/\/i0.wp.com\/www.zoom--in.it\/wp-content\/uploads\/2019\/05\/FB_Tribunale_di_Milano-1-1200x800.jpg?fit=1200%2C800&amp;ssl=1\" data-orig-size=\"1200,800\" data-comments-opened=\"1\" data-image-meta=\"{&quot;aperture&quot;:&quot;0&quot;,&quot;credit&quot;:&quot;&quot;,&quot;camera&quot;:&quot;&quot;,&quot;caption&quot;:&quot;&quot;,&quot;created_timestamp&quot;:&quot;0&quot;,&quot;copyright&quot;:&quot;&quot;,&quot;focal_length&quot;:&quot;0&quot;,&quot;iso&quot;:&quot;0&quot;,&quot;shutter_speed&quot;:&quot;0&quot;,&quot;title&quot;:&quot;&quot;,&quot;orientation&quot;:&quot;0&quot;}\" data-image-title=\"FB_Tribunale_di_Milano-1-1200&#215;800\" data-image-description=\"\" data-image-caption=\"\" data-medium-file=\"https:\/\/i0.wp.com\/www.zoom--in.it\/wp-content\/uploads\/2019\/05\/FB_Tribunale_di_Milano-1-1200x800.jpg?fit=300%2C200&amp;ssl=1\" data-large-file=\"https:\/\/i0.wp.com\/www.zoom--in.it\/wp-content\/uploads\/2019\/05\/FB_Tribunale_di_Milano-1-1200x800.jpg?fit=640%2C427&amp;ssl=1\" \/><\/a>\n<h4 class=\"pt-cv-title\"><a href=\"https:\/\/www.zoom--in.it\/index.php\/2019\/05\/25\/saluto-romano-reato-grave\/\" class=\"_self\" target=\"_self\" >Saluto romano: reato grave<\/a><\/h4>\n<div class=\"pt-cv-content\">Saluto romano reato grave Il saluto fascista \u00e8 reato: no della Cassazione alla \u201clieve entit\u00e0\u201dStop al saluto romano. Inutile girarci ...<br \/><a href=\"https:\/\/www.zoom--in.it\/index.php\/2019\/05\/25\/saluto-romano-reato-grave\/\" class=\"_self pt-cv-readmore btn btn-success\" target=\"_self\">Leggi Tutto<\/a><\/div><\/div><\/div>\n<div class=\"col-md-6 col-sm-6 col-xs-12 pt-cv-content-item pt-cv-2-col\" ><div class='pt-cv-ifield'><a href=\"https:\/\/www.zoom--in.it\/index.php\/2019\/05\/25\/il-giudice-maresca-e-i-casalesi\/\" class=\"_self pt-cv-href-thumbnail pt-cv-thumb-left\" target=\"_self\" ><img width=\"150\" height=\"150\" src=\"https:\/\/i0.wp.com\/www.zoom--in.it\/wp-content\/uploads\/2019\/05\/d12-1.png?resize=150%2C150&amp;ssl=1\" class=\"pt-cv-thumbnail pull-left\" alt=\"\" loading=\"lazy\" data-attachment-id=\"5955\" data-permalink=\"https:\/\/www.zoom--in.it\/index.php\/2019\/05\/25\/il-giudice-maresca-e-i-casalesi\/d12-2\/\" data-orig-file=\"https:\/\/i0.wp.com\/www.zoom--in.it\/wp-content\/uploads\/2019\/05\/d12-1.png?fit=1366%2C566&amp;ssl=1\" data-orig-size=\"1366,566\" data-comments-opened=\"1\" data-image-meta=\"{&quot;aperture&quot;:&quot;0&quot;,&quot;credit&quot;:&quot;&quot;,&quot;camera&quot;:&quot;&quot;,&quot;caption&quot;:&quot;&quot;,&quot;created_timestamp&quot;:&quot;0&quot;,&quot;copyright&quot;:&quot;&quot;,&quot;focal_length&quot;:&quot;0&quot;,&quot;iso&quot;:&quot;0&quot;,&quot;shutter_speed&quot;:&quot;0&quot;,&quot;title&quot;:&quot;&quot;,&quot;orientation&quot;:&quot;0&quot;}\" data-image-title=\"d12\" data-image-description=\"\" data-image-caption=\"\" data-medium-file=\"https:\/\/i0.wp.com\/www.zoom--in.it\/wp-content\/uploads\/2019\/05\/d12-1.png?fit=300%2C124&amp;ssl=1\" data-large-file=\"https:\/\/i0.wp.com\/www.zoom--in.it\/wp-content\/uploads\/2019\/05\/d12-1.png?fit=640%2C265&amp;ssl=1\" \/><\/a>\n<h4 class=\"pt-cv-title\"><a href=\"https:\/\/www.zoom--in.it\/index.php\/2019\/05\/25\/il-giudice-maresca-e-i-casalesi\/\" class=\"_self\" target=\"_self\" >Il giudice Maresca e i Casalesi<\/a><\/h4>\n<div class=\"pt-cv-content\">Il giudice maresca e i casalesi RedazionaleRif: Le Iene ...<br \/><a href=\"https:\/\/www.zoom--in.it\/index.php\/2019\/05\/25\/il-giudice-maresca-e-i-casalesi\/\" class=\"_self pt-cv-readmore btn btn-success\" target=\"_self\">Leggi Tutto<\/a><\/div><\/div><\/div>\n<div class=\"col-md-6 col-sm-6 col-xs-12 pt-cv-content-item pt-cv-2-col\" ><div class='pt-cv-ifield'><a href=\"https:\/\/www.zoom--in.it\/index.php\/2019\/05\/20\/delirio\/\" class=\"_self pt-cv-href-thumbnail pt-cv-thumb-left\" target=\"_self\" ><img width=\"150\" height=\"150\" src=\"https:\/\/i0.wp.com\/www.zoom--in.it\/wp-content\/uploads\/2019\/05\/salvini_rosario_afp.jpg?resize=150%2C150&amp;ssl=1\" class=\"pt-cv-thumbnail pull-left\" alt=\"\" loading=\"lazy\" data-attachment-id=\"5881\" data-permalink=\"https:\/\/www.zoom--in.it\/index.php\/2019\/05\/20\/delirio\/salvini_rosario_afp\/\" data-orig-file=\"https:\/\/i0.wp.com\/www.zoom--in.it\/wp-content\/uploads\/2019\/05\/salvini_rosario_afp.jpg?fit=1280%2C853&amp;ssl=1\" data-orig-size=\"1280,853\" data-comments-opened=\"0\" data-image-meta=\"{&quot;aperture&quot;:&quot;0&quot;,&quot;credit&quot;:&quot;&quot;,&quot;camera&quot;:&quot;&quot;,&quot;caption&quot;:&quot;&quot;,&quot;created_timestamp&quot;:&quot;0&quot;,&quot;copyright&quot;:&quot;&quot;,&quot;focal_length&quot;:&quot;0&quot;,&quot;iso&quot;:&quot;0&quot;,&quot;shutter_speed&quot;:&quot;0&quot;,&quot;title&quot;:&quot;&quot;,&quot;orientation&quot;:&quot;0&quot;}\" data-image-title=\"salvini_rosario_afp\" data-image-description=\"\" data-image-caption=\"\" data-medium-file=\"https:\/\/i0.wp.com\/www.zoom--in.it\/wp-content\/uploads\/2019\/05\/salvini_rosario_afp.jpg?fit=300%2C200&amp;ssl=1\" data-large-file=\"https:\/\/i0.wp.com\/www.zoom--in.it\/wp-content\/uploads\/2019\/05\/salvini_rosario_afp.jpg?fit=640%2C426&amp;ssl=1\" \/><\/a>\n<h4 class=\"pt-cv-title\"><a href=\"https:\/\/www.zoom--in.it\/index.php\/2019\/05\/20\/delirio\/\" class=\"_self\" target=\"_self\" >DELIRIO<\/a><\/h4>\n<div class=\"pt-cv-content\">DELIRIO Certamente non \u00e8 giusto sindacare sui sentimenti di fede di un uomo. Altrettanto certamente non \u00e8 giusto utilizzare strumenti ...<br \/><a href=\"https:\/\/www.zoom--in.it\/index.php\/2019\/05\/20\/delirio\/\" class=\"_self pt-cv-readmore btn btn-success\" target=\"_self\">Leggi Tutto<\/a><\/div><\/div><\/div>\n<div class=\"col-md-6 col-sm-6 col-xs-12 pt-cv-content-item pt-cv-2-col\" ><div class='pt-cv-ifield'><a href=\"https:\/\/www.zoom--in.it\/index.php\/2019\/05\/14\/impastato-merita-di-meglio\/\" class=\"_self pt-cv-href-thumbnail pt-cv-thumb-left\" target=\"_self\" ><img width=\"150\" height=\"150\" src=\"https:\/\/i0.wp.com\/www.zoom--in.it\/wp-content\/uploads\/2019\/05\/impastato-peppino-610-eff.jpg?resize=150%2C150&amp;ssl=1\" class=\"pt-cv-thumbnail pull-left\" alt=\"\" loading=\"lazy\" data-attachment-id=\"5715\" data-permalink=\"https:\/\/www.zoom--in.it\/index.php\/2019\/05\/14\/impastato-merita-di-meglio\/impastato-peppino-610-eff\/\" data-orig-file=\"https:\/\/i0.wp.com\/www.zoom--in.it\/wp-content\/uploads\/2019\/05\/impastato-peppino-610-eff.jpg?fit=610%2C349&amp;ssl=1\" data-orig-size=\"610,349\" data-comments-opened=\"0\" data-image-meta=\"{&quot;aperture&quot;:&quot;0&quot;,&quot;credit&quot;:&quot;&quot;,&quot;camera&quot;:&quot;&quot;,&quot;caption&quot;:&quot;&quot;,&quot;created_timestamp&quot;:&quot;0&quot;,&quot;copyright&quot;:&quot;&quot;,&quot;focal_length&quot;:&quot;0&quot;,&quot;iso&quot;:&quot;0&quot;,&quot;shutter_speed&quot;:&quot;0&quot;,&quot;title&quot;:&quot;&quot;,&quot;orientation&quot;:&quot;0&quot;}\" data-image-title=\"impastato-peppino-610-eff\" data-image-description=\"\" data-image-caption=\"\" data-medium-file=\"https:\/\/i0.wp.com\/www.zoom--in.it\/wp-content\/uploads\/2019\/05\/impastato-peppino-610-eff.jpg?fit=300%2C172&amp;ssl=1\" data-large-file=\"https:\/\/i0.wp.com\/www.zoom--in.it\/wp-content\/uploads\/2019\/05\/impastato-peppino-610-eff.jpg?fit=349%2C349&amp;ssl=1\" \/><\/a>\n<h4 class=\"pt-cv-title\"><a href=\"https:\/\/www.zoom--in.it\/index.php\/2019\/05\/14\/impastato-merita-di-meglio\/\" class=\"_self\" target=\"_self\" >Impastato merita di meglio<\/a><\/h4>\n<div class=\"pt-cv-content\">I Cinquestelle e lo show su Peppino Impastato Riguardo a quello che \u00e8 stato scritto da vari organi di stampa ...<br \/><a href=\"https:\/\/www.zoom--in.it\/index.php\/2019\/05\/14\/impastato-merita-di-meglio\/\" class=\"_self pt-cv-readmore btn btn-success\" target=\"_self\">Leggi Tutto<\/a><\/div><\/div><\/div>\n<div class=\"col-md-6 col-sm-6 col-xs-12 pt-cv-content-item pt-cv-2-col\" ><div class='pt-cv-ifield'><a href=\"https:\/\/www.zoom--in.it\/index.php\/2019\/05\/04\/saluto-romano\/\" class=\"_self pt-cv-href-thumbnail pt-cv-thumb-left\" target=\"_self\" ><img width=\"150\" height=\"150\" src=\"https:\/\/i0.wp.com\/www.zoom--in.it\/wp-content\/uploads\/2019\/05\/546565462.png?resize=150%2C150&amp;ssl=1\" class=\"pt-cv-thumbnail pull-left\" alt=\"\" loading=\"lazy\" data-attachment-id=\"5676\" data-permalink=\"https:\/\/www.zoom--in.it\/index.php\/2019\/05\/04\/saluto-romano\/attachment\/546565462\/\" data-orig-file=\"https:\/\/i0.wp.com\/www.zoom--in.it\/wp-content\/uploads\/2019\/05\/546565462.png?fit=1366%2C764&amp;ssl=1\" data-orig-size=\"1366,764\" data-comments-opened=\"0\" data-image-meta=\"{&quot;aperture&quot;:&quot;0&quot;,&quot;credit&quot;:&quot;&quot;,&quot;camera&quot;:&quot;&quot;,&quot;caption&quot;:&quot;&quot;,&quot;created_timestamp&quot;:&quot;0&quot;,&quot;copyright&quot;:&quot;&quot;,&quot;focal_length&quot;:&quot;0&quot;,&quot;iso&quot;:&quot;0&quot;,&quot;shutter_speed&quot;:&quot;0&quot;,&quot;title&quot;:&quot;&quot;,&quot;orientation&quot;:&quot;0&quot;}\" data-image-title=\"546565462\" data-image-description=\"\" data-image-caption=\"\" data-medium-file=\"https:\/\/i0.wp.com\/www.zoom--in.it\/wp-content\/uploads\/2019\/05\/546565462.png?fit=300%2C168&amp;ssl=1\" data-large-file=\"https:\/\/i0.wp.com\/www.zoom--in.it\/wp-content\/uploads\/2019\/05\/546565462.png?fit=640%2C358&amp;ssl=1\" \/><\/a>\n<h4 class=\"pt-cv-title\"><a href=\"https:\/\/www.zoom--in.it\/index.php\/2019\/05\/04\/saluto-romano\/\" class=\"_self\" target=\"_self\" >Saluto Romano<\/a><\/h4>\n<div class=\"pt-cv-content\">Saluto Romano https:\/\/www.youtube.com\/watch?v=Y6zJQKgpFj0Rif: Fratelli di CrozzaArticoli Correlati: ...<br \/><a href=\"https:\/\/www.zoom--in.it\/index.php\/2019\/05\/04\/saluto-romano\/\" class=\"_self pt-cv-readmore btn btn-success\" target=\"_self\">Leggi Tutto<\/a><\/div><\/div><\/div>\n<div class=\"col-md-6 col-sm-6 col-xs-12 pt-cv-content-item pt-cv-2-col\" ><div class='pt-cv-ifield'><a href=\"https:\/\/www.zoom--in.it\/index.php\/2019\/04\/27\/saluto-romano-si-puo-durante-le-commemorazioni\/\" class=\"_self pt-cv-href-thumbnail pt-cv-thumb-left\" target=\"_self\" ><img width=\"150\" height=\"150\" src=\"https:\/\/i0.wp.com\/www.zoom--in.it\/wp-content\/uploads\/2019\/04\/saluto-nazifascista.jpg?resize=150%2C150&amp;ssl=1\" class=\"pt-cv-thumbnail pull-left\" alt=\"\" loading=\"lazy\" data-attachment-id=\"5499\" data-permalink=\"https:\/\/www.zoom--in.it\/index.php\/2019\/04\/27\/saluto-romano-si-puo-durante-le-commemorazioni\/saluto-nazifascista\/\" data-orig-file=\"https:\/\/i0.wp.com\/www.zoom--in.it\/wp-content\/uploads\/2019\/04\/saluto-nazifascista.jpg?fit=558%2C372&amp;ssl=1\" data-orig-size=\"558,372\" data-comments-opened=\"0\" data-image-meta=\"{&quot;aperture&quot;:&quot;0&quot;,&quot;credit&quot;:&quot;&quot;,&quot;camera&quot;:&quot;&quot;,&quot;caption&quot;:&quot;&quot;,&quot;created_timestamp&quot;:&quot;0&quot;,&quot;copyright&quot;:&quot;&quot;,&quot;focal_length&quot;:&quot;0&quot;,&quot;iso&quot;:&quot;0&quot;,&quot;shutter_speed&quot;:&quot;0&quot;,&quot;title&quot;:&quot;&quot;,&quot;orientation&quot;:&quot;0&quot;}\" data-image-title=\"saluto nazifascista\" data-image-description=\"\" data-image-caption=\"\" data-medium-file=\"https:\/\/i0.wp.com\/www.zoom--in.it\/wp-content\/uploads\/2019\/04\/saluto-nazifascista.jpg?fit=300%2C200&amp;ssl=1\" data-large-file=\"https:\/\/i0.wp.com\/www.zoom--in.it\/wp-content\/uploads\/2019\/04\/saluto-nazifascista.jpg?fit=372%2C372&amp;ssl=1\" \/><\/a>\n<h4 class=\"pt-cv-title\"><a href=\"https:\/\/www.zoom--in.it\/index.php\/2019\/04\/27\/saluto-romano-si-puo-durante-le-commemorazioni\/\" class=\"_self\" target=\"_self\" >Saluto romano: si pu\u00f2, durante le commemorazioni<\/a><\/h4>\n<div class=\"pt-cv-content\">Saluto romano: si pu\u00f2, durante le commemorazioni Quindi si pu\u00f2 e si ha il diritto di commemorareBene. Il saluto romano ...<br \/><a href=\"https:\/\/www.zoom--in.it\/index.php\/2019\/04\/27\/saluto-romano-si-puo-durante-le-commemorazioni\/\" class=\"_self pt-cv-readmore btn btn-success\" target=\"_self\">Leggi Tutto<\/a><\/div><\/div><\/div>\n<div class=\"col-md-6 col-sm-6 col-xs-12 pt-cv-content-item pt-cv-2-col\" ><div class='pt-cv-ifield'><a href=\"https:\/\/www.zoom--in.it\/index.php\/2019\/04\/08\/generale-nistri-piena-luce-anche-per-depistaggi-su-stefano-cucchi\/\" class=\"_self pt-cv-href-thumbnail pt-cv-thumb-left\" target=\"_self\" ><img width=\"150\" height=\"150\" src=\"https:\/\/i0.wp.com\/www.zoom--in.it\/wp-content\/uploads\/2019\/04\/Cucchi-1.jpg?resize=150%2C150&amp;ssl=1\" class=\"pt-cv-thumbnail pull-left\" alt=\"\" loading=\"lazy\" data-attachment-id=\"5234\" data-permalink=\"https:\/\/www.zoom--in.it\/index.php\/2019\/04\/08\/generale-nistri-piena-luce-anche-per-depistaggi-su-stefano-cucchi\/cucchi-2\/\" data-orig-file=\"https:\/\/i0.wp.com\/www.zoom--in.it\/wp-content\/uploads\/2019\/04\/Cucchi-1.jpg?fit=310%2C213&amp;ssl=1\" data-orig-size=\"310,213\" data-comments-opened=\"0\" data-image-meta=\"{&quot;aperture&quot;:&quot;0&quot;,&quot;credit&quot;:&quot;&quot;,&quot;camera&quot;:&quot;&quot;,&quot;caption&quot;:&quot;&quot;,&quot;created_timestamp&quot;:&quot;0&quot;,&quot;copyright&quot;:&quot;&quot;,&quot;focal_length&quot;:&quot;0&quot;,&quot;iso&quot;:&quot;0&quot;,&quot;shutter_speed&quot;:&quot;0&quot;,&quot;title&quot;:&quot;&quot;,&quot;orientation&quot;:&quot;1&quot;}\" data-image-title=\"Cucchi\" data-image-description=\"\" data-image-caption=\"\" data-medium-file=\"https:\/\/i0.wp.com\/www.zoom--in.it\/wp-content\/uploads\/2019\/04\/Cucchi-1.jpg?fit=300%2C206&amp;ssl=1\" data-large-file=\"https:\/\/i0.wp.com\/www.zoom--in.it\/wp-content\/uploads\/2019\/04\/Cucchi-1.jpg?fit=213%2C213&amp;ssl=1\" \/><\/a>\n<h4 class=\"pt-cv-title\"><a href=\"https:\/\/www.zoom--in.it\/index.php\/2019\/04\/08\/generale-nistri-piena-luce-anche-per-depistaggi-su-stefano-cucchi\/\" class=\"_self\" target=\"_self\" >Generale Nistri: &#8220;Piena luce anche per depistaggi su Stefano Cucchi&#8221;<\/a><\/h4>\n<div class=\"pt-cv-content\">GENERALE NISTRI: \"PIENA LUCE ANCHE PER DEPISTAGGI SU STEFANO CUCCHI\" \"Crediamo nella giustizia e riteniamo doveroso che ogni singola responsabilit\u00e0 ...<br \/><a href=\"https:\/\/www.zoom--in.it\/index.php\/2019\/04\/08\/generale-nistri-piena-luce-anche-per-depistaggi-su-stefano-cucchi\/\" class=\"_self pt-cv-readmore btn btn-success\" target=\"_self\">Leggi Tutto<\/a><\/div><\/div><\/div>\n<div class=\"col-md-6 col-sm-6 col-xs-12 pt-cv-content-item pt-cv-2-col\" ><div class='pt-cv-ifield'><a href=\"https:\/\/www.zoom--in.it\/index.php\/2019\/04\/04\/rigettate-le-accuse-al-sindaco-di-riace\/\" class=\"_self pt-cv-href-thumbnail pt-cv-thumb-left\" target=\"_self\" ><img width=\"150\" height=\"150\" src=\"https:\/\/i0.wp.com\/www.zoom--in.it\/wp-content\/uploads\/2019\/04\/cortecassazione.jpg?resize=150%2C150&amp;ssl=1\" class=\"pt-cv-thumbnail pull-left\" alt=\"\" loading=\"lazy\" data-attachment-id=\"5186\" data-permalink=\"https:\/\/www.zoom--in.it\/index.php\/2019\/04\/04\/rigettate-le-accuse-al-sindaco-di-riace\/cortecassazione\/\" data-orig-file=\"https:\/\/i0.wp.com\/www.zoom--in.it\/wp-content\/uploads\/2019\/04\/cortecassazione.jpg?fit=1578%2C1000&amp;ssl=1\" data-orig-size=\"1578,1000\" data-comments-opened=\"0\" data-image-meta=\"{&quot;aperture&quot;:&quot;0&quot;,&quot;credit&quot;:&quot;&quot;,&quot;camera&quot;:&quot;&quot;,&quot;caption&quot;:&quot;&quot;,&quot;created_timestamp&quot;:&quot;0&quot;,&quot;copyright&quot;:&quot;&quot;,&quot;focal_length&quot;:&quot;0&quot;,&quot;iso&quot;:&quot;0&quot;,&quot;shutter_speed&quot;:&quot;0&quot;,&quot;title&quot;:&quot;&quot;,&quot;orientation&quot;:&quot;0&quot;}\" data-image-title=\"cortecassazione\" data-image-description=\"\" data-image-caption=\"\" data-medium-file=\"https:\/\/i0.wp.com\/www.zoom--in.it\/wp-content\/uploads\/2019\/04\/cortecassazione.jpg?fit=300%2C190&amp;ssl=1\" data-large-file=\"https:\/\/i0.wp.com\/www.zoom--in.it\/wp-content\/uploads\/2019\/04\/cortecassazione.jpg?fit=640%2C406&amp;ssl=1\" \/><\/a>\n<h4 class=\"pt-cv-title\"><a href=\"https:\/\/www.zoom--in.it\/index.php\/2019\/04\/04\/rigettate-le-accuse-al-sindaco-di-riace\/\" class=\"_self\" target=\"_self\" >Rigettate le accuse al  sindaco di Riace<\/a><\/h4>\n<div class=\"pt-cv-content\">Sindaco di Riace: Rigettate le Accuse! \u00a0L\u2019idea di mettere in croce il sindaco criminale di Riace era sbagliata e rimane ...<br \/><a href=\"https:\/\/www.zoom--in.it\/index.php\/2019\/04\/04\/rigettate-le-accuse-al-sindaco-di-riace\/\" class=\"_self pt-cv-readmore btn btn-success\" target=\"_self\">Leggi Tutto<\/a><\/div><\/div><\/div>\n<div class=\"col-md-6 col-sm-6 col-xs-12 pt-cv-content-item pt-cv-2-col\" ><div class='pt-cv-ifield'><a href=\"https:\/\/www.zoom--in.it\/index.php\/2019\/03\/26\/giu-le-mani-dalla-manifestazione-di-milano\/\" class=\"_self pt-cv-href-thumbnail pt-cv-thumb-left\" target=\"_self\" ><img width=\"150\" height=\"150\" src=\"https:\/\/i0.wp.com\/www.zoom--in.it\/wp-content\/uploads\/2019\/03\/people-1300.jpg?resize=150%2C150&amp;ssl=1\" class=\"pt-cv-thumbnail pull-left\" alt=\"\" loading=\"lazy\" data-attachment-id=\"5073\" data-permalink=\"https:\/\/www.zoom--in.it\/index.php\/2019\/03\/26\/giu-le-mani-dalla-manifestazione-di-milano\/people-1300\/\" data-orig-file=\"https:\/\/i0.wp.com\/www.zoom--in.it\/wp-content\/uploads\/2019\/03\/people-1300.jpg?fit=1350%2C550&amp;ssl=1\" data-orig-size=\"1350,550\" data-comments-opened=\"0\" data-image-meta=\"{&quot;aperture&quot;:&quot;0&quot;,&quot;credit&quot;:&quot;&quot;,&quot;camera&quot;:&quot;&quot;,&quot;caption&quot;:&quot;&quot;,&quot;created_timestamp&quot;:&quot;0&quot;,&quot;copyright&quot;:&quot;&quot;,&quot;focal_length&quot;:&quot;0&quot;,&quot;iso&quot;:&quot;0&quot;,&quot;shutter_speed&quot;:&quot;0&quot;,&quot;title&quot;:&quot;&quot;,&quot;orientation&quot;:&quot;0&quot;}\" data-image-title=\"people-1300\" data-image-description=\"\" data-image-caption=\"\" data-medium-file=\"https:\/\/i0.wp.com\/www.zoom--in.it\/wp-content\/uploads\/2019\/03\/people-1300.jpg?fit=300%2C122&amp;ssl=1\" data-large-file=\"https:\/\/i0.wp.com\/www.zoom--in.it\/wp-content\/uploads\/2019\/03\/people-1300.jpg?fit=640%2C261&amp;ssl=1\" \/><\/a>\n<h4 class=\"pt-cv-title\"><a href=\"https:\/\/www.zoom--in.it\/index.php\/2019\/03\/26\/giu-le-mani-dalla-manifestazione-di-milano\/\" class=\"_self\" target=\"_self\" >Gi\u00f9 le mani dalla manifestazione di Milano!<\/a><\/h4>\n<div class=\"pt-cv-content\">Gi\u00f9 le mani dalla manifestazione di Milano ! I 250.000 di Milano sono l\u2019immagine, coloratissima e viva, dell\u2019altra Italia. Un\u2019Italia ...<br \/><a href=\"https:\/\/www.zoom--in.it\/index.php\/2019\/03\/26\/giu-le-mani-dalla-manifestazione-di-milano\/\" class=\"_self pt-cv-readmore btn btn-success\" target=\"_self\">Leggi Tutto<\/a><\/div><\/div><\/div>\n<div class=\"col-md-6 col-sm-6 col-xs-12 pt-cv-content-item pt-cv-2-col\" ><div class='pt-cv-ifield'><a href=\"https:\/\/www.zoom--in.it\/index.php\/2019\/03\/13\/di-battista-pillole-di-stelle\/\" class=\"_self pt-cv-href-thumbnail pt-cv-thumb-left\" target=\"_self\" ><img width=\"150\" height=\"150\" src=\"https:\/\/i0.wp.com\/www.zoom--in.it\/wp-content\/uploads\/2019\/03\/alessandro-di-battista-fazio-che-tempo-che-fa-1107442.jpg?resize=150%2C150&amp;ssl=1\" class=\"pt-cv-thumbnail pull-left\" alt=\"\" loading=\"lazy\" data-attachment-id=\"4805\" data-permalink=\"https:\/\/www.zoom--in.it\/index.php\/2019\/03\/13\/di-battista-pillole-di-stelle\/alessandro-di-battista-fazio-che-tempo-che-fa-1107442\/\" data-orig-file=\"https:\/\/i0.wp.com\/www.zoom--in.it\/wp-content\/uploads\/2019\/03\/alessandro-di-battista-fazio-che-tempo-che-fa-1107442.jpg?fit=909%2C650&amp;ssl=1\" data-orig-size=\"909,650\" data-comments-opened=\"0\" data-image-meta=\"{&quot;aperture&quot;:&quot;0&quot;,&quot;credit&quot;:&quot;&quot;,&quot;camera&quot;:&quot;&quot;,&quot;caption&quot;:&quot;&quot;,&quot;created_timestamp&quot;:&quot;0&quot;,&quot;copyright&quot;:&quot;&quot;,&quot;focal_length&quot;:&quot;0&quot;,&quot;iso&quot;:&quot;0&quot;,&quot;shutter_speed&quot;:&quot;0&quot;,&quot;title&quot;:&quot;&quot;,&quot;orientation&quot;:&quot;0&quot;}\" data-image-title=\"alessandro-di-battista-fazio-che-tempo-che-fa-1107442\" data-image-description=\"\" data-image-caption=\"\" data-medium-file=\"https:\/\/i0.wp.com\/www.zoom--in.it\/wp-content\/uploads\/2019\/03\/alessandro-di-battista-fazio-che-tempo-che-fa-1107442.jpg?fit=300%2C215&amp;ssl=1\" data-large-file=\"https:\/\/i0.wp.com\/www.zoom--in.it\/wp-content\/uploads\/2019\/03\/alessandro-di-battista-fazio-che-tempo-che-fa-1107442.jpg?fit=640%2C640&amp;ssl=1\" \/><\/a>\n<h4 class=\"pt-cv-title\"><a href=\"https:\/\/www.zoom--in.it\/index.php\/2019\/03\/13\/di-battista-pillole-di-stelle\/\" class=\"_self\" target=\"_self\" >Di Battista: Pillole di Stelle<\/a><\/h4>\n<div class=\"pt-cv-content\">Di Battista: Pillole di Stelle Sere fa, a \u201d Che tempo che fa\u201d, Alessandro Di Battista, reduce dal \u201cfaticoso\u201d viaggio ...<br \/><a href=\"https:\/\/www.zoom--in.it\/index.php\/2019\/03\/13\/di-battista-pillole-di-stelle\/\" class=\"_self pt-cv-readmore btn btn-success\" target=\"_self\">Leggi Tutto<\/a><\/div><\/div><\/div>\n<div class=\"col-md-6 col-sm-6 col-xs-12 pt-cv-content-item pt-cv-2-col\" ><div class='pt-cv-ifield'><a href=\"https:\/\/www.zoom--in.it\/index.php\/2019\/02\/26\/la-fame-prima-della-tempesta\/\" class=\"_self pt-cv-href-thumbnail pt-cv-thumb-left\" target=\"_self\" ><img width=\"150\" height=\"150\" src=\"https:\/\/i0.wp.com\/www.zoom--in.it\/wp-content\/uploads\/2019\/02\/Hurricane_Isabel_from_ISS.jpg?resize=150%2C150&amp;ssl=1\" class=\"pt-cv-thumbnail pull-left\" alt=\"\" loading=\"lazy\" data-attachment-id=\"4631\" data-permalink=\"https:\/\/www.zoom--in.it\/index.php\/2019\/02\/26\/la-fame-prima-della-tempesta\/hurricane_isabel_from_iss\/\" data-orig-file=\"https:\/\/i0.wp.com\/www.zoom--in.it\/wp-content\/uploads\/2019\/02\/Hurricane_Isabel_from_ISS.jpg?fit=1600%2C1059&amp;ssl=1\" data-orig-size=\"1600,1059\" data-comments-opened=\"0\" data-image-meta=\"{&quot;aperture&quot;:&quot;0&quot;,&quot;credit&quot;:&quot;&quot;,&quot;camera&quot;:&quot;&quot;,&quot;caption&quot;:&quot;&quot;,&quot;created_timestamp&quot;:&quot;0&quot;,&quot;copyright&quot;:&quot;&quot;,&quot;focal_length&quot;:&quot;0&quot;,&quot;iso&quot;:&quot;0&quot;,&quot;shutter_speed&quot;:&quot;0&quot;,&quot;title&quot;:&quot;&quot;,&quot;orientation&quot;:&quot;0&quot;}\" data-image-title=\"Hurricane_Isabel_from_ISS\" data-image-description=\"\" data-image-caption=\"\" data-medium-file=\"https:\/\/i0.wp.com\/www.zoom--in.it\/wp-content\/uploads\/2019\/02\/Hurricane_Isabel_from_ISS.jpg?fit=300%2C199&amp;ssl=1\" data-large-file=\"https:\/\/i0.wp.com\/www.zoom--in.it\/wp-content\/uploads\/2019\/02\/Hurricane_Isabel_from_ISS.jpg?fit=640%2C424&amp;ssl=1\" \/><\/a>\n<h4 class=\"pt-cv-title\"><a href=\"https:\/\/www.zoom--in.it\/index.php\/2019\/02\/26\/la-fame-prima-della-tempesta\/\" class=\"_self\" target=\"_self\" >LA FAME, PRIMA DELLA TEMPESTA<\/a><\/h4>\n<div class=\"pt-cv-content\">LA FAME, PRIMA DELLA TEMPESTA Sono rimasto assolutamente colpito dal comportamento delle nostre forze politiche e dalle nostre figure istituzionali ...<br \/><a href=\"https:\/\/www.zoom--in.it\/index.php\/2019\/02\/26\/la-fame-prima-della-tempesta\/\" class=\"_self pt-cv-readmore btn btn-success\" target=\"_self\">Leggi Tutto<\/a><\/div><\/div><\/div>\n<div class=\"col-md-6 col-sm-6 col-xs-12 pt-cv-content-item pt-cv-2-col\" ><div class='pt-cv-ifield'><a href=\"https:\/\/www.zoom--in.it\/index.php\/2019\/02\/24\/salvini-ma-veramente-abbiamo-dimenticato-chi-e\/\" class=\"_self pt-cv-href-thumbnail pt-cv-thumb-left\" target=\"_self\" ><img width=\"150\" height=\"150\" src=\"https:\/\/i0.wp.com\/www.zoom--in.it\/wp-content\/uploads\/2019\/02\/Schermata-2019-02-25-alle-18.43.40-copia.png?resize=150%2C150&amp;ssl=1\" class=\"pt-cv-thumbnail pull-left\" alt=\"\" loading=\"lazy\" data-attachment-id=\"4582\" data-permalink=\"https:\/\/www.zoom--in.it\/index.php\/2019\/02\/24\/salvini-ma-veramente-abbiamo-dimenticato-chi-e\/schermata-2019-02-25-alle-18-43-40-copia\/\" data-orig-file=\"https:\/\/i0.wp.com\/www.zoom--in.it\/wp-content\/uploads\/2019\/02\/Schermata-2019-02-25-alle-18.43.40-copia.png?fit=382%2C173&amp;ssl=1\" data-orig-size=\"382,173\" data-comments-opened=\"0\" data-image-meta=\"{&quot;aperture&quot;:&quot;0&quot;,&quot;credit&quot;:&quot;&quot;,&quot;camera&quot;:&quot;&quot;,&quot;caption&quot;:&quot;&quot;,&quot;created_timestamp&quot;:&quot;0&quot;,&quot;copyright&quot;:&quot;&quot;,&quot;focal_length&quot;:&quot;0&quot;,&quot;iso&quot;:&quot;0&quot;,&quot;shutter_speed&quot;:&quot;0&quot;,&quot;title&quot;:&quot;&quot;,&quot;orientation&quot;:&quot;0&quot;}\" data-image-title=\"Schermata 2019-02-25 alle 18.43.40 copia\" data-image-description=\"\" data-image-caption=\"\" data-medium-file=\"https:\/\/i0.wp.com\/www.zoom--in.it\/wp-content\/uploads\/2019\/02\/Schermata-2019-02-25-alle-18.43.40-copia.png?fit=300%2C136&amp;ssl=1\" data-large-file=\"https:\/\/i0.wp.com\/www.zoom--in.it\/wp-content\/uploads\/2019\/02\/Schermata-2019-02-25-alle-18.43.40-copia.png?fit=173%2C173&amp;ssl=1\" \/><\/a>\n<h4 class=\"pt-cv-title\"><a href=\"https:\/\/www.zoom--in.it\/index.php\/2019\/02\/24\/salvini-ma-veramente-abbiamo-dimenticato-chi-e\/\" class=\"_self\" target=\"_self\" >Salvini &#8211; Ma veramente abbiamo dimenticato chi \u00e8?<\/a><\/h4>\n<div class=\"pt-cv-content\">Rif: Luca Giannolo ...<br \/><a href=\"https:\/\/www.zoom--in.it\/index.php\/2019\/02\/24\/salvini-ma-veramente-abbiamo-dimenticato-chi-e\/\" class=\"_self pt-cv-readmore btn btn-success\" target=\"_self\">Leggi Tutto<\/a><\/div><\/div><\/div>\n<div class=\"col-md-6 col-sm-6 col-xs-12 pt-cv-content-item pt-cv-2-col\" ><div class='pt-cv-ifield'><a href=\"https:\/\/www.zoom--in.it\/index.php\/2019\/01\/17\/messaggi-confusi-e-aspettative-italiane\/\" class=\"_self pt-cv-href-thumbnail pt-cv-thumb-left\" target=\"_self\" ><img width=\"150\" height=\"150\" src=\"https:\/\/i0.wp.com\/www.zoom--in.it\/wp-content\/uploads\/2019\/01\/no-tav-val-susa.jpg?resize=150%2C150&amp;ssl=1\" class=\"pt-cv-thumbnail pull-left\" alt=\"\" loading=\"lazy\" data-attachment-id=\"3972\" data-permalink=\"https:\/\/www.zoom--in.it\/index.php\/2019\/01\/17\/messaggi-confusi-e-aspettative-italiane\/no-tav-val-susa\/\" data-orig-file=\"https:\/\/i0.wp.com\/www.zoom--in.it\/wp-content\/uploads\/2019\/01\/no-tav-val-susa.jpg?fit=2560%2C1536&amp;ssl=1\" data-orig-size=\"2560,1536\" data-comments-opened=\"0\" data-image-meta=\"{&quot;aperture&quot;:&quot;2.6&quot;,&quot;credit&quot;:&quot;&quot;,&quot;camera&quot;:&quot;GT-S7580&quot;,&quot;caption&quot;:&quot;&quot;,&quot;created_timestamp&quot;:&quot;1429369645&quot;,&quot;copyright&quot;:&quot;&quot;,&quot;focal_length&quot;:&quot;3.54&quot;,&quot;iso&quot;:&quot;50&quot;,&quot;shutter_speed&quot;:&quot;0.0004950495049505&quot;,&quot;title&quot;:&quot;&quot;,&quot;orientation&quot;:&quot;1&quot;}\" data-image-title=\"no-tav-val-susa\" data-image-description=\"\" data-image-caption=\"\" data-medium-file=\"https:\/\/i0.wp.com\/www.zoom--in.it\/wp-content\/uploads\/2019\/01\/no-tav-val-susa.jpg?fit=300%2C180&amp;ssl=1\" data-large-file=\"https:\/\/i0.wp.com\/www.zoom--in.it\/wp-content\/uploads\/2019\/01\/no-tav-val-susa.jpg?fit=640%2C384&amp;ssl=1\" \/><\/a>\n<h4 class=\"pt-cv-title\"><a href=\"https:\/\/www.zoom--in.it\/index.php\/2019\/01\/17\/messaggi-confusi-e-aspettative-italiane\/\" class=\"_self\" target=\"_self\" >Messaggi Confusi e Aspettative Italiane.<\/a><\/h4>\n<div class=\"pt-cv-content\">Messaggi Confusi e Aspettative Italiane. Il governo del cambiamento ha visto ripetere la necessit\u00e0 di un contratto. Come nel 1994, ...<br \/><a href=\"https:\/\/www.zoom--in.it\/index.php\/2019\/01\/17\/messaggi-confusi-e-aspettative-italiane\/\" class=\"_self pt-cv-readmore btn btn-success\" target=\"_self\">Leggi Tutto<\/a><\/div><\/div><\/div>\n<div class=\"col-md-6 col-sm-6 col-xs-12 pt-cv-content-item pt-cv-2-col\" ><div class='pt-cv-ifield'><a href=\"https:\/\/www.zoom--in.it\/index.php\/2018\/12\/24\/uno-sguardo-a-ventaglio\/\" class=\"_self pt-cv-href-thumbnail pt-cv-thumb-left\" target=\"_self\" ><img width=\"150\" height=\"150\" src=\"https:\/\/i0.wp.com\/www.zoom--in.it\/wp-content\/uploads\/2018\/12\/photomania-2e331b0b83949dfe26526664a5e2cadc2.jpg?resize=150%2C150&amp;ssl=1\" class=\"pt-cv-thumbnail pull-left\" alt=\"\" loading=\"lazy\" data-attachment-id=\"3387\" data-permalink=\"https:\/\/www.zoom--in.it\/index.php\/2018\/12\/24\/uno-sguardo-a-ventaglio\/photomania-2e331b0b83949dfe26526664a5e2cadc2\/\" data-orig-file=\"https:\/\/i0.wp.com\/www.zoom--in.it\/wp-content\/uploads\/2018\/12\/photomania-2e331b0b83949dfe26526664a5e2cadc2.jpg?fit=900%2C272&amp;ssl=1\" data-orig-size=\"900,272\" data-comments-opened=\"0\" data-image-meta=\"{&quot;aperture&quot;:&quot;0&quot;,&quot;credit&quot;:&quot;&quot;,&quot;camera&quot;:&quot;&quot;,&quot;caption&quot;:&quot;&quot;,&quot;created_timestamp&quot;:&quot;0&quot;,&quot;copyright&quot;:&quot;&quot;,&quot;focal_length&quot;:&quot;0&quot;,&quot;iso&quot;:&quot;0&quot;,&quot;shutter_speed&quot;:&quot;0&quot;,&quot;title&quot;:&quot;&quot;,&quot;orientation&quot;:&quot;1&quot;}\" data-image-title=\"photomania-2e331b0b83949dfe26526664a5e2cadc2\" data-image-description=\"\" data-image-caption=\"\" data-medium-file=\"https:\/\/i0.wp.com\/www.zoom--in.it\/wp-content\/uploads\/2018\/12\/photomania-2e331b0b83949dfe26526664a5e2cadc2.jpg?fit=300%2C91&amp;ssl=1\" data-large-file=\"https:\/\/i0.wp.com\/www.zoom--in.it\/wp-content\/uploads\/2018\/12\/photomania-2e331b0b83949dfe26526664a5e2cadc2.jpg?fit=272%2C272&amp;ssl=1\" \/><\/a>\n<h4 class=\"pt-cv-title\"><a href=\"https:\/\/www.zoom--in.it\/index.php\/2018\/12\/24\/uno-sguardo-a-ventaglio\/\" class=\"_self\" target=\"_self\" >UNO SGUARDO A VENTAGLIO<\/a><\/h4>\n<div class=\"pt-cv-content\">La lettera INCORNICIATA UNO SGUARDO A VENTAGLIO Il problema non \u00e8 questo governo, ma l\u2019alternativa del governo tecnico\u00a0lacrime disperate e ...<br \/><a href=\"https:\/\/www.zoom--in.it\/index.php\/2018\/12\/24\/uno-sguardo-a-ventaglio\/\" class=\"_self pt-cv-readmore btn btn-success\" target=\"_self\">Leggi Tutto<\/a><\/div><\/div><\/div>\n<div class=\"col-md-6 col-sm-6 col-xs-12 pt-cv-content-item pt-cv-2-col\" ><div class='pt-cv-ifield'><a href=\"https:\/\/www.zoom--in.it\/index.php\/2018\/12\/24\/immunita-e-prevenzione\/\" class=\"_self pt-cv-href-thumbnail pt-cv-thumb-left\" target=\"_self\" ><img width=\"150\" height=\"150\" src=\"https:\/\/i0.wp.com\/www.zoom--in.it\/wp-content\/uploads\/2018\/12\/2334.png?resize=150%2C150&amp;ssl=1\" class=\"pt-cv-thumbnail pull-left\" alt=\"\" loading=\"lazy\" data-attachment-id=\"3386\" data-permalink=\"https:\/\/www.zoom--in.it\/index.php\/2018\/12\/24\/immunita-e-prevenzione\/attachment\/2334\/\" data-orig-file=\"https:\/\/i0.wp.com\/www.zoom--in.it\/wp-content\/uploads\/2018\/12\/2334.png?fit=1200%2C592&amp;ssl=1\" data-orig-size=\"1200,592\" data-comments-opened=\"0\" data-image-meta=\"{&quot;aperture&quot;:&quot;0&quot;,&quot;credit&quot;:&quot;&quot;,&quot;camera&quot;:&quot;&quot;,&quot;caption&quot;:&quot;&quot;,&quot;created_timestamp&quot;:&quot;0&quot;,&quot;copyright&quot;:&quot;&quot;,&quot;focal_length&quot;:&quot;0&quot;,&quot;iso&quot;:&quot;0&quot;,&quot;shutter_speed&quot;:&quot;0&quot;,&quot;title&quot;:&quot;&quot;,&quot;orientation&quot;:&quot;0&quot;}\" data-image-title=\"2334\" data-image-description=\"\" data-image-caption=\"\" data-medium-file=\"https:\/\/i0.wp.com\/www.zoom--in.it\/wp-content\/uploads\/2018\/12\/2334.png?fit=300%2C148&amp;ssl=1\" data-large-file=\"https:\/\/i0.wp.com\/www.zoom--in.it\/wp-content\/uploads\/2018\/12\/2334.png?fit=640%2C316&amp;ssl=1\" \/><\/a>\n<h4 class=\"pt-cv-title\"><a href=\"https:\/\/www.zoom--in.it\/index.php\/2018\/12\/24\/immunita-e-prevenzione\/\" class=\"_self\" target=\"_self\" >IMMUNIT\u00c0  E  PREVENZIONE<\/a><\/h4>\n<div class=\"pt-cv-content\">IMMUNIT\u00c0 E PREVENZIONE Io ho votato m5s, ma quando ho sentito dire dalla Grillo che i vaccini \"sono la prevenzione ...<br \/><a href=\"https:\/\/www.zoom--in.it\/index.php\/2018\/12\/24\/immunita-e-prevenzione\/\" class=\"_self pt-cv-readmore btn btn-success\" target=\"_self\">Leggi Tutto<\/a><\/div><\/div><\/div>\n<div class=\"col-md-6 col-sm-6 col-xs-12 pt-cv-content-item pt-cv-2-col\" ><div class='pt-cv-ifield'><a href=\"https:\/\/www.zoom--in.it\/index.php\/2018\/12\/24\/istat-condizioni-del-lavoro-31-08-17\/\" class=\"_self pt-cv-href-thumbnail pt-cv-thumb-left\" target=\"_self\" ><img width=\"150\" height=\"150\" src=\"https:\/\/i0.wp.com\/www.zoom--in.it\/wp-content\/uploads\/2018\/12\/ISTAT.jpg?resize=150%2C150&amp;ssl=1\" class=\"pt-cv-thumbnail pull-left\" alt=\"\" loading=\"lazy\" data-attachment-id=\"3526\" data-permalink=\"https:\/\/www.zoom--in.it\/index.php\/2018\/12\/24\/istat-condizioni-del-lavoro-31-08-17\/istat\/\" data-orig-file=\"https:\/\/i0.wp.com\/www.zoom--in.it\/wp-content\/uploads\/2018\/12\/ISTAT.jpg?fit=1600%2C928&amp;ssl=1\" data-orig-size=\"1600,928\" data-comments-opened=\"0\" data-image-meta=\"{&quot;aperture&quot;:&quot;0&quot;,&quot;credit&quot;:&quot;&quot;,&quot;camera&quot;:&quot;&quot;,&quot;caption&quot;:&quot;&quot;,&quot;created_timestamp&quot;:&quot;0&quot;,&quot;copyright&quot;:&quot;&quot;,&quot;focal_length&quot;:&quot;0&quot;,&quot;iso&quot;:&quot;0&quot;,&quot;shutter_speed&quot;:&quot;0&quot;,&quot;title&quot;:&quot;&quot;,&quot;orientation&quot;:&quot;0&quot;}\" data-image-title=\"ISTAT\" data-image-description=\"\" data-image-caption=\"\" data-medium-file=\"https:\/\/i0.wp.com\/www.zoom--in.it\/wp-content\/uploads\/2018\/12\/ISTAT.jpg?fit=300%2C174&amp;ssl=1\" data-large-file=\"https:\/\/i0.wp.com\/www.zoom--in.it\/wp-content\/uploads\/2018\/12\/ISTAT.jpg?fit=640%2C371&amp;ssl=1\" \/><\/a>\n<h4 class=\"pt-cv-title\"><a href=\"https:\/\/www.zoom--in.it\/index.php\/2018\/12\/24\/istat-condizioni-del-lavoro-31-08-17\/\" class=\"_self\" target=\"_self\" >ISTAT:  CONDIZIONI DEL LAVORO  31.08.17<\/a><\/h4>\n<div class=\"pt-cv-content\">ISTAT: CONDIZIONI DEL LAVORO 31.08.17 Ecco cosa ci diceva l\u2019ISTAT\u00a0al 31 Agosto 2017.A luglio 2017, rileva l'Istat, la stima degli ...<br \/><a href=\"https:\/\/www.zoom--in.it\/index.php\/2018\/12\/24\/istat-condizioni-del-lavoro-31-08-17\/\" class=\"_self pt-cv-readmore btn btn-success\" target=\"_self\">Leggi Tutto<\/a><\/div><\/div><\/div>\n<div class=\"col-md-6 col-sm-6 col-xs-12 pt-cv-content-item pt-cv-2-col\" ><div class='pt-cv-ifield'><a href=\"https:\/\/www.zoom--in.it\/index.php\/2018\/12\/24\/un-piccolo-forum-per-una-dichiarazione-di-di-maio-sulle-migrazioni\/\" class=\"_self pt-cv-href-thumbnail pt-cv-thumb-left\" target=\"_self\" ><img width=\"150\" height=\"150\" src=\"https:\/\/i0.wp.com\/www.zoom--in.it\/wp-content\/uploads\/2018\/12\/employers-forum-16-1296x652.jpg?resize=150%2C150&amp;ssl=1\" class=\"pt-cv-thumbnail pull-left\" alt=\"\" loading=\"lazy\" data-attachment-id=\"3364\" data-permalink=\"https:\/\/www.zoom--in.it\/index.php\/2018\/12\/24\/un-piccolo-forum-per-una-dichiarazione-di-di-maio-sulle-migrazioni\/employers-forum-16-1296x652\/\" data-orig-file=\"https:\/\/i0.wp.com\/www.zoom--in.it\/wp-content\/uploads\/2018\/12\/employers-forum-16-1296x652.jpg?fit=1296%2C652&amp;ssl=1\" data-orig-size=\"1296,652\" data-comments-opened=\"0\" data-image-meta=\"{&quot;aperture&quot;:&quot;0&quot;,&quot;credit&quot;:&quot;&quot;,&quot;camera&quot;:&quot;&quot;,&quot;caption&quot;:&quot;&quot;,&quot;created_timestamp&quot;:&quot;0&quot;,&quot;copyright&quot;:&quot;&quot;,&quot;focal_length&quot;:&quot;0&quot;,&quot;iso&quot;:&quot;0&quot;,&quot;shutter_speed&quot;:&quot;0&quot;,&quot;title&quot;:&quot;&quot;,&quot;orientation&quot;:&quot;0&quot;}\" data-image-title=\"employers-forum-16-1296&#215;652\" data-image-description=\"\" data-image-caption=\"\" data-medium-file=\"https:\/\/i0.wp.com\/www.zoom--in.it\/wp-content\/uploads\/2018\/12\/employers-forum-16-1296x652.jpg?fit=300%2C151&amp;ssl=1\" data-large-file=\"https:\/\/i0.wp.com\/www.zoom--in.it\/wp-content\/uploads\/2018\/12\/employers-forum-16-1296x652.jpg?fit=640%2C322&amp;ssl=1\" \/><\/a>\n<h4 class=\"pt-cv-title\"><a href=\"https:\/\/www.zoom--in.it\/index.php\/2018\/12\/24\/un-piccolo-forum-per-una-dichiarazione-di-di-maio-sulle-migrazioni\/\" class=\"_self\" target=\"_self\" >Un piccolo forum per una dichiarazione di Di Maio sulle migrazioni.<\/a><\/h4>\n<div class=\"pt-cv-content\">Un piccolo forum per una dichiarazione di Di Maio sulle migrazioni. Il vicepremier Luigi Di Maio ha cos\u00ec sintetizzato le ...<br \/><a href=\"https:\/\/www.zoom--in.it\/index.php\/2018\/12\/24\/un-piccolo-forum-per-una-dichiarazione-di-di-maio-sulle-migrazioni\/\" class=\"_self pt-cv-readmore btn btn-success\" target=\"_self\">Leggi Tutto<\/a><\/div><\/div><\/div>\n<div class=\"col-md-6 col-sm-6 col-xs-12 pt-cv-content-item pt-cv-2-col\" ><div class='pt-cv-ifield'><a href=\"https:\/\/www.zoom--in.it\/index.php\/2018\/12\/22\/i-dolori-del-giovane-ponte\/\" class=\"_self pt-cv-href-thumbnail pt-cv-thumb-left\" target=\"_self\" ><img width=\"150\" height=\"150\" src=\"https:\/\/i0.wp.com\/www.zoom--in.it\/wp-content\/uploads\/2018\/12\/immagine-incollata-1992x1299.jpg?resize=150%2C150&amp;ssl=1\" class=\"pt-cv-thumbnail pull-left\" alt=\"\" loading=\"lazy\" data-attachment-id=\"3310\" data-permalink=\"https:\/\/www.zoom--in.it\/index.php\/2018\/12\/22\/i-dolori-del-giovane-ponte\/immagine-incollata-1992x1299\/\" data-orig-file=\"https:\/\/i0.wp.com\/www.zoom--in.it\/wp-content\/uploads\/2018\/12\/immagine-incollata-1992x1299.jpg?fit=1200%2C783&amp;ssl=1\" data-orig-size=\"1200,783\" data-comments-opened=\"0\" data-image-meta=\"{&quot;aperture&quot;:&quot;0&quot;,&quot;credit&quot;:&quot;&quot;,&quot;camera&quot;:&quot;&quot;,&quot;caption&quot;:&quot;&quot;,&quot;created_timestamp&quot;:&quot;0&quot;,&quot;copyright&quot;:&quot;&quot;,&quot;focal_length&quot;:&quot;0&quot;,&quot;iso&quot;:&quot;0&quot;,&quot;shutter_speed&quot;:&quot;0&quot;,&quot;title&quot;:&quot;&quot;,&quot;orientation&quot;:&quot;0&quot;}\" data-image-title=\"immagine incollata 1992&#215;1299\" data-image-description=\"\" data-image-caption=\"\" data-medium-file=\"https:\/\/i0.wp.com\/www.zoom--in.it\/wp-content\/uploads\/2018\/12\/immagine-incollata-1992x1299.jpg?fit=300%2C196&amp;ssl=1\" data-large-file=\"https:\/\/i0.wp.com\/www.zoom--in.it\/wp-content\/uploads\/2018\/12\/immagine-incollata-1992x1299.jpg?fit=640%2C418&amp;ssl=1\" \/><\/a>\n<h4 class=\"pt-cv-title\"><a href=\"https:\/\/www.zoom--in.it\/index.php\/2018\/12\/22\/i-dolori-del-giovane-ponte\/\" class=\"_self\" target=\"_self\" >I DOLORI del GIOVANE PONTE<\/a><\/h4>\n<div class=\"pt-cv-content\">I DOLORI del GIOVANE PONTE A ogni pie\u2019 sospinto crolla un ponte, esonda un fiume, si apre una strada, come ...<br \/><a href=\"https:\/\/www.zoom--in.it\/index.php\/2018\/12\/22\/i-dolori-del-giovane-ponte\/\" class=\"_self pt-cv-readmore btn btn-success\" target=\"_self\">Leggi Tutto<\/a><\/div><\/div><\/div>\n<div class=\"col-md-6 col-sm-6 col-xs-12 pt-cv-content-item pt-cv-2-col\" ><div class='pt-cv-ifield'><a href=\"https:\/\/www.zoom--in.it\/index.php\/2018\/12\/22\/le-prime-crepe-del-ponte-senato-2015-2016\/\" class=\"_self pt-cv-href-thumbnail pt-cv-thumb-left\" target=\"_self\" ><img width=\"150\" height=\"150\" src=\"https:\/\/i0.wp.com\/www.zoom--in.it\/wp-content\/uploads\/2018\/12\/9893-10682.jpg?resize=150%2C150&amp;ssl=1\" class=\"pt-cv-thumbnail pull-left\" alt=\"\" loading=\"lazy\" data-attachment-id=\"3300\" data-permalink=\"https:\/\/www.zoom--in.it\/index.php\/2018\/12\/22\/le-prime-crepe-del-ponte-senato-2015-2016\/9893-10682\/\" data-orig-file=\"https:\/\/i0.wp.com\/www.zoom--in.it\/wp-content\/uploads\/2018\/12\/9893-10682.jpg?fit=1280%2C853&amp;ssl=1\" data-orig-size=\"1280,853\" data-comments-opened=\"0\" data-image-meta=\"{&quot;aperture&quot;:&quot;0&quot;,&quot;credit&quot;:&quot;&quot;,&quot;camera&quot;:&quot;&quot;,&quot;caption&quot;:&quot;&quot;,&quot;created_timestamp&quot;:&quot;0&quot;,&quot;copyright&quot;:&quot;&quot;,&quot;focal_length&quot;:&quot;0&quot;,&quot;iso&quot;:&quot;0&quot;,&quot;shutter_speed&quot;:&quot;0&quot;,&quot;title&quot;:&quot;&quot;,&quot;orientation&quot;:&quot;0&quot;}\" data-image-title=\"9893-10682\" data-image-description=\"\" data-image-caption=\"\" data-medium-file=\"https:\/\/i0.wp.com\/www.zoom--in.it\/wp-content\/uploads\/2018\/12\/9893-10682.jpg?fit=300%2C200&amp;ssl=1\" data-large-file=\"https:\/\/i0.wp.com\/www.zoom--in.it\/wp-content\/uploads\/2018\/12\/9893-10682.jpg?fit=640%2C426&amp;ssl=1\" \/><\/a>\n<h4 class=\"pt-cv-title\"><a href=\"https:\/\/www.zoom--in.it\/index.php\/2018\/12\/22\/le-prime-crepe-del-ponte-senato-2015-2016\/\" class=\"_self\" target=\"_self\" >Le Prime Crepe del Ponte  Senato 2015-2016<\/a><\/h4>\n<div class=\"pt-cv-content\">Le Prime Crepe del Ponte. Senato 2015-2016 Gi\u00e0 nel 2015 e 2016, il senatore Maurizio Rossi (Scelta Civica, poi Gruppo ...<br \/><a href=\"https:\/\/www.zoom--in.it\/index.php\/2018\/12\/22\/le-prime-crepe-del-ponte-senato-2015-2016\/\" class=\"_self pt-cv-readmore btn btn-success\" target=\"_self\">Leggi Tutto<\/a><\/div><\/div><\/div>\n<div class=\"col-md-6 col-sm-6 col-xs-12 pt-cv-content-item pt-cv-2-col\" ><div class='pt-cv-ifield'><a href=\"https:\/\/www.zoom--in.it\/index.php\/2018\/12\/09\/lusurpatore\/\" class=\"_self pt-cv-href-thumbnail pt-cv-thumb-left\" target=\"_self\" ><img width=\"150\" height=\"150\" src=\"https:\/\/i0.wp.com\/www.zoom--in.it\/wp-content\/uploads\/2018\/12\/20180315_164945_AA4E39EF.jpg?resize=150%2C150&amp;ssl=1\" class=\"pt-cv-thumbnail pull-left\" alt=\"\" loading=\"lazy\" data-attachment-id=\"2825\" data-permalink=\"https:\/\/www.zoom--in.it\/index.php\/2018\/12\/09\/lusurpatore\/italy-politics-elections-parties-league\/\" data-orig-file=\"https:\/\/i0.wp.com\/www.zoom--in.it\/wp-content\/uploads\/2018\/12\/20180315_164945_AA4E39EF.jpg?fit=512%2C323&amp;ssl=1\" data-orig-size=\"512,323\" data-comments-opened=\"0\" data-image-meta=\"{&quot;aperture&quot;:&quot;0&quot;,&quot;credit&quot;:&quot;AFP&quot;,&quot;camera&quot;:&quot;&quot;,&quot;caption&quot;:&quot;Leader of the far-right League (Lega Nord) party, Matteo Salvini reacts during a meeting with the foreign press on March 14, 2018 in Rome.\\nAnti-establishment party M5S leader on March 13 called on Italy&#039;s other political parties to listen to what he called a \\&quot;signal\\&quot; from voters and help him break the country&#039;s post-election political deadlock, but neither League leader Matteo Salvini nor the centre-left Democratic Party (PD) have budged since the vote. \\\/ AFP PHOTO \\\/ TIZIANA FABI&quot;,&quot;created_timestamp&quot;:&quot;1521042670&quot;,&quot;copyright&quot;:&quot;AFP or licensors&quot;,&quot;focal_length&quot;:&quot;0&quot;,&quot;iso&quot;:&quot;0&quot;,&quot;shutter_speed&quot;:&quot;0&quot;,&quot;title&quot;:&quot;ITALY-POLITICS-ELECTIONS-PARTIES-LEAGUE&quot;,&quot;orientation&quot;:&quot;0&quot;}\" data-image-title=\"ITALY-POLITICS-ELECTIONS-PARTIES-LEAGUE\" data-image-description=\"\" data-image-caption=\"&lt;p&gt;Leader of the far-right League (Lega Nord) party, Matteo Salvini reacts during a meeting with the foreign press on March 14, 2018 in Rome.&lt;br \/&gt;\nAnti-establishment party M5S leader on March 13 called on Italy&#8217;s other political parties to listen to what he called a &#8220;signal&#8221; from voters and help him break the country&#8217;s post-election political deadlock, but neither League leader Matteo Salvini nor the centre-left Democratic Party (PD) have budged since the vote. \/ AFP PHOTO \/ TIZIANA FABI&lt;\/p&gt;\n\" data-medium-file=\"https:\/\/i0.wp.com\/www.zoom--in.it\/wp-content\/uploads\/2018\/12\/20180315_164945_AA4E39EF.jpg?fit=300%2C189&amp;ssl=1\" data-large-file=\"https:\/\/i0.wp.com\/www.zoom--in.it\/wp-content\/uploads\/2018\/12\/20180315_164945_AA4E39EF.jpg?fit=323%2C323&amp;ssl=1\" \/><\/a>\n<h4 class=\"pt-cv-title\"><a href=\"https:\/\/www.zoom--in.it\/index.php\/2018\/12\/09\/lusurpatore\/\" class=\"_self\" target=\"_self\" >L\u2019USURPATORE<\/a><\/h4>\n<div class=\"pt-cv-content\">L\u2019USURPATORE Le inchieste le fa la magistratura, organismo autonomo dal potere politico, e le affida agli organi di polizia competenti ...<br \/><a href=\"https:\/\/www.zoom--in.it\/index.php\/2018\/12\/09\/lusurpatore\/\" class=\"_self pt-cv-readmore btn btn-success\" target=\"_self\">Leggi Tutto<\/a><\/div><\/div><\/div>\n<div class=\"col-md-6 col-sm-6 col-xs-12 pt-cv-content-item pt-cv-2-col\" ><div class='pt-cv-ifield'><a href=\"https:\/\/www.zoom--in.it\/index.php\/2018\/11\/19\/carta-straccia-cambiare-la-costituzione\/\" class=\"_self pt-cv-href-thumbnail pt-cv-thumb-left\" target=\"_self\" ><img width=\"150\" height=\"150\" src=\"https:\/\/i0.wp.com\/www.zoom--in.it\/wp-content\/uploads\/2018\/11\/rosato-2.jpg?resize=150%2C150&amp;ssl=1\" class=\"pt-cv-thumbnail pull-left\" alt=\"\" loading=\"lazy\" data-attachment-id=\"1679\" data-permalink=\"https:\/\/www.zoom--in.it\/index.php\/2018\/11\/19\/carta-straccia-cambiare-la-costituzione\/rosato-3\/\" data-orig-file=\"https:\/\/i0.wp.com\/www.zoom--in.it\/wp-content\/uploads\/2018\/11\/rosato-2.jpg?fit=498%2C292&amp;ssl=1\" data-orig-size=\"498,292\" data-comments-opened=\"0\" data-image-meta=\"{&quot;aperture&quot;:&quot;0&quot;,&quot;credit&quot;:&quot;&quot;,&quot;camera&quot;:&quot;&quot;,&quot;caption&quot;:&quot;&quot;,&quot;created_timestamp&quot;:&quot;0&quot;,&quot;copyright&quot;:&quot;&quot;,&quot;focal_length&quot;:&quot;0&quot;,&quot;iso&quot;:&quot;0&quot;,&quot;shutter_speed&quot;:&quot;0&quot;,&quot;title&quot;:&quot;&quot;,&quot;orientation&quot;:&quot;1&quot;}\" data-image-title=\"rosato\" data-image-description=\"\" data-image-caption=\"\" data-medium-file=\"https:\/\/i0.wp.com\/www.zoom--in.it\/wp-content\/uploads\/2018\/11\/rosato-2.jpg?fit=300%2C176&amp;ssl=1\" data-large-file=\"https:\/\/i0.wp.com\/www.zoom--in.it\/wp-content\/uploads\/2018\/11\/rosato-2.jpg?fit=292%2C292&amp;ssl=1\" \/><\/a>\n<h4 class=\"pt-cv-title\"><a href=\"https:\/\/www.zoom--in.it\/index.php\/2018\/11\/19\/carta-straccia-cambiare-la-costituzione\/\" class=\"_self\" target=\"_self\" >CARTA STRACCIA:  CAMBIARE LA COSTITUZIONE<\/a><\/h4>\n<div class=\"pt-cv-content\">CARTA STRACCIA: CAMBIARE LA COSTITUZIONE Gente del popolo mi dice che la \"Costituzione Italiana \u00e8 roba leggerina, ormai. E' ora ...<br \/><a href=\"https:\/\/www.zoom--in.it\/index.php\/2018\/11\/19\/carta-straccia-cambiare-la-costituzione\/\" class=\"_self pt-cv-readmore btn btn-success\" target=\"_self\">Leggi Tutto<\/a><\/div><\/div><\/div>\n<div class=\"col-md-6 col-sm-6 col-xs-12 pt-cv-content-item pt-cv-2-col\" ><div class='pt-cv-ifield'><a href=\"https:\/\/www.zoom--in.it\/index.php\/2018\/11\/19\/corazziere-1-e-corazziere-2\/\" class=\"_self pt-cv-href-thumbnail pt-cv-thumb-left\" target=\"_self\" ><img width=\"150\" height=\"150\" src=\"https:\/\/i0.wp.com\/www.zoom--in.it\/wp-content\/uploads\/2018\/11\/bambini.jpg?resize=150%2C150&amp;ssl=1\" class=\"pt-cv-thumbnail pull-left\" alt=\"\" loading=\"lazy\" data-attachment-id=\"1413\" data-permalink=\"https:\/\/www.zoom--in.it\/index.php\/2018\/11\/19\/corazziere-1-e-corazziere-2\/happy-children-silhouettes-on-summer-meadow-running-and-jumping\/\" data-orig-file=\"https:\/\/i0.wp.com\/www.zoom--in.it\/wp-content\/uploads\/2018\/11\/bambini.jpg?fit=1200%2C648&amp;ssl=1\" data-orig-size=\"1200,648\" data-comments-opened=\"0\" data-image-meta=\"{&quot;aperture&quot;:&quot;0&quot;,&quot;credit&quot;:&quot;&quot;,&quot;camera&quot;:&quot;&quot;,&quot;caption&quot;:&quot;&quot;,&quot;created_timestamp&quot;:&quot;0&quot;,&quot;copyright&quot;:&quot;&quot;,&quot;focal_length&quot;:&quot;0&quot;,&quot;iso&quot;:&quot;0&quot;,&quot;shutter_speed&quot;:&quot;0&quot;,&quot;title&quot;:&quot;Happy children silhouettes on summer meadow running and jumping&quot;,&quot;orientation&quot;:&quot;0&quot;}\" data-image-title=\"Happy children silhouettes on summer meadow running and jumping\" data-image-description=\"\" data-image-caption=\"\" data-medium-file=\"https:\/\/i0.wp.com\/www.zoom--in.it\/wp-content\/uploads\/2018\/11\/bambini.jpg?fit=300%2C162&amp;ssl=1\" data-large-file=\"https:\/\/i0.wp.com\/www.zoom--in.it\/wp-content\/uploads\/2018\/11\/bambini.jpg?fit=640%2C346&amp;ssl=1\" \/><\/a>\n<h4 class=\"pt-cv-title\"><a href=\"https:\/\/www.zoom--in.it\/index.php\/2018\/11\/19\/corazziere-1-e-corazziere-2\/\" class=\"_self\" target=\"_self\" >CORAZZIERE  1   e   CORAZZIERE  2<\/a><\/h4>\n<div class=\"pt-cv-content\">CORAZZIERE 1 e CORAZZIERE 2 Nel mezzo, tra i due corazzieri, c'era Napolitano travestito da Crozza, o viceversa.Invece, tra il ...<br \/><a href=\"https:\/\/www.zoom--in.it\/index.php\/2018\/11\/19\/corazziere-1-e-corazziere-2\/\" class=\"_self pt-cv-readmore btn btn-success\" target=\"_self\">Leggi Tutto<\/a><\/div><\/div><\/div>\n<div class=\"col-md-6 col-sm-6 col-xs-12 pt-cv-content-item pt-cv-2-col\" ><div class='pt-cv-ifield'><a href=\"https:\/\/www.zoom--in.it\/index.php\/2018\/11\/19\/fare-il-ministro\/\" class=\"_self pt-cv-href-thumbnail pt-cv-thumb-left\" target=\"_self\" ><img width=\"150\" height=\"150\" src=\"https:\/\/i0.wp.com\/www.zoom--in.it\/wp-content\/uploads\/2018\/11\/be-indispensable.jpg?resize=150%2C150&amp;ssl=1\" class=\"pt-cv-thumbnail pull-left\" alt=\"\" loading=\"lazy\" data-attachment-id=\"1393\" data-permalink=\"https:\/\/www.zoom--in.it\/index.php\/2018\/11\/19\/fare-il-ministro\/be-indispensable\/\" data-orig-file=\"https:\/\/i0.wp.com\/www.zoom--in.it\/wp-content\/uploads\/2018\/11\/be-indispensable.jpg?fit=1200%2C800&amp;ssl=1\" data-orig-size=\"1200,800\" data-comments-opened=\"0\" data-image-meta=\"{&quot;aperture&quot;:&quot;0&quot;,&quot;credit&quot;:&quot;&quot;,&quot;camera&quot;:&quot;&quot;,&quot;caption&quot;:&quot;&quot;,&quot;created_timestamp&quot;:&quot;0&quot;,&quot;copyright&quot;:&quot;&quot;,&quot;focal_length&quot;:&quot;0&quot;,&quot;iso&quot;:&quot;0&quot;,&quot;shutter_speed&quot;:&quot;0&quot;,&quot;title&quot;:&quot;&quot;,&quot;orientation&quot;:&quot;0&quot;}\" data-image-title=\"be-indispensable\" data-image-description=\"\" data-image-caption=\"\" data-medium-file=\"https:\/\/i0.wp.com\/www.zoom--in.it\/wp-content\/uploads\/2018\/11\/be-indispensable.jpg?fit=300%2C200&amp;ssl=1\" data-large-file=\"https:\/\/i0.wp.com\/www.zoom--in.it\/wp-content\/uploads\/2018\/11\/be-indispensable.jpg?fit=640%2C427&amp;ssl=1\" \/><\/a>\n<h4 class=\"pt-cv-title\"><a href=\"https:\/\/www.zoom--in.it\/index.php\/2018\/11\/19\/fare-il-ministro\/\" class=\"_self\" target=\"_self\" >FARE IL  MINISTRO<\/a><\/h4>\n<div class=\"pt-cv-content\">FARE IL MINISTRO Per chi pensasse che ricoprire un incarico ministeriale non richieda impegno, studio, scrupolo, spiego meglio l'iter che ...<br \/><a href=\"https:\/\/www.zoom--in.it\/index.php\/2018\/11\/19\/fare-il-ministro\/\" class=\"_self pt-cv-readmore btn btn-success\" target=\"_self\">Leggi Tutto<\/a><\/div><\/div><\/div>\n<div class=\"col-md-6 col-sm-6 col-xs-12 pt-cv-content-item pt-cv-2-col\" ><div class='pt-cv-ifield'><a href=\"https:\/\/www.zoom--in.it\/index.php\/2018\/11\/19\/taglio-dei-vitalizi-agli-ex-deputati\/\" class=\"_self pt-cv-href-thumbnail pt-cv-thumb-left\" target=\"_self\" ><img width=\"150\" height=\"150\" src=\"https:\/\/i0.wp.com\/www.zoom--in.it\/wp-content\/uploads\/2018\/11\/parl.jpg?resize=150%2C150&amp;ssl=1\" class=\"pt-cv-thumbnail pull-left\" alt=\"\" loading=\"lazy\" data-attachment-id=\"1382\" data-permalink=\"https:\/\/www.zoom--in.it\/index.php\/2018\/11\/19\/taglio-dei-vitalizi-agli-ex-deputati\/napolitano-ha-giurato\/\" data-orig-file=\"https:\/\/i0.wp.com\/www.zoom--in.it\/wp-content\/uploads\/2018\/11\/parl.jpg?fit=1200%2C798&amp;ssl=1\" data-orig-size=\"1200,798\" data-comments-opened=\"0\" data-image-meta=\"{&quot;aperture&quot;:&quot;0&quot;,&quot;credit&quot;:&quot;ANSA&quot;,&quot;camera&quot;:&quot;&quot;,&quot;caption&quot;:&quot;Panoramica dell&#039;aula durante il giuramento del Presidente della Repubblica rieletto, Giorgio Napolitano, di fronte al parlamento riunito in seduta congiunta, integrato da 58 rappresentanti delle Regioni, a Montecitorio, Roma, 22 aprile 2013.  ANSA \\\/ MAURIZIO BRAMBATTI&quot;,&quot;created_timestamp&quot;:&quot;0&quot;,&quot;copyright&quot;:&quot;ANSA&quot;,&quot;focal_length&quot;:&quot;0&quot;,&quot;iso&quot;:&quot;0&quot;,&quot;shutter_speed&quot;:&quot;0&quot;,&quot;title&quot;:&quot;NAPOLITANO HA GIURATO&quot;,&quot;orientation&quot;:&quot;0&quot;}\" data-image-title=\"NAPOLITANO HA GIURATO\" data-image-description=\"\" data-image-caption=\"&lt;p&gt;Panoramica dell&#8217;aula durante il giuramento del Presidente della Repubblica rieletto, Giorgio Napolitano, di fronte al parlamento riunito in seduta congiunta, integrato da 58 rappresentanti delle Regioni, a Montecitorio, Roma, 22 aprile 2013.  ANSA \/ MAURIZIO BRAMBATTI&lt;\/p&gt;\n\" data-medium-file=\"https:\/\/i0.wp.com\/www.zoom--in.it\/wp-content\/uploads\/2018\/11\/parl.jpg?fit=300%2C200&amp;ssl=1\" data-large-file=\"https:\/\/i0.wp.com\/www.zoom--in.it\/wp-content\/uploads\/2018\/11\/parl.jpg?fit=640%2C426&amp;ssl=1\" \/><\/a>\n<h4 class=\"pt-cv-title\"><a href=\"https:\/\/www.zoom--in.it\/index.php\/2018\/11\/19\/taglio-dei-vitalizi-agli-ex-deputati\/\" class=\"_self\" target=\"_self\" >TAGLIO DEI VITALIZI AGLI EX DEPUTATI<\/a><\/h4>\n<div class=\"pt-cv-content\">TAGLIO DEI VITALIZI AGLI EX DEPUTATI La delibera del presidente Roberto Fico sul taglio dei vitalizi agli ex deputati, in ...<br \/><a href=\"https:\/\/www.zoom--in.it\/index.php\/2018\/11\/19\/taglio-dei-vitalizi-agli-ex-deputati\/\" class=\"_self pt-cv-readmore btn btn-success\" target=\"_self\">Leggi Tutto<\/a><\/div><\/div><\/div>\n<div class=\"col-md-6 col-sm-6 col-xs-12 pt-cv-content-item pt-cv-2-col\" ><div class='pt-cv-ifield'><a href=\"https:\/\/www.zoom--in.it\/index.php\/2018\/11\/18\/le-pari-opportunita-migrano-verso-un-uomo\/\" class=\"_self pt-cv-href-thumbnail pt-cv-thumb-left\" target=\"_self\" ><img width=\"150\" height=\"150\" src=\"https:\/\/i0.wp.com\/www.zoom--in.it\/wp-content\/uploads\/2018\/11\/homo-sapiens.png?resize=150%2C150&amp;ssl=1\" class=\"pt-cv-thumbnail pull-left\" alt=\"\" loading=\"lazy\" data-attachment-id=\"1229\" data-permalink=\"https:\/\/www.zoom--in.it\/index.php\/2018\/11\/18\/le-pari-opportunita-migrano-verso-un-uomo\/homo-sapiens\/\" data-orig-file=\"https:\/\/i0.wp.com\/www.zoom--in.it\/wp-content\/uploads\/2018\/11\/homo-sapiens.png?fit=1200%2C627&amp;ssl=1\" data-orig-size=\"1200,627\" data-comments-opened=\"0\" data-image-meta=\"{&quot;aperture&quot;:&quot;0&quot;,&quot;credit&quot;:&quot;&quot;,&quot;camera&quot;:&quot;&quot;,&quot;caption&quot;:&quot;&quot;,&quot;created_timestamp&quot;:&quot;0&quot;,&quot;copyright&quot;:&quot;&quot;,&quot;focal_length&quot;:&quot;0&quot;,&quot;iso&quot;:&quot;0&quot;,&quot;shutter_speed&quot;:&quot;0&quot;,&quot;title&quot;:&quot;&quot;,&quot;orientation&quot;:&quot;0&quot;}\" data-image-title=\"homo-sapiens\" data-image-description=\"\" data-image-caption=\"\" data-medium-file=\"https:\/\/i0.wp.com\/www.zoom--in.it\/wp-content\/uploads\/2018\/11\/homo-sapiens.png?fit=300%2C157&amp;ssl=1\" data-large-file=\"https:\/\/i0.wp.com\/www.zoom--in.it\/wp-content\/uploads\/2018\/11\/homo-sapiens.png?fit=640%2C334&amp;ssl=1\" \/><\/a>\n<h4 class=\"pt-cv-title\"><a href=\"https:\/\/www.zoom--in.it\/index.php\/2018\/11\/18\/le-pari-opportunita-migrano-verso-un-uomo\/\" class=\"_self\" target=\"_self\" >LE PARI OPPORTUNIT\u00c0 MIGRANO&#8230;.VERSO UN UOMO<\/a><\/h4>\n<div class=\"pt-cv-content\">LE PARI OPPORTUNIT\u00c0 MIGRANO... ...VERSO UN UOMO Mi \u00e8 stato chiesto di commentare il declassamento del ministero delle Pari Opportunit\u00e0, ...<br \/><a href=\"https:\/\/www.zoom--in.it\/index.php\/2018\/11\/18\/le-pari-opportunita-migrano-verso-un-uomo\/\" class=\"_self pt-cv-readmore btn btn-success\" target=\"_self\">Leggi Tutto<\/a><\/div><\/div><\/div>\n<div class=\"col-md-6 col-sm-6 col-xs-12 pt-cv-content-item pt-cv-2-col\" ><div class='pt-cv-ifield'><a href=\"https:\/\/www.zoom--in.it\/index.php\/2018\/10\/21\/a-che-gioco-giochiamo\/\" class=\"_self pt-cv-href-thumbnail pt-cv-thumb-left\" target=\"_self\" ><img width=\"150\" height=\"150\" src=\"https:\/\/i0.wp.com\/www.zoom--in.it\/wp-content\/uploads\/2018\/10\/salvini-dimaio-berlusconi-e1540549671129.jpg?resize=150%2C150&amp;ssl=1\" class=\"pt-cv-thumbnail pull-left\" alt=\"\" loading=\"lazy\" data-attachment-id=\"120\" data-permalink=\"https:\/\/www.zoom--in.it\/index.php\/2018\/10\/21\/a-che-gioco-giochiamo\/salvini-dimaio-berlusconi\/\" data-orig-file=\"https:\/\/i0.wp.com\/www.zoom--in.it\/wp-content\/uploads\/2018\/10\/salvini-dimaio-berlusconi-e1540549671129.jpg?fit=700%2C525&amp;ssl=1\" data-orig-size=\"700,525\" data-comments-opened=\"1\" data-image-meta=\"{&quot;aperture&quot;:&quot;0&quot;,&quot;credit&quot;:&quot;&quot;,&quot;camera&quot;:&quot;&quot;,&quot;caption&quot;:&quot;&quot;,&quot;created_timestamp&quot;:&quot;0&quot;,&quot;copyright&quot;:&quot;&quot;,&quot;focal_length&quot;:&quot;0&quot;,&quot;iso&quot;:&quot;0&quot;,&quot;shutter_speed&quot;:&quot;0&quot;,&quot;title&quot;:&quot;&quot;,&quot;orientation&quot;:&quot;0&quot;}\" data-image-title=\"salvini-dimaio-berlusconi\" data-image-description=\"\" data-image-caption=\"\" data-medium-file=\"https:\/\/i0.wp.com\/www.zoom--in.it\/wp-content\/uploads\/2018\/10\/salvini-dimaio-berlusconi-e1540549671129.jpg?fit=300%2C225&amp;ssl=1\" data-large-file=\"https:\/\/i0.wp.com\/www.zoom--in.it\/wp-content\/uploads\/2018\/10\/salvini-dimaio-berlusconi-e1540549671129.jpg?fit=525%2C525&amp;ssl=1\" \/><\/a>\n<h4 class=\"pt-cv-title\"><a href=\"https:\/\/www.zoom--in.it\/index.php\/2018\/10\/21\/a-che-gioco-giochiamo\/\" class=\"_self\" target=\"_self\" >A CHE GIOCO GIOCHIAMO?<\/a><\/h4>\n<div class=\"pt-cv-content\">A CHE GIOCO GIOCHIAMO? Giochiamo a quello per cui Salvini spara a zero su tutto, per ribaltare il tavolo e ...<br \/><a href=\"https:\/\/www.zoom--in.it\/index.php\/2018\/10\/21\/a-che-gioco-giochiamo\/\" class=\"_self pt-cv-readmore btn btn-success\" target=\"_self\">Leggi Tutto<\/a><\/div><\/div><\/div>\n<div class=\"col-md-6 col-sm-6 col-xs-12 pt-cv-content-item pt-cv-2-col\" ><div class='pt-cv-ifield'><a href=\"https:\/\/www.zoom--in.it\/index.php\/2018\/10\/21\/se-ci-fosse-pertini\/\" class=\"_self pt-cv-href-thumbnail pt-cv-thumb-left\" target=\"_self\" ><img width=\"150\" height=\"150\" src=\"https:\/\/i0.wp.com\/www.zoom--in.it\/wp-content\/uploads\/2018\/10\/sandro-pertini-un-socialista-al-quirinale-e1520930149113.jpg?resize=150%2C150&amp;ssl=1\" class=\"pt-cv-thumbnail pull-left\" alt=\"\" loading=\"lazy\" data-attachment-id=\"117\" data-permalink=\"https:\/\/www.zoom--in.it\/index.php\/2018\/10\/21\/se-ci-fosse-pertini\/sandro-pertini-un-socialista-al-quirinale-e1520930149113\/\" data-orig-file=\"https:\/\/i0.wp.com\/www.zoom--in.it\/wp-content\/uploads\/2018\/10\/sandro-pertini-un-socialista-al-quirinale-e1520930149113.jpg?fit=1200%2C664&amp;ssl=1\" data-orig-size=\"1200,664\" data-comments-opened=\"1\" data-image-meta=\"{&quot;aperture&quot;:&quot;0&quot;,&quot;credit&quot;:&quot;&quot;,&quot;camera&quot;:&quot;&quot;,&quot;caption&quot;:&quot;&quot;,&quot;created_timestamp&quot;:&quot;0&quot;,&quot;copyright&quot;:&quot;&quot;,&quot;focal_length&quot;:&quot;0&quot;,&quot;iso&quot;:&quot;0&quot;,&quot;shutter_speed&quot;:&quot;0&quot;,&quot;title&quot;:&quot;&quot;,&quot;orientation&quot;:&quot;0&quot;}\" data-image-title=\"sandro-pertini-un-socialista-al-quirinale-e1520930149113\" data-image-description=\"\" data-image-caption=\"\" data-medium-file=\"https:\/\/i0.wp.com\/www.zoom--in.it\/wp-content\/uploads\/2018\/10\/sandro-pertini-un-socialista-al-quirinale-e1520930149113.jpg?fit=300%2C166&amp;ssl=1\" data-large-file=\"https:\/\/i0.wp.com\/www.zoom--in.it\/wp-content\/uploads\/2018\/10\/sandro-pertini-un-socialista-al-quirinale-e1520930149113.jpg?fit=640%2C354&amp;ssl=1\" \/><\/a>\n<h4 class=\"pt-cv-title\"><a href=\"https:\/\/www.zoom--in.it\/index.php\/2018\/10\/21\/se-ci-fosse-pertini\/\" class=\"_self\" target=\"_self\" >SE CI FOSSE PERTINI<\/a><\/h4>\n<div class=\"pt-cv-content\">SE CI FOSSE PERTINI... SALVINI E TONINELLI SE LA PASSEREBBERO MOLTO MALE Lui saprebbe che fare. Convocherebbe Salvini e Toninelli ...<br \/><a href=\"https:\/\/www.zoom--in.it\/index.php\/2018\/10\/21\/se-ci-fosse-pertini\/\" class=\"_self pt-cv-readmore btn btn-success\" target=\"_self\">Leggi Tutto<\/a><\/div><\/div><\/div><\/div><\/div><\/div>\t\t<\/div>\n\t\t\t\t<\/div>\n\t\t\t\t\t\t<\/div>\n\t\t\t\t\t<\/div>\n\t\t<\/div>\n\t\t\t\t\t\t\t\t<\/div>\n\t\t\t\t\t<\/div>\n\t\t<\/section>\n\t\t\t\t<section class=\"elementor-section elementor-top-section elementor-element elementor-element-613187e elementor-section-boxed elementor-section-height-default elementor-section-height-default\" data-id=\"613187e\" data-element_type=\"section\">\n\t\t\t\t\t\t<div class=\"elementor-container elementor-column-gap-default\">\n\t\t\t\t\t\t\t<div class=\"elementor-row\">\n\t\t\t\t\t<div class=\"elementor-column elementor-col-100 elementor-top-column elementor-element elementor-element-a7a46cd\" data-id=\"a7a46cd\" data-element_type=\"column\">\n\t\t\t<div class=\"elementor-column-wrap elementor-element-populated\">\n\t\t\t\t\t\t\t<div class=\"elementor-widget-wrap\">\n\t\t\t\t\t\t<div class=\"elementor-element elementor-element-e52c211 elementor-widget elementor-widget-wp-widget-tag_cloud\" data-id=\"e52c211\" data-element_type=\"widget\" data-widget_type=\"wp-widget-tag_cloud.default\">\n\t\t\t\t<div class=\"elementor-widget-container\">\n\t\t\t<h5>Tag<\/h5><div class=\"tagcloud\"><a href=\"https:\/\/www.zoom--in.it\/index.php\/tag\/amalgami\/\" class=\"tag-cloud-link tag-link-70 tag-link-position-1\" style=\"font-size: 8pt;\" aria-label=\"amalgami (1 elemento )\">amalgami<\/a>\n<a href=\"https:\/\/www.zoom--in.it\/index.php\/tag\/bracconaggio\/\" class=\"tag-cloud-link tag-link-25 tag-link-position-2\" style=\"font-size: 16.75pt;\" aria-label=\"Bracconaggio (3 elementi)\">Bracconaggio<\/a>\n<a href=\"https:\/\/www.zoom--in.it\/index.php\/tag\/ceta\/\" class=\"tag-cloud-link tag-link-30 tag-link-position-3\" style=\"font-size: 8pt;\" aria-label=\"CETA (1 elemento )\">CETA<\/a>\n<a href=\"https:\/\/www.zoom--in.it\/index.php\/tag\/condanna\/\" class=\"tag-cloud-link tag-link-35 tag-link-position-4\" style=\"font-size: 19.666666666667pt;\" aria-label=\"condanna (4 elementi)\">condanna<\/a>\n<a href=\"https:\/\/www.zoom--in.it\/index.php\/tag\/fate-silenzio-ipocriti\/\" class=\"tag-cloud-link tag-link-28 tag-link-position-5\" style=\"font-size: 8pt;\" aria-label=\"Fate silenzio ipocriti (1 elemento )\">Fate silenzio ipocriti<\/a>\n<a href=\"https:\/\/www.zoom--in.it\/index.php\/tag\/foresta-bielowitza\/\" class=\"tag-cloud-link tag-link-23 tag-link-position-6\" style=\"font-size: 22pt;\" aria-label=\"Foresta Bielowitza (5 elementi)\">Foresta Bielowitza<\/a>\n<a href=\"https:\/\/www.zoom--in.it\/index.php\/tag\/il-sorriso-vincente\/\" class=\"tag-cloud-link tag-link-27 tag-link-position-7\" style=\"font-size: 13.25pt;\" aria-label=\"Il sorriso vincente (2 elementi)\">Il sorriso vincente<\/a>\n<a href=\"https:\/\/www.zoom--in.it\/index.php\/tag\/isole-di-plastica\/\" class=\"tag-cloud-link tag-link-26 tag-link-position-8\" style=\"font-size: 16.75pt;\" aria-label=\"Isole di plastica (3 elementi)\">Isole di plastica<\/a>\n<a href=\"https:\/\/www.zoom--in.it\/index.php\/tag\/le-petizioni-sono-efficaci\/\" class=\"tag-cloud-link tag-link-32 tag-link-position-9\" style=\"font-size: 16.75pt;\" aria-label=\"le Petizioni sono efficaci (3 elementi)\">le Petizioni sono efficaci<\/a>\n<a href=\"https:\/\/www.zoom--in.it\/index.php\/tag\/mercato\/\" class=\"tag-cloud-link tag-link-34 tag-link-position-10\" style=\"font-size: 16.75pt;\" aria-label=\"MERCATO (3 elementi)\">MERCATO<\/a>\n<a href=\"https:\/\/www.zoom--in.it\/index.php\/tag\/mercurio\/\" class=\"tag-cloud-link tag-link-69 tag-link-position-11\" style=\"font-size: 8pt;\" aria-label=\"mercurio (1 elemento )\">mercurio<\/a>\n<a href=\"https:\/\/www.zoom--in.it\/index.php\/tag\/peterfalk\/\" class=\"tag-cloud-link tag-link-71 tag-link-position-12\" style=\"font-size: 8pt;\" aria-label=\"peterfalk (1 elemento )\">peterfalk<\/a>\n<a href=\"https:\/\/www.zoom--in.it\/index.php\/tag\/sudan\/\" class=\"tag-cloud-link tag-link-31 tag-link-position-13\" style=\"font-size: 13.25pt;\" aria-label=\"SUDAN (2 elementi)\">SUDAN<\/a><\/div>\n\t\t<\/div>\n\t\t\t\t<\/div>\n\t\t\t\t\t\t<\/div>\n\t\t\t\t\t<\/div>\n\t\t<\/div>\n\t\t\t\t\t\t\t\t<\/div>\n\t\t\t\t\t<\/div>\n\t\t<\/section>\n\t\t\t\t\t\t\t\t\t<\/div>\n\t\t\t<\/div>\n\t\t\t\t\t<\/div>\n\t\t","protected":false},"excerpt":{"rendered":"<p>Stato<\/p>\n","protected":false},"author":1,"featured_media":0,"parent":0,"menu_order":0,"comment_status":"closed","ping_status":"closed","template":"","meta":{"spay_email":""},"yoast_head":"<!-- This site is optimized with the Yoast SEO plugin v19.4 - https:\/\/yoast.com\/wordpress\/plugins\/seo\/ -->\n<title>Stato - ZoomIN Magazine<\/title>\n<meta name=\"robots\" content=\"index, follow, max-snippet:-1, max-image-preview:large, max-video-preview:-1\" \/>\n<link rel=\"canonical\" href=\"https:\/\/www.zoom--in.it\/index.php\/stato\/\" \/>\n<meta property=\"og:locale\" content=\"it_IT\" \/>\n<meta property=\"og:type\" content=\"article\" \/>\n<meta property=\"og:title\" content=\"Stato - ZoomIN Magazine\" \/>\n<meta property=\"og:description\" content=\"Stato\" \/>\n<meta property=\"og:url\" content=\"https:\/\/www.zoom--in.it\/index.php\/stato\/\" \/>\n<meta property=\"og:site_name\" content=\"ZoomIN Magazine\" \/>\n<meta property=\"article:modified_time\" content=\"2018-11-29T11:07:24+00:00\" \/>\n<meta property=\"og:image\" content=\"https:\/\/www.zoom--in.it\/wp-content\/uploads\/elementor\/thumbs\/2-nzn71hppgohha5wbu2fdkxd2t071zmql1tt07fu2vy.png\" \/>\n<meta name=\"twitter:card\" content=\"summary_large_image\" \/>\n<script type=\"application\/ld+json\" class=\"yoast-schema-graph\">{\"@context\":\"https:\/\/schema.org\",\"@graph\":[{\"@type\":\"Organization\",\"@id\":\"https:\/\/www.zoom--in.it\/#organization\",\"name\":\"ZoomIN Magazine\",\"url\":\"https:\/\/www.zoom--in.it\/\",\"sameAs\":[],\"logo\":{\"@type\":\"ImageObject\",\"inLanguage\":\"it-IT\",\"@id\":\"https:\/\/www.zoom--in.it\/#\/schema\/logo\/image\/\",\"url\":\"https:\/\/i0.wp.com\/www.zoom--in.it\/wp-content\/uploads\/2018\/11\/cropped-final.png?fit=568%2C237&ssl=1\",\"contentUrl\":\"https:\/\/i0.wp.com\/www.zoom--in.it\/wp-content\/uploads\/2018\/11\/cropped-final.png?fit=568%2C237&ssl=1\",\"width\":568,\"height\":237,\"caption\":\"ZoomIN Magazine\"},\"image\":{\"@id\":\"https:\/\/www.zoom--in.it\/#\/schema\/logo\/image\/\"}},{\"@type\":\"WebSite\",\"@id\":\"https:\/\/www.zoom--in.it\/#website\",\"url\":\"https:\/\/www.zoom--in.it\/\",\"name\":\"ZoomIN Magazine\",\"description\":\"Magazine Online libero e senza pubblicit\u00e0, pieno di rubriche e curiosit\u00e0\",\"publisher\":{\"@id\":\"https:\/\/www.zoom--in.it\/#organization\"},\"potentialAction\":[{\"@type\":\"SearchAction\",\"target\":{\"@type\":\"EntryPoint\",\"urlTemplate\":\"https:\/\/www.zoom--in.it\/?s={search_term_string}\"},\"query-input\":\"required name=search_term_string\"}],\"inLanguage\":\"it-IT\"},{\"@type\":\"WebPage\",\"@id\":\"https:\/\/www.zoom--in.it\/index.php\/stato\/\",\"url\":\"https:\/\/www.zoom--in.it\/index.php\/stato\/\",\"name\":\"Stato - ZoomIN Magazine\",\"isPartOf\":{\"@id\":\"https:\/\/www.zoom--in.it\/#website\"},\"datePublished\":\"2018-11-29T11:06:00+00:00\",\"dateModified\":\"2018-11-29T11:07:24+00:00\",\"breadcrumb\":{\"@id\":\"https:\/\/www.zoom--in.it\/index.php\/stato\/#breadcrumb\"},\"inLanguage\":\"it-IT\",\"potentialAction\":[{\"@type\":\"ReadAction\",\"target\":[\"https:\/\/www.zoom--in.it\/index.php\/stato\/\"]}]},{\"@type\":\"BreadcrumbList\",\"@id\":\"https:\/\/www.zoom--in.it\/index.php\/stato\/#breadcrumb\",\"itemListElement\":[{\"@type\":\"ListItem\",\"position\":1,\"name\":\"Home\",\"item\":\"https:\/\/www.zoom--in.it\/\"},{\"@type\":\"ListItem\",\"position\":2,\"name\":\"Stato\"}]}]}<\/script>\n<!-- \/ Yoast SEO plugin. -->","yoast_head_json":{"title":"Stato - ZoomIN Magazine","robots":{"index":"index","follow":"follow","max-snippet":"max-snippet:-1","max-image-preview":"max-image-preview:large","max-video-preview":"max-video-preview:-1"},"canonical":"https:\/\/www.zoom--in.it\/index.php\/stato\/","og_locale":"it_IT","og_type":"article","og_title":"Stato - ZoomIN Magazine","og_description":"Stato","og_url":"https:\/\/www.zoom--in.it\/index.php\/stato\/","og_site_name":"ZoomIN Magazine","article_modified_time":"2018-11-29T11:07:24+00:00","og_image":[{"url":"https:\/\/www.zoom--in.it\/wp-content\/uploads\/elementor\/thumbs\/2-nzn71hppgohha5wbu2fdkxd2t071zmql1tt07fu2vy.png"}],"twitter_card":"summary_large_image","schema":{"@context":"https:\/\/schema.org","@graph":[{"@type":"Organization","@id":"https:\/\/www.zoom--in.it\/#organization","name":"ZoomIN Magazine","url":"https:\/\/www.zoom--in.it\/","sameAs":[],"logo":{"@type":"ImageObject","inLanguage":"it-IT","@id":"https:\/\/www.zoom--in.it\/#\/schema\/logo\/image\/","url":"https:\/\/i0.wp.com\/www.zoom--in.it\/wp-content\/uploads\/2018\/11\/cropped-final.png?fit=568%2C237&ssl=1","contentUrl":"https:\/\/i0.wp.com\/www.zoom--in.it\/wp-content\/uploads\/2018\/11\/cropped-final.png?fit=568%2C237&ssl=1","width":568,"height":237,"caption":"ZoomIN Magazine"},"image":{"@id":"https:\/\/www.zoom--in.it\/#\/schema\/logo\/image\/"}},{"@type":"WebSite","@id":"https:\/\/www.zoom--in.it\/#website","url":"https:\/\/www.zoom--in.it\/","name":"ZoomIN Magazine","description":"Magazine Online libero e senza pubblicit\u00e0, pieno di rubriche e curiosit\u00e0","publisher":{"@id":"https:\/\/www.zoom--in.it\/#organization"},"potentialAction":[{"@type":"SearchAction","target":{"@type":"EntryPoint","urlTemplate":"https:\/\/www.zoom--in.it\/?s={search_term_string}"},"query-input":"required name=search_term_string"}],"inLanguage":"it-IT"},{"@type":"WebPage","@id":"https:\/\/www.zoom--in.it\/index.php\/stato\/","url":"https:\/\/www.zoom--in.it\/index.php\/stato\/","name":"Stato - ZoomIN Magazine","isPartOf":{"@id":"https:\/\/www.zoom--in.it\/#website"},"datePublished":"2018-11-29T11:06:00+00:00","dateModified":"2018-11-29T11:07:24+00:00","breadcrumb":{"@id":"https:\/\/www.zoom--in.it\/index.php\/stato\/#breadcrumb"},"inLanguage":"it-IT","potentialAction":[{"@type":"ReadAction","target":["https:\/\/www.zoom--in.it\/index.php\/stato\/"]}]},{"@type":"BreadcrumbList","@id":"https:\/\/www.zoom--in.it\/index.php\/stato\/#breadcrumb","itemListElement":[{"@type":"ListItem","position":1,"name":"Home","item":"https:\/\/www.zoom--in.it\/"},{"@type":"ListItem","position":2,"name":"Stato"}]}]}},"jetpack_sharing_enabled":true,"jetpack_shortlink":"https:\/\/wp.me\/P9Zlh8-sS","_links":{"self":[{"href":"https:\/\/www.zoom--in.it\/index.php\/wp-json\/wp\/v2\/pages\/1790"}],"collection":[{"href":"https:\/\/www.zoom--in.it\/index.php\/wp-json\/wp\/v2\/pages"}],"about":[{"href":"https:\/\/www.zoom--in.it\/index.php\/wp-json\/wp\/v2\/types\/page"}],"author":[{"embeddable":true,"href":"https:\/\/www.zoom--in.it\/index.php\/wp-json\/wp\/v2\/users\/1"}],"replies":[{"embeddable":true,"href":"https:\/\/www.zoom--in.it\/index.php\/wp-json\/wp\/v2\/comments?post=1790"}],"version-history":[{"count":3,"href":"https:\/\/www.zoom--in.it\/index.php\/wp-json\/wp\/v2\/pages\/1790\/revisions"}],"predecessor-version":[{"id":1794,"href":"https:\/\/www.zoom--in.it\/index.php\/wp-json\/wp\/v2\/pages\/1790\/revisions\/1794"}],"wp:attachment":[{"href":"https:\/\/www.zoom--in.it\/index.php\/wp-json\/wp\/v2\/media?parent=1790"}],"curies":[{"name":"wp","href":"https:\/\/api.w.org\/{rel}","templated":true}]}}